{"id":27310,"date":"2018-03-07T13:54:33","date_gmt":"2018-03-07T19:54:33","guid":{"rendered":"http:\/\/nofm-radio.com\/?p=27310"},"modified":"2018-03-07T13:54:33","modified_gmt":"2018-03-07T19:54:33","slug":"quien-era-el-mejor-amigo-de-kubrick","status":"publish","type":"archivo","link":"https:\/\/nofm-radio.com\/?archivo=quien-era-el-mejor-amigo-de-kubrick","title":{"rendered":"Amistades como \u00e9stas. \u00bfQui\u00e9n era la persona m\u00e1s importante para Stanley Kubrick?"},"content":{"rendered":"<p>Un d\u00eda como hoy, pero de 1999 el gran <strong>Stanley Kubrick<\/strong> dej\u00f3 el plano terrenal. Ese d\u00eda tambi\u00e9n termin\u00f3 una de las relaciones m\u00e1s importantes para el cineasta, al grado que sus allegados afirman que, de no haber tenido esa relaci\u00f3n, Kubrick no hubiera sido el mismo. Ese especial lazo es el que compartieron el director de cine y <strong>Emilio D&#8217;Alessandro<\/strong>, su chofer (entre tantas otras cosas m\u00e1s). Guionistas, colaboradores e incluso familiares han atestiguado la cercan\u00eda entre Kubrick y Emilio, y definen al chofer como el intermediario del director con la vida cotidiana.<br \/>\n<strong>Emilio D&#8217;Alessandro<\/strong> fue toda su vida un amante de los autos, lleg\u00f3 a competir con quienes ser\u00edan despu\u00e9s leyendas de la <strong>F\u00f3rmula 1<\/strong>. Y ese fue en un inicio lo que uni\u00f3 a Emilio con Kubrick. \u00c9ste se hab\u00eda declarado gran admirador de los autos <strong>Mercedes Benz<\/strong>, de los que tuvo varios modelos a lo largo de su vida, incluido un famoso cami\u00f3n <strong>Unimog<\/strong> presnete en todas las producciones de Kubrick y que s\u00f3lo Emilio ten\u00eda permititdo conducir.<br \/>\n<a class=\"no-eff img-link lightbox\" href=\"http:\/\/nofm-radio.com\/wp-content\/uploads\/2018\/03\/Stanley2.png\"><img loading=\"lazy\" decoding=\"async\" class=\"size-full wp-image-27311 aligncenter\" src=\"http:\/\/nofm-radio.com\/wp-content\/uploads\/2018\/03\/Stanley2.png\" alt=\"\" width=\"727\" height=\"413\" \/><\/a><br \/>\nCon el paso de los a\u00f1os, la relaci\u00f3n entre el director y Emilio se extendi\u00f3 a muchos aspectos de la vida del cineasta: Emilio buscaba locaciones, se encargaba de los props, opinaba sobre los actores, trataba con la familia, atend\u00eda a las mascotas y b\u00e1sicamente realizaba cualquier mandado que a <strong>Kubrick<\/strong> se le ocurriera. Todo ello era solicitado a Emilio por medio de unas notas mecanografiadas o a mano que el cinesta firmaba con una<strong> S,<\/strong> que a veces acompa\u00f1aba con la instrucci\u00f3n final &#8220;tira esta nota&#8221;.<br \/>\nEl v\u00edculo entre D&#8217;Alessandro con su jefe sali\u00f3 a la luz en el libro <em><strong>Stanley Kubrick and Me<\/strong><\/em>, las memorias del empleado. Y en 2015, el documentalista italiano <strong>Alex Infascelli<\/strong> lanz\u00f3 <em><strong>S is for Stanley<\/strong><\/em>, una larga entrevista con el ahora retirado Emilio D&#8217;Alessandro, que recupera algunas de sus grandes an\u00e9cdotas con Kubrick. Les dejamos el tr\u00e1iler del documental para recordar a uno de los m\u00e1s grandes del cine, pero tambi\u00e9n a esos seres an\u00ednimos que ayudan a que los grandes sean grandes.<br \/>\n<iframe loading=\"lazy\" src=\"https:\/\/www.youtube.com\/embed\/Hz6VD9GVUy8\" width=\"560\" height=\"315\" frameborder=\"0\" allowfullscreen=\"allowfullscreen\"><\/iframe><\/p>\n","protected":false},"template":"","meta":{"_id_youtube":"","_id_vimeo":"","_podcasts_duration":"","_podcasts_url":"","_podcasts_show":"","_prog_horario_dias":"","_prog_hora":"","_prog_duration":""},"class_list":["post-27310","archivo","type-archivo","status-publish","hentry"],"_links":{"self":[{"href":"https:\/\/nofm-radio.com\/index.php?rest_route=\/wp\/v2\/archivo\/27310","targetHints":{"allow":["GET"]}}],"collection":[{"href":"https:\/\/nofm-radio.com\/index.php?rest_route=\/wp\/v2\/archivo"}],"about":[{"href":"https:\/\/nofm-radio.com\/index.php?rest_route=\/wp\/v2\/types\/archivo"}],"wp:attachment":[{"href":"https:\/\/nofm-radio.com\/index.php?rest_route=%2Fwp%2Fv2%2Fmedia&parent=27310"}],"curies":[{"name":"wp","href":"https:\/\/api.w.org\/{rel}","templated":true}]}}