{"id":27376,"date":"2018-03-09T17:16:38","date_gmt":"2018-03-09T23:16:38","guid":{"rendered":"http:\/\/nofm-radio.com\/?p=27376"},"modified":"2018-03-09T17:16:38","modified_gmt":"2018-03-09T23:16:38","slug":"kobosil-regresa-a-mexico","status":"publish","type":"archivo","link":"https:\/\/nofm-radio.com\/?archivo=kobosil-regresa-a-mexico","title":{"rendered":"Kobosil regresa a M\u00e9xico"},"content":{"rendered":"<p>\u00bfTienes plan para este viernes? Nuestros amigos de <strong>Rockets<\/strong> y <strong>DreamBeat<\/strong> tienen preparada una sesi\u00f3n inaugural del fin de semana con <strong>Max Kobosil<\/strong>, figura ya legendaria del <strong>Berghain<\/strong>, la meca del techno.<br \/>\nA sus 17 a\u00f1os Kobosil ya mezclaba techno y house y cuando a los 18 a\u00f1os por fin pudo visitar el club -tras tres horas de hacer fila- descubri\u00f3 que su destino era ser parte de ese mundo como un residente del lugar y no \u00fanicamente como un asistente regular.<br \/>\n\u201cCon el tiempo me reun\u00ed con nd_baumecker y algunos otros miembros del personal y, a pesar de la brecha de edad, est\u00e1bamos en la misma longitud de onda de inmediato.\u201d Esta comprensi\u00f3n mutua le permiti\u00f3 colarse de inmediato al roster de <strong>Ostgut Ton<\/strong>; y as\u00ed, llegaron los primeros lanzamientos: en 2013 un remix de Kobosil a \u201cSilo\u201d de <strong>Barker &amp; Baumecker<\/strong> se public\u00f3 en el sello, ese mismo a\u00f1o el dj y productor debut\u00f3 su primer 12\u201d en su propio sello RK y un EP debut en el subsello de Ostgut: <em><strong>Underton<\/strong><\/em>.<br \/>\nCon estos lanzamientos y a pasos agigantados, Kobosil ciment\u00f3 una s\u00f3lida reputaci\u00f3n como un nuevo referente del techno, tanto dentro como fuera de <strong>Berl\u00edn<\/strong>,gracias a su sonido en el que se fusionan lo sutil y atmosf\u00e9rico con lo m\u00e1s din\u00e1mico del <strong><em>techno<\/em><\/strong> contempor\u00e1neo; y como DJ la situaci\u00f3n no es diferente: este joven de 24 a\u00f1os demostr\u00f3 ser un DJ poderoso y vers\u00e1til desde su debut en en agosto de 2013, uno capaz de combinar h\u00e1bilmente nuevos hitos de Techno con cl\u00e1sicos del g\u00e9nero, algunas pistas \u00e1cidas, indie e industriales.<br \/>\nNo te pierdas su potente presentaci\u00f3n este viernes 9 de marzo en <strong>Bajo Circuito<\/strong>, donde compartir\u00e1 escenario con Zombies in Miami (live) y Fig &amp; Bad Name Roy.<br \/>\nPor ac\u00e1 te dejamos un set que te animar\u00e1 a calentar motores para esta noche:<br \/>\n<iframe loading=\"lazy\" src=\"https:\/\/www.youtube.com\/embed\/E4lxtEzoQ3c\" width=\"560\" height=\"315\" frameborder=\"0\" allowfullscreen=\"allowfullscreen\"><\/iframe><\/p>\n","protected":false},"template":"","meta":{"_id_youtube":"","_id_vimeo":"","_podcasts_duration":"","_podcasts_url":"","_podcasts_show":"","_prog_horario_dias":"","_prog_hora":"","_prog_duration":""},"class_list":["post-27376","archivo","type-archivo","status-publish","hentry"],"_links":{"self":[{"href":"https:\/\/nofm-radio.com\/index.php?rest_route=\/wp\/v2\/archivo\/27376","targetHints":{"allow":["GET"]}}],"collection":[{"href":"https:\/\/nofm-radio.com\/index.php?rest_route=\/wp\/v2\/archivo"}],"about":[{"href":"https:\/\/nofm-radio.com\/index.php?rest_route=\/wp\/v2\/types\/archivo"}],"wp:attachment":[{"href":"https:\/\/nofm-radio.com\/index.php?rest_route=%2Fwp%2Fv2%2Fmedia&parent=27376"}],"curies":[{"name":"wp","href":"https:\/\/api.w.org\/{rel}","templated":true}]}}