{"id":27676,"date":"2018-04-10T13:30:15","date_gmt":"2018-04-10T18:30:15","guid":{"rendered":"http:\/\/nofm-radio.com\/?p=27676"},"modified":"2018-04-10T13:30:15","modified_gmt":"2018-04-10T18:30:15","slug":"10-casi-11-historias-cortas-acerca-de-ceremonia-2018","status":"publish","type":"archivo","link":"https:\/\/nofm-radio.com\/?archivo=10-casi-11-historias-cortas-acerca-de-ceremonia-2018","title":{"rendered":"10 (casi 11) historias cortas acerca de Ceremonia 2018"},"content":{"rendered":"<p>por <strong>Israel Pompa-Alcal\u00e1<\/strong><br \/>\n<a href=\"https:\/\/twitter.com\/thesmallestboy\" rel=\"noopener noreferrer\" target=\"_blank\">@thesmallestboy <\/a><br \/>\nFotograf\u00edas de <strong>Manuel Castillo<\/strong><br \/>\n<a href=\"https:\/\/twitter.com\/MrCastleManu\" rel=\"noopener noreferrer\" target=\"_blank\">@MrCastleManu<\/a><br \/>\n<strong>\u00bfQu\u00e9 cosa es lo m\u00e1s importante en un festival?<\/strong> Ok s\u00ed, la infraestructura, la log\u00edstica, la producci\u00f3n y la curadur\u00eda de artistas. Pero no nos hagamos: <strong>un festival se define por su p\u00fablico<\/strong>. La gente que va (y la que no) es quien le da rostro y alma. Por eso, esta vez, en lugar de hacer sesudos (ja) comentarios u opiniones respecto a <strong>Ceremonia<\/strong>, vamos a dejar que la gente hable de los actos y la experiencia que vivi\u00f3 en el <strong>festival Ceremonia<\/strong>. Su festival.<br \/>\n<a href=\"http:\/\/nofm-radio.com\/wp-content\/uploads\/2018\/04\/LRM_EXPORT_20180409_225251.jpg\" class=\"no-eff img-link lightbox\" ><img loading=\"lazy\" decoding=\"async\" src=\"http:\/\/nofm-radio.com\/wp-content\/uploads\/2018\/04\/LRM_EXPORT_20180409_225251.jpg\" alt=\"\" width=\"5184\" height=\"3456\" class=\"alignnone size-full wp-image-27692\" \/><\/a><br \/>\n<strong>Susana, 22 a\u00f1os \u2013 Girl Ultra <\/strong><br \/>\n<em>Ay, pues qu\u00e9 te digo. Me late mucho su onda en grabaciones, de que s\u00ed me siento bien chida, pero en vivo siento que estuvo raro, \u00bfno? Como de huevita. No s\u00e9, igual andaba de que toda nerviosa, y pues chance estuvo muy temprano, pero eso, \u00bfsabes? Como que no.<br \/>\n\u00bfQu\u00e9 espero de lo que sigue? Pues que me truene el ajito y se ponga chido jaja. <\/em><br \/>\n<a href=\"http:\/\/nofm-radio.com\/wp-content\/uploads\/2018\/04\/LRM_EXPORT_20180409_225239.jpg\" class=\"no-eff img-link lightbox\" ><img loading=\"lazy\" decoding=\"async\" src=\"http:\/\/nofm-radio.com\/wp-content\/uploads\/2018\/04\/LRM_EXPORT_20180409_225239.jpg\" alt=\"\" width=\"4508\" height=\"3006\" class=\"alignnone size-full wp-image-27681\" \/><\/a><br \/>\n<strong>Alberto, 28 a\u00f1os \u2013 Zona de comida<\/strong><br \/>\n<em>G\u00fcey, todo est\u00e1 bien puto caro. No voy a pagar 150 varos por una pinche hamburguesa. Bueno, ya pagu\u00e9 100 por esta pinche salchicha, todo pendejo, ja. Ya ven\u00eda medio pedo en el camino, pero el sol me apendej\u00f3, tons tuve que tragar. Seguro la chela ac\u00e1 sale bien puta cara. Me caga que siempre es puta cara y tibia. Adem\u00e1s no me meto nada, g\u00fcey, me cagan las tachitas y esas pendejadas. Ni la mota me entra, entonces no s\u00e9 ni c\u00f3mo voy a hacer para ponerme pendejo, pero ya se ver\u00e1.<br \/>\nLa neta ni iba a venir, pero <strong>Beck<\/strong> s\u00ed me late. Y pus ya, a ver qu\u00e9 m\u00e1s conozco o qu\u00e9 veo por ah\u00ed. Igual mis compas me llevan a conocer cosas raras. Total, ya andamos aqu\u00ed, \u00bfno?<\/em><br \/>\n<a href=\"http:\/\/nofm-radio.com\/wp-content\/uploads\/2018\/04\/LRM_EXPORT_20180409_230944.jpg\" class=\"no-eff img-link lightbox\" ><img loading=\"lazy\" decoding=\"async\" src=\"http:\/\/nofm-radio.com\/wp-content\/uploads\/2018\/04\/LRM_EXPORT_20180409_230944.jpg\" alt=\"\" width=\"4512\" height=\"3008\" class=\"alignnone size-full wp-image-27682\" \/><\/a><br \/>\n<strong>Gast\u00f3n, 30 a\u00f1os \u2013 Cuco <\/strong><br \/>\n<em>\u00bfQu\u00e9 piensas de la nueva sensaci\u00f3n de los chavos?<br \/>\nAh, ya. Pues yo s\u00ed le he entrado y no s\u00e9. O sea, como que est\u00e1n chidos, pero&#8230; al Sabino le maman, pero neta yo no s\u00e9, we. Ahorita los vemos, igual y s\u00ed se rifan, we. S\u00ed, s\u00ed, ahorita te veo por aqu\u00ed, nom\u00e1s que voy al ba\u00f1o. Wey, me dieron VIP. \u00a1Baaaaaa\u00f1os limpiooooooos! <\/em><br \/>\n<a href=\"http:\/\/nofm-radio.com\/wp-content\/uploads\/2018\/04\/LRM_EXPORT_20180409_230728.jpg\" class=\"no-eff img-link lightbox\" ><img loading=\"lazy\" decoding=\"async\" src=\"http:\/\/nofm-radio.com\/wp-content\/uploads\/2018\/04\/LRM_EXPORT_20180409_230728.jpg\" alt=\"\" width=\"5184\" height=\"3456\" class=\"alignnone size-full wp-image-27683\" \/><\/a><br \/>\n<strong>Karina, 29 a\u00f1os \u2013 A. Chal<\/strong><br \/>\n<em>Uy no, manito, que le falla su <strong>DJ<\/strong>. Y su guitarrista estaba bien raro, todo metalero ah\u00ed, como que ni iba con su m\u00fasica de as\u00ed, de lo que viene siendo la juventud, \u00bfverdad? Adem\u00e1s parec\u00eda que le iba a poner play a su pista a cada rato el pobrecito. La verdad nada m\u00e1s me qued\u00e9 a su show de inventada porque quer\u00eda ver a <strong>Bomba Est\u00e9reo<\/strong>. Vi a muchos morritos emocionados, pero pues yo no te lo manejo, \u00bfverdad? Ora s\u00ed que perd\u00f3n por mi vejez, una ya es se\u00f1ora de esas que baila sus cumbias y no su trapeo indecente. \u00bfViste que hasta se baj\u00f3 con el p\u00fablico y le fum\u00f3 al gallo de alguien? Ay no, qu\u00e9 juventud. <\/em><br \/>\n<a href=\"http:\/\/nofm-radio.com\/wp-content\/uploads\/2018\/04\/LRM_EXPORT_20180409_230122.jpg\" class=\"no-eff img-link lightbox\" ><img loading=\"lazy\" decoding=\"async\" src=\"http:\/\/nofm-radio.com\/wp-content\/uploads\/2018\/04\/LRM_EXPORT_20180409_230122.jpg\" alt=\"\" width=\"4823\" height=\"3215\" class=\"alignnone size-full wp-image-27684\" \/><\/a><br \/>\n<strong>Diana, 17 a\u00f1os \u2013 Bomba Est\u00e9reo<\/strong><br \/>\n<em>Ay, \u00a1lo m\u00e1s bonito de mi vida!<br \/>\nS\u00ed, vine con mis t\u00edas, que son ellas jaja. Me gusta mucho Bomba, pero no, no, no, verlos en vivo fue oooooootra cosaaaaa. Ay, s\u00ed, la cantante&#8230; \u00bfc\u00f3mo se llama? Elisa, \u00bfno? Bueno, ella, estaba toda hermosa y sonre\u00eda mucho y como que te contagiaba eso, de que mucha felicidad.<br \/>\nAhorita no s\u00e9 a d\u00f3nde vamos, pero yo ya estoy muy feliz. S\u00ed, muy muy feliz. <\/em><br \/>\n<a href=\"http:\/\/nofm-radio.com\/wp-content\/uploads\/2018\/04\/LRM_EXPORT_20180409_230642.jpg\" class=\"no-eff img-link lightbox\" ><img loading=\"lazy\" decoding=\"async\" src=\"http:\/\/nofm-radio.com\/wp-content\/uploads\/2018\/04\/LRM_EXPORT_20180409_230642.jpg\" alt=\"\" width=\"5184\" height=\"3456\" class=\"alignnone size-full wp-image-27685\" \/><\/a><br \/>\n<strong>Julio, 40 a\u00f1os \u2013 King Krule <\/strong><br \/>\n<em>Rabioso. Mucha furia y maestr\u00eda. Esa delgada l\u00ednea entre lo desafinado\/nervioso y lo brutal\/enojado, pero al final, <strong>arte en pleno<\/strong>. Si alguien vuelve a decir que los milenials no hacen o sirven para nada, mu\u00e9strele a este pelirrojo encima de un escenario para que se calle. <\/em><br \/>\n<a href=\"http:\/\/nofm-radio.com\/wp-content\/uploads\/2018\/04\/LRM_EXPORT_20180409_225152.jpg\" class=\"no-eff img-link lightbox\" ><img loading=\"lazy\" decoding=\"async\" src=\"http:\/\/nofm-radio.com\/wp-content\/uploads\/2018\/04\/LRM_EXPORT_20180409_225152.jpg\" alt=\"\" width=\"3456\" height=\"5184\" class=\"alignnone size-full wp-image-27686\" \/><\/a><br \/>\n<strong>Carolina, 25 a\u00f1os \u2013 St. Vincent <\/strong><br \/>\n<em>No fue un show, fue un statement. \u00bfViste c\u00f3mo le tap\u00f3 la cara a los m\u00fasicos hombres? Ah\u00ed hay un mensaje. Es muy poderosa. Ella y <strong>Toko Yasuda<\/strong>, la bajista y tecladista y corista, son unas genias. Todo lo visual, las coreograf\u00edas, hasta el color de las guitarras est\u00e1 planeado. Es una artista meticulosa e inteligente. \u00bfC\u00f3mo hace alguien para hacerte gozar, sentir cosas y pensar al mismo tiempo? Es una belleza. <\/em><br \/>\n<a href=\"http:\/\/nofm-radio.com\/wp-content\/uploads\/2018\/04\/LRM_EXPORT_20180409_230230.jpg\" class=\"no-eff img-link lightbox\" ><img loading=\"lazy\" decoding=\"async\" src=\"http:\/\/nofm-radio.com\/wp-content\/uploads\/2018\/04\/LRM_EXPORT_20180409_230230.jpg\" alt=\"\" width=\"5184\" height=\"3456\" class=\"alignnone size-full wp-image-27687\" \/><\/a><br \/>\n<strong>Jimena y \u2018Capi\u2019, 21 y 23 a\u00f1os \u2013 Arca <\/strong><br \/>\n<em>J \u2013 Wey, me vol\u00f3 el pinche cerebro.<br \/>\nC \u2013 Wey, a m\u00ed me vol\u00f3 el culo.<br \/>\nJ \u2013 Neta no hay manera, se la mam\u00f3.<br \/>\nC \u2013 Ay, s\u00ed, estuvo muy fuerte, de que no te esperabas nada y te met\u00eda como una chinga visual y musical y as\u00ed.<br \/>\nJ \u2013 Yo creo que ya no tengo fuerzas para ver lo que sigue, como que me chup\u00f3 el alma este cabr\u00f3n.<br \/>\nC \u2013 Ay, qu\u00e9 exageraaaadaaaaa. Pero bueno, igual y s\u00ed, \u00bfeh? <\/em><br \/>\n<a href=\"http:\/\/nofm-radio.com\/wp-content\/uploads\/2018\/04\/LRM_EXPORT_20180409_230710.jpg\" class=\"no-eff img-link lightbox\" ><img loading=\"lazy\" decoding=\"async\" src=\"http:\/\/nofm-radio.com\/wp-content\/uploads\/2018\/04\/LRM_EXPORT_20180409_230710.jpg\" alt=\"\" width=\"2814\" height=\"4220\" class=\"alignnone size-full wp-image-27688\" \/><\/a><br \/>\n<strong>Ra\u00fal, 38 a\u00f1os \u2013 Beck <\/strong><br \/>\n<em>Es un maestro, cabr\u00f3n. \u00bfViste? No mames, abrir con <strong>Loser<\/strong> s\u00f3lo un pinche campe\u00f3n de esos que ya no hacen. Luego te la deja ir con <strong>Devil\u2019s Haircut<\/strong>. Pinche rifado sin miedo. Vino a demostrar su cabronez, a sacarse el chorizo en pleno <strong>Toluca<\/strong>. Poeta, cabr\u00f3n, poeta. Como que luego lo ninguneamos porque se ha echado unos discos medio culeros, pero pues este pinche g\u00fcero fund\u00f3 un g\u00e9nero, cabr\u00f3n. \u00a1Ah, no mames, esa es <strong>Sex Laws<\/strong>! D\u00e9jame gozar esta y ahorita le seguimoooooossss. <\/em><br \/>\n<a href=\"http:\/\/nofm-radio.com\/wp-content\/uploads\/2018\/04\/LRM_EXPORT_20180409_225312.jpg\" class=\"no-eff img-link lightbox\" ><img loading=\"lazy\" decoding=\"async\" src=\"http:\/\/nofm-radio.com\/wp-content\/uploads\/2018\/04\/LRM_EXPORT_20180409_225312.jpg\" alt=\"\" width=\"4823\" height=\"3215\" class=\"alignnone size-full wp-image-27689\" \/><\/a><br \/>\n<strong>Vanesa y Elena, 24 a\u00f1os \u2013 Carpa Traici\u00f3n <\/strong><br \/>\n<em>E \u2013 Ay, se puso bie\u00f1 bo\u00f1ito, de que mucho perreito sabroso.<br \/>\nV \u2013 Adem\u00e1s a m\u00ed me revent\u00f3 el cuadrito adentro, y pues as\u00ed, as\u00ed, as\u00ed (hace movimientos de baile).<br \/>\nE \u2013 Me gusta que es como la carpa m\u00e1s agresiva, el escenario m\u00e1s&#8230; no s\u00e9&#8230;<br \/>\nV &#8211; \u00bfEscandaloso?<br \/>\nE \u2013 Ay s\u00ed, como as\u00ed, pero no s\u00e9 si sea la palabra. Pero me entiendes, \u00bfno? Como m\u00e1s fuerte y bonito. Hasta hubo performance y pusieron una como cadenita, as\u00ed de que bien antro, para darle como&#8230;<br \/>\nV \u2013 Ah, claro, como una simulaci\u00f3n<br \/>\nE \u2013 Ay, ch\u00ed beb\u00e9, as\u00ed. Me la pas\u00e9 bien rico.<br \/>\nV \u2013 Yo tambi\u00e9\u00f1.<\/em><br \/>\n<a href=\"http:\/\/nofm-radio.com\/wp-content\/uploads\/2018\/04\/LRM_EXPORT_20180409_225133.jpg\" class=\"no-eff img-link lightbox\" ><img loading=\"lazy\" decoding=\"async\" src=\"http:\/\/nofm-radio.com\/wp-content\/uploads\/2018\/04\/LRM_EXPORT_20180409_225133.jpg\" alt=\"\" width=\"4870\" height=\"3247\" class=\"alignnone size-full wp-image-27690\" \/><\/a><br \/>\n<strong>I\u00f1aki, 27 a\u00f1os \u2013 Soulwax<\/strong><br \/>\n<em>Muy impresionante, bro. Muy, muy, muy cabr\u00f3n. Las bater\u00edas y el show de luces. Estaba s\u00faper rico, \u00bfno? Me puse a bailar todo lo que no logr\u00e9 en el d\u00eda. Estaba muy chido el viajecito y la vibra que tra\u00edan, pero mi amiga se puso muy mal ya, m\u00edrala. Hay que llev\u00e1rnosla de una vez a casa, para que llegue chido. As\u00ed hay que cuidarse entre todos, bro.<br \/>\nAh, \u00bfla podemos llevar ah\u00ed a esa como cruz roja? No, pero mejor ya nos vamos. Estaba bueno el trip, ac\u00e1 agarrando onda, pero ni modo. Seguro el otro a\u00f1os nos desquitamos. <\/em><br \/>\n<a href=\"http:\/\/nofm-radio.com\/wp-content\/uploads\/2018\/04\/LRM_EXPORT_20180409_225113.jpg\" class=\"no-eff img-link lightbox\" ><img loading=\"lazy\" decoding=\"async\" src=\"http:\/\/nofm-radio.com\/wp-content\/uploads\/2018\/04\/LRM_EXPORT_20180409_225113.jpg\" alt=\"\" width=\"3942\" height=\"2627\" class=\"alignnone size-full wp-image-27691\" \/><\/a><br \/>\nY as\u00ed empezamos a caminar a la salida. Unos aferrados se quedaron a probar los restos de otras carpas, pero la verdad es que <strong>Soulwax<\/strong> fue el cierre perfecto para un festival que este a\u00f1o fue tal vez m\u00e1s discreto, pero no por eso menos efectivo: <strong>Ceremonia<\/strong> se ha convertido en una escala obligada dentro del calendario musical. As\u00ed que en par\u00e1frasis al buen <strong>I\u00f1aki<\/strong> (ojal\u00e1 tu amiga est\u00e9 bien): seguro el otro a\u00f1o nos encontramos.<br \/>\n<a href=\"http:\/\/nofm-radio.com\/wp-content\/uploads\/2018\/04\/LRM_EXPORT_20180409_230800.jpg\" class=\"no-eff img-link lightbox\" ><img loading=\"lazy\" decoding=\"async\" src=\"http:\/\/nofm-radio.com\/wp-content\/uploads\/2018\/04\/LRM_EXPORT_20180409_230800.jpg\" alt=\"\" width=\"5184\" height=\"3456\" class=\"alignnone size-full wp-image-27680\" \/><\/a><\/p>\n","protected":false},"template":"","meta":{"_id_youtube":"","_id_vimeo":"","_podcasts_duration":"","_podcasts_url":"","_podcasts_show":"","_prog_horario_dias":"","_prog_hora":"","_prog_duration":""},"class_list":["post-27676","archivo","type-archivo","status-publish","hentry"],"_links":{"self":[{"href":"https:\/\/nofm-radio.com\/index.php?rest_route=\/wp\/v2\/archivo\/27676","targetHints":{"allow":["GET"]}}],"collection":[{"href":"https:\/\/nofm-radio.com\/index.php?rest_route=\/wp\/v2\/archivo"}],"about":[{"href":"https:\/\/nofm-radio.com\/index.php?rest_route=\/wp\/v2\/types\/archivo"}],"wp:attachment":[{"href":"https:\/\/nofm-radio.com\/index.php?rest_route=%2Fwp%2Fv2%2Fmedia&parent=27676"}],"curies":[{"name":"wp","href":"https:\/\/api.w.org\/{rel}","templated":true}]}}