{"id":27777,"date":"2018-04-18T20:22:16","date_gmt":"2018-04-19T01:22:16","guid":{"rendered":"http:\/\/nofm-radio.com\/?p=27777"},"modified":"2018-04-18T20:22:16","modified_gmt":"2018-04-19T01:22:16","slug":"pecessueltos-presenta-arsenio-rodriguez","status":"publish","type":"archivo","link":"https:\/\/nofm-radio.com\/?archivo=pecessueltos-presenta-arsenio-rodriguez","title":{"rendered":"#PecesSueltos presenta: Arsenio Rodr\u00edguez"},"content":{"rendered":"<p style=\"text-align: right;\"><em>\u201cA Loose-Fish is fair game for anybody who can soonest catch it.\u201d<\/em> Herman Melville, <em>Moby Dick<\/em><\/p>\n<p><em>Si la m\u00fasica se parece al mar, y lo habitamos todos, hay especies raras, que se ven poco y extra\u00f1a vez son capturadas. Aqu\u00ed surcamos las olas para hacerlos m\u00e1s evidentes.<\/em><\/p>\n<p style=\"text-align: center;\"><strong>Arsenio Rodr\u00edguez: el ciego maravilloso<\/strong><\/p>\n<p>por <strong>V\u00edctor Ben\u00edtez<\/strong><br \/>\n<a href=\"https:\/\/twitter.com\/VictorH_Benitez?lang=es\" target=\"_blank\" rel=\"noopener noreferrer\">@VictorH_Benitez<\/a><br \/>\nHa transcurrido tan s\u00f3lo un siglo desde que la m\u00fasica popular se extendi\u00f3 por el globo. Un suspiro apenas en la historia de la m\u00fasica. Con apenas cien a\u00f1os ya nos hemos inventado varias mitolog\u00edas del Pop; de ah\u00ed nuestra obsesi\u00f3n por delimitar los or\u00edgenes y consagrar a los verdaderos precursores de tal o cual g\u00e9nero o corriente. Esta pieza para <strong>#PecesSueltos<\/strong> da cuenta de un raro origen: el g\u00e9nesis de la <strong>Salsa<\/strong>, el m\u00fasico de m\u00fasicos; el despreciado por los reg\u00edmenes corruptos anteriores a la <strong>Revoluci\u00f3n<\/strong>, el censurado por el liberador r\u00e9gimen de <strong>Fidel Castro<\/strong>; piedrita en el zapato de las clases ilustradas por su orgullo de negro irredento o por contaminar la m\u00fasica cubana con el Jazz y el Swing yanquis, el ciego maravilloso: <strong>Arsenio Rodriguez<\/strong>.<br \/>\n<iframe loading=\"lazy\" title=\"Arsenio Rodr\u00edguez -- Yo Nac\u00ed en \u00c1frica\" width=\"640\" height=\"480\" src=\"https:\/\/www.youtube.com\/embed\/8Z1RAdwA8RQ?feature=oembed\" frameborder=\"0\" allow=\"accelerometer; autoplay; clipboard-write; encrypted-media; gyroscope; picture-in-picture; web-share\" referrerpolicy=\"strict-origin-when-cross-origin\" allowfullscreen><\/iframe><br \/>\nArsenio Rodriguez nace en 1911 en <strong>Matanzas, Cuba<\/strong>. Tercer hijo de una familia extensa y paup\u00e9rrima. Se sabe muy poco de la infancia de Arsenio, incluso del evento que define la vida del m\u00fasico, que ocurre cuando \u00e9l ten\u00eda entre 7 y 12 a\u00f1os. Arsenio perdi\u00f3 la visi\u00f3n por completo despu\u00e9s de recibir la patada de una mula en la cabeza. La vida de Arsenio se vuelca completamente a la m\u00fasica y coge el tresillo como instrumento del que ser\u00eda maestro absoluto. La <strong>esclavitud<\/strong> termin\u00f3 oficialmente en 1880 en la isla, apenas 30 a\u00f1os antes del nacimiento de Arsenio. Ya en la oscuridad de la ceguera, Arsenio conoce de primera mano la experiencia vital de los viejos esclavos tra\u00eddos desde \u00c1frica. Su m\u00fasica, su lengua y su tradici\u00f3n oral moldearon la psique y el car\u00e1cter art\u00edstico de Arsenio. Como lo canta en <strong>&#8220;Yo nac\u00ed en \u00c1frica&#8221;<\/strong>: Yo no soy Rodr\u00edguez\/ yo no soy Travieso&#8230;tal vez soy Lumumba \/ Tal vez soy Kasavubu \/ Yo nac\u00ed del \u00c1frica \/ \u00a1S\u00ed! \u00a1\u00c1frica!&#8230;yo soy el Congo \/ T\u00fa eres mi tierra \/ Mi tierra linda.<br \/>\nRodr\u00edguez se inicia en el mundo de los conjuntos tradicionales cubanos en la d\u00e9cada de los 30. Sus primeras grabaciones profesionales llegan hasta la mitad de los a\u00f1os 40 en <strong>La Habana<\/strong>. Arsenio Rodr\u00edguez define sus canciones como <strong>Afrocubanismos<\/strong>; los temas de su identidad africana estaban al centro de su m\u00fasica: se encargaba de denunciar el <strong>racismo<\/strong>, se burlaba de la apropiaci\u00f3n y exotizaci\u00f3n que hac\u00edan los m\u00fasicos blancos de la cultura negra; cantaba en un espa\u00f1ol africanizado (<strong>bozal<\/strong>), incluso en ambientes dominados por blancos. Con todo y el car\u00e1cter subversivo de su m\u00fasica, a Arsenio lo graban en <strong>Estados Unidos<\/strong> y adquiere la notoriedad de compositor y l\u00edder de conjunto central en la m\u00fasica cubana. Aqu\u00ed una interpretaci\u00f3n moderna de la pieza m\u00e1s famosa del Ciego Rodr\u00edguez, <strong>&#8220;Bruca Marigu\u00e1&#8221;<\/strong> por parte de uno de los iniciadores de la salsa: <strong>Ray Barreto<\/strong>.<br \/>\n<iframe loading=\"lazy\" title=\"BRUCA MANIGUA - RAY BARRETTO\" width=\"640\" height=\"480\" src=\"https:\/\/www.youtube.com\/embed\/m8DOjJNCbbA?feature=oembed\" frameborder=\"0\" allow=\"accelerometer; autoplay; clipboard-write; encrypted-media; gyroscope; picture-in-picture; web-share\" referrerpolicy=\"strict-origin-when-cross-origin\" allowfullscreen><\/iframe><br \/>\nLa <strong>Fania Records<\/strong> acu\u00f1\u00f3 el t\u00e9rmino Salsa en los 70 para publicitar la m\u00fasica de <strong>Johny Pacheco, Ray Barreto, Eddie Palmieri<\/strong> y otros notables maestros. No hay ya quien le entre al debate de darle nacionalidad al origen de la Salsa. Puerto Rico, Cuba o Nueva York son los lugares que se asocian a ese origen; sin embargo, la discusi\u00f3n se vuelve intrascendente entra tantas y tan variadas voces. No obstante el car\u00e1cter transnacional de la Salsa, aquellos tres maestros reconocen a Arsenio Rodr\u00edguez como influencia fundamental en su manera de asimilar la <strong>m\u00fasica afro caribe\u00f1a<\/strong> con el jazz y el soul norteamericanos. El music\u00f3logo David Garc\u00eda expone y analiza el influjo que recogen los primeros salseros de la m\u00fasica del ciego maravilloso en su estudio Arsenio Rodr\u00edguez and the transnational flows of latin popular music (2006).<br \/>\nA pesar de la excepcionalidad de Arsenio, su m\u00fasica tuvo un \u00e9xito comercial moderado y nunca fue reconocido o apreciado en toda su dimensi\u00f3n. Su vida en Estados Unidos le permiti\u00f3 seguir grabando con cierta periodicidad entre los a\u00f1os 50 y 60. En esos a\u00f1os en que cierto furor latino influy\u00f3 la m\u00fasica popular gringa y el resto del continente se entregaba a las pasiones del <strong>Mambo<\/strong>, la m\u00fasica de Arsenio se hizo de cada vez m\u00e1s oscura al p\u00fablico general, dej\u00e1ndolo s\u00f3lo como selecci\u00f3n obligada de conocedores y m\u00fasicos allegados al g\u00e9nero. En 1962 Arsenio edita <em><strong>Quindembo<\/strong><strong>\/<\/strong><strong>Afromagic<\/strong><\/em> donde condensa todos los temas y estilos que hab\u00edan habitado en su m\u00fasica desde sus inicios treinta a\u00f1os atr\u00e1s. Si tuviese que elegir una ruta para entrarle a la m\u00fasica de este maestro, elegir\u00eda este elep\u00e9.<br \/>\n<iframe loading=\"lazy\" title=\"Arsenio Rodriguez - Baila Simbale\" width=\"640\" height=\"480\" src=\"https:\/\/www.youtube.com\/embed\/RrQgFCAfzxM?feature=oembed\" frameborder=\"0\" allow=\"accelerometer; autoplay; clipboard-write; encrypted-media; gyroscope; picture-in-picture; web-share\" referrerpolicy=\"strict-origin-when-cross-origin\" allowfullscreen><\/iframe><br \/>\nLa vida de Arsenio se fue deteriorando de a poco por una diabetes llevada en estrecheces econ\u00f3micas y agobiado por la tristeza de no regresar m\u00e1s a Cuba. Muere en 1970 en Los \u00c1ngeles sin aspavientos faranduleros. A dos a\u00f1os de su muerte<strong> La Fania<\/strong> edita un elep\u00e9 homenaje <em><strong>Tribute to Arsenio Rodr\u00edguez<\/strong> <\/em>(1972) con la <strong>Orquesta Harlow<\/strong>. De ah\u00ed, Arsenio Rodr\u00edguez empieza a ser reconocido como precursor de la m\u00fasica latina moderna. Israel L\u00f3pez Cachao le reconoce el m\u00e9rito de haber rescatado la m\u00fasica cubana de convertirse en pieza folclorista de museo y de \u201cllevarla al siglo XXI\u201d. Entre todos los homenajes e interpretaciones, el \u00e1lbum debut de Manuel Guajiro Miraval, <em><strong>Buena Vista Social Club presenta \u2013 Manuel \u2018Guajiro\u2019 Mirabal<\/strong><\/em> (2004) se lleva todos los honores.<br \/>\nLos discos de Arsenio Rodr\u00edguez son disfrutables por lo que entrega la m\u00fasica afrocaribe\u00f1a: gozo, lubricidad y una enorme complejidad r\u00edtmica, pero de igual manera tienen el valor de genuinos documentos hist\u00f3ricos dentro de la<strong> m\u00fasica latinoamericana<\/strong>. En estos a\u00f1os en que el <strong>World Music<\/strong> nos ha entregado varias tomaduras de pelo, insufribles ejercicios superfluos y falsificados que se publicitan como expresiones de absoluta fidelidad \u00e9tnica, entrarle a la m\u00fasica de Arsenio Rodr\u00edguez nos entrega al verdadero filo del <em>real thing<\/em>. Y aqu\u00ed una muestra que nos queda al puro centavo en estos d\u00edas, extra\u00eddo de <strong>&#8220;La Democracia&#8221;<\/strong>: Si ya las cosas han cambiado \/ y hay derechos de igualdad \/ \u00bfpor qu\u00e9 yo soy discriminado? \/ si todo el mundo somos igual \/ \u00bfla democracia d\u00f3nde est\u00e1? \/ nos falta mucho pa&#8217; llegar.<br \/>\n<a class=\"no-eff img-link lightbox\" href=\"http:\/\/nofm-radio.com\/wp-content\/uploads\/2018\/04\/arsenio1-755x490.jpg\"><img loading=\"lazy\" decoding=\"async\" class=\"size-full wp-image-27778 aligncenter\" src=\"http:\/\/nofm-radio.com\/wp-content\/uploads\/2018\/04\/arsenio1-755x490.jpg\" alt=\"\" width=\"755\" height=\"490\" \/><\/a><\/p>\n","protected":false},"template":"","meta":{"_id_youtube":"","_id_vimeo":"","_podcasts_duration":"","_podcasts_url":"","_podcasts_show":"","_prog_horario_dias":"","_prog_hora":"","_prog_duration":""},"class_list":["post-27777","archivo","type-archivo","status-publish","hentry"],"_links":{"self":[{"href":"https:\/\/nofm-radio.com\/index.php?rest_route=\/wp\/v2\/archivo\/27777","targetHints":{"allow":["GET"]}}],"collection":[{"href":"https:\/\/nofm-radio.com\/index.php?rest_route=\/wp\/v2\/archivo"}],"about":[{"href":"https:\/\/nofm-radio.com\/index.php?rest_route=\/wp\/v2\/types\/archivo"}],"wp:attachment":[{"href":"https:\/\/nofm-radio.com\/index.php?rest_route=%2Fwp%2Fv2%2Fmedia&parent=27777"}],"curies":[{"name":"wp","href":"https:\/\/api.w.org\/{rel}","templated":true}]}}