{"id":27792,"date":"2018-04-23T18:36:28","date_gmt":"2018-04-23T23:36:28","guid":{"rendered":"http:\/\/nofm-radio.com\/?p=27792"},"modified":"2018-04-23T18:36:28","modified_gmt":"2018-04-23T23:36:28","slug":"8-tuits-para-tener-claras-cuales-son-las-mentirasdeanaya","status":"publish","type":"archivo","link":"https:\/\/nofm-radio.com\/?archivo=8-tuits-para-tener-claras-cuales-son-las-mentirasdeanaya","title":{"rendered":"8 tuits para tener claras cu\u00e1les son las #MentirasDeAnaya"},"content":{"rendered":"<p>Como ya todos sabemos y era previsible, el <strong>debate presidencial<\/strong> se trat\u00f3 m\u00e1s o menos de un golpeteo a <strong>AMLO<\/strong>. Y por ello nos amanecimos que, en una combinaci\u00f3n de cierta parsimonia del <strong>candidato de Morena<\/strong> y afirmaciones seguras y repetitivas de <strong>Ricardo Anaya<\/strong>, \u00e9ste \u00faltimo era declarado el ganador del debate, o al menos el m\u00e1s beneficiado por la opini\u00f3n p\u00fablica. Pero poco le dur\u00f3 el gusto al se\u00f1or Anaya, pues temprano en la ma\u00f1ana, los periodistas de <strong>#Verificado2018<\/strong> se dieron a la tarea de desmenuzar las frases de los candidatos durante el debate, y result\u00f3 que el candidato del Frente dio datos inexactos, o de menos ama\u00f1ados. La tasa de secuestros cuando AMLO fue <strong>Jefe de Gobierno<\/strong> de la ciudad, la inversi\u00f3n subi\u00f3 o baj\u00f3, la <strong>amnist\u00eda<\/strong> y la liberaci\u00f3n de los delincuentes, son algunos de los temas en que Anaya se fue de bruces.<br \/>\nY para colmo, hoy en la ma\u00f1ana en entrevista, el candidato le pidi\u00f3 a <strong>Daniel Moreno<\/strong>, una de las personas que encabeza #Verificado2018, que hicieran bien su chamba. As\u00ed, r\u00e1pidito y de buen modo. Y cuando el periodista le rebati\u00f3 ciertos dicho del debate, Anaya reaccion\u00f3 as\u00ed:<br \/>\n<iframe loading=\"lazy\" src=\"http:\/\/play.wradio.com.mx\/widget\/audio\/111RD380000000061414\/\" width=\"100%\" height=\"102\" frameborder=\"0\" allowfullscreen=\"allowfullscreen\"><\/iframe><br \/>\nM\u00e1s tarde, la misma p\u00e1gina de <strong>#Verificado2018<\/strong> public\u00f3 que tanto los dichos de Anaya como su verificaci\u00f3n eran correctos, pero respond\u00edan a una metodolog\u00eda distinta. M\u00e1s all\u00e1 de eso, cabe discutir sobre la manera en que un candidato ama\u00f1a cifras (sin citar fuentes) para hacerlas m\u00e1s impactantes, y peor que reaccione de menera tan decsontrolada cuando no le dan la raz\u00f3n de una.<br \/>\nEn fin, mucha tela de d\u00f3nde cortar, y por eso les dejamos <strong>8 tuits para tener claras cu\u00e1les son las #MentirasDeAnaya<\/strong>.<\/p>\n<blockquote class=\"twitter-tweet\" data-lang=\"es\">\n<p dir=\"ltr\" lang=\"es\">En resumen:<br \/>\n1.- Los secuestro bajan con AMLO (141 a 103)<br \/>\n2.- Bajaron m\u00e1s a nivel nacional (591 a 278)<br \/>\n3.- Los secuestros en la CDMX fueron el 23.9% del total nacional en 2000 y el 37.1 en 2005.<br \/>\nSi es correcta la comparaci\u00f3n que hizo Anaya, le toca decidir a los especialistas<\/p>\n<p>\u2014 Daniel Moreno (@dmorenochavez) <a href=\"https:\/\/twitter.com\/dmorenochavez\/status\/988488442303733762?ref_src=twsrc%5Etfw\">23 de abril de 2018<\/a><\/p><\/blockquote>\n<blockquote class=\"twitter-tweet\" data-lang=\"es\">\n<p lang=\"es\" dir=\"ltr\">No s\u00e9 si re\u00edr o llorar cuando en M\u00e9xico hablan as\u00ed, generalmente de la &quot;Amnist\u00eda de Colombia&quot; cuando nosotros si mucho hemos tenido cuasi-amnist\u00edas, \u00a1vieran lo que nos cuesta perdonar!<\/p>\n<p>&mdash; Catalinapordi\u00f3s (@catalinapordios) <a href=\"https:\/\/twitter.com\/catalinapordios\/status\/988510124279988224?ref_src=twsrc%5Etfw\">23 de abril de 2018<\/a><\/p><\/blockquote>\n<p><script async src=\"https:\/\/platform.twitter.com\/widgets.js\" charset=\"utf-8\"><\/script><br \/>\n<script async src=\"https:\/\/platform.twitter.com\/widgets.js\" charset=\"utf-8\"><\/script><\/p>\n<blockquote class=\"twitter-tweet\" data-lang=\"es\">\n<p dir=\"ltr\" lang=\"es\"><a href=\"https:\/\/twitter.com\/VerificadoMX?ref_src=twsrc%5Etfw\">@VerificadoMX<\/a> &#8220;La cifra que lanz\u00f3 Anaya sobre un incremento del 88% en secuestros (en gob <a href=\"https:\/\/twitter.com\/hashtag\/AMLO?src=hash&amp;ref_src=twsrc%5Etfw\">#AMLO<\/a>) es falsa.&#8221; \u00bfalgo que decir los que han tuiteado que Anaya fue el m\u00e1s preparado, con m\u00e1s datos y propuestas? <a href=\"https:\/\/t.co\/i9ezcfah9K\">pic.twitter.com\/i9ezcfah9K<\/a><\/p>\n<p>\u2014 Paulina Arriaga (@arriagap) <a href=\"https:\/\/twitter.com\/arriagap\/status\/988417030050271232?ref_src=twsrc%5Etfw\">23 de abril de 2018<\/a><\/p><\/blockquote>\n<p><script async src=\"https:\/\/platform.twitter.com\/widgets.js\" charset=\"utf-8\"><\/script><\/p>\n<blockquote class=\"twitter-tweet\" data-lang=\"es\">\n<p dir=\"ltr\" lang=\"es\">Ahora si la buena (gracias a <a href=\"https:\/\/twitter.com\/cmoon1984?ref_src=twsrc%5Etfw\">@cmoon1984<\/a>) <a href=\"https:\/\/twitter.com\/hashtag\/Anaya?src=hash&amp;ref_src=twsrc%5Etfw\">#Anaya<\/a> minti\u00f3 en el <a href=\"https:\/\/twitter.com\/hashtag\/DebateINE?src=hash&amp;ref_src=twsrc%5Etfw\">#DebateINE<\/a> sobre que <a href=\"https:\/\/twitter.com\/hashtag\/AMLO?src=hash&amp;ref_src=twsrc%5Etfw\">#AMLO<\/a> espanta la inversi\u00f3n,en su periodo la IED fue m\u00e1s alta que en el de Ebrard y que en el de Mancera hasta el \u00faltimo dato disponible. La fuente:la base de datos de IED de la SE en datos abiertos <a href=\"https:\/\/t.co\/LHUENZdmvb\">pic.twitter.com\/LHUENZdmvb<\/a><\/p>\n<p>\u2014 Diego Casta\u00f1eda (@DiegoCastaneda) <a href=\"https:\/\/twitter.com\/DiegoCastaneda\/status\/988306361174904833?ref_src=twsrc%5Etfw\">23 de abril de 2018<\/a><\/p><\/blockquote>\n<p><script async src=\"https:\/\/platform.twitter.com\/widgets.js\" charset=\"utf-8\"><\/script><\/p>\n<blockquote class=\"twitter-tweet\" data-lang=\"es\">\n<p dir=\"ltr\" lang=\"es\">No ha habido amnist\u00edas en Colombia al narcotr\u00e1fico, diganle a <a href=\"https:\/\/twitter.com\/RicardoAnayaC?ref_src=twsrc%5Etfw\">@RicardoAnayaC<\/a> que deje de mentir:<a href=\"https:\/\/t.co\/0DSnqQ3VQn\">https:\/\/t.co\/0DSnqQ3VQn<\/a><\/p>\n<p><a href=\"https:\/\/t.co\/M81ITuhUyw\">https:\/\/t.co\/M81ITuhUyw<\/a><br \/>\n\u2014 Ra\u00fal Zepeda Gil (@zepecaos) <a href=\"https:\/\/twitter.com\/zepecaos\/status\/988497405472538624?ref_src=twsrc%5Etfw\">23 de abril de 2018<\/a><\/p><\/blockquote>\n<p><script async src=\"https:\/\/platform.twitter.com\/widgets.js\" charset=\"utf-8\"><\/script><\/p>\n<blockquote class=\"twitter-tweet\" data-lang=\"es\">\n<p dir=\"ltr\" lang=\"es\">Me entr\u00f3 la duda con lo de la <a href=\"https:\/\/twitter.com\/hashtag\/amnist%C3%ADa?src=hash&amp;ref_src=twsrc%5Etfw\">#amnist\u00eda<\/a> en <a href=\"https:\/\/twitter.com\/hashtag\/Colombia?src=hash&amp;ref_src=twsrc%5Etfw\">#Colombia<\/a> y sus efectos en <a href=\"https:\/\/twitter.com\/hashtag\/Medell%C3%ADn?src=hash&amp;ref_src=twsrc%5Etfw\">#Medell\u00edn<\/a> y estos son los datos que encontr\u00e9 (claro, hay que revisarlos a fondo pero parece que s\u00ed sirvi\u00f3 para cambiar la tendencia a la alza de la <a href=\"https:\/\/twitter.com\/hashtag\/violencia?src=hash&amp;ref_src=twsrc%5Etfw\">#violencia<\/a>) <a href=\"https:\/\/t.co\/cEAQBvz9JI\">pic.twitter.com\/cEAQBvz9JI<\/a><\/p>\n<p>\u2014 Carlos Galindo (@galindowski) <a href=\"https:\/\/twitter.com\/galindowski\/status\/988517734161047553?ref_src=twsrc%5Etfw\">23 de abril de 2018<\/a><\/p><\/blockquote>\n<p><script async src=\"https:\/\/platform.twitter.com\/widgets.js\" charset=\"utf-8\"><\/script><\/p>\n<blockquote class=\"twitter-tweet\" data-lang=\"es\">\n<p dir=\"ltr\" lang=\"es\">El proceso de amnist\u00eda empieza con una ley de amnist\u00eda para las personas afectadas y capturadas por el narcotr\u00e1fico, es una parte de un proceso de paz integral. <a href=\"https:\/\/twitter.com\/hashtag\/M%C3%A9xicoConAMLO?src=hash&amp;ref_src=twsrc%5Etfw\">#M\u00e9xicoConAMLO<\/a> <a href=\"https:\/\/t.co\/IHDomfRXgF\">pic.twitter.com\/IHDomfRXgF<\/a><\/p>\n<p>\u2014 Tatiana Clouthier (@tatclouthier) <a href=\"https:\/\/twitter.com\/tatclouthier\/status\/988229283561652224?ref_src=twsrc%5Etfw\">23 de abril de 2018<\/a><\/p><\/blockquote>\n<p><script async src=\"https:\/\/platform.twitter.com\/widgets.js\" charset=\"utf-8\"><\/script><\/p>\n<blockquote class=\"twitter-tweet\" data-lang=\"es\">\n<p dir=\"ltr\" lang=\"es\">En el tema de los secuestros, tanto AMLO como Anaya est\u00e1n hablando de la tasa de cambio de un n\u00famero irrelevante. Cuando la cifra negra es superior a 90%, discutir sobre el cambio porcentual de delitos denunciados es como debatir sobre el sexo de los \u00e1ngeles<\/p>\n<p>\u2014 Alejandro Hope (@ahope71) <a href=\"https:\/\/twitter.com\/ahope71\/status\/988534449288687616?ref_src=twsrc%5Etfw\">23 de abril de 2018<\/a><\/p><\/blockquote>\n<p><script async src=\"https:\/\/platform.twitter.com\/widgets.js\" charset=\"utf-8\"><\/script><\/p>\n","protected":false},"template":"","meta":{"_id_youtube":"","_id_vimeo":"","_podcasts_duration":"","_podcasts_url":"","_podcasts_show":"","_prog_horario_dias":"","_prog_hora":"","_prog_duration":""},"class_list":["post-27792","archivo","type-archivo","status-publish","hentry"],"_links":{"self":[{"href":"https:\/\/nofm-radio.com\/index.php?rest_route=\/wp\/v2\/archivo\/27792","targetHints":{"allow":["GET"]}}],"collection":[{"href":"https:\/\/nofm-radio.com\/index.php?rest_route=\/wp\/v2\/archivo"}],"about":[{"href":"https:\/\/nofm-radio.com\/index.php?rest_route=\/wp\/v2\/types\/archivo"}],"wp:attachment":[{"href":"https:\/\/nofm-radio.com\/index.php?rest_route=%2Fwp%2Fv2%2Fmedia&parent=27792"}],"curies":[{"name":"wp","href":"https:\/\/api.w.org\/{rel}","templated":true}]}}