{"id":27817,"date":"2018-04-24T16:22:23","date_gmt":"2018-04-24T21:22:23","guid":{"rendered":"http:\/\/nofm-radio.com\/?p=27817"},"modified":"2018-04-24T16:22:23","modified_gmt":"2018-04-24T21:22:23","slug":"poza-rica-huele-a-demonio-alianza-mexicana-contra-el-fracking-en-esquinabaja","status":"publish","type":"archivo","link":"https:\/\/nofm-radio.com\/?archivo=poza-rica-huele-a-demonio-alianza-mexicana-contra-el-fracking-en-esquinabaja","title":{"rendered":"&quot;Poza Rica huele a demonio&quot;. Alianza Mexicana Contra el Fracking en #EsquinaBaja"},"content":{"rendered":"<p>Ya es com\u00fan escuchar hablar de la crisis de los energ\u00e9ticos. La escasez de recursos como<strong> gas y petr\u00f3leo<\/strong> no ha llevado a un cambio en el consumo de <strong>energ\u00e9ticos<\/strong>, sino a m\u00e9todos de extraci\u00f3n cada vez m\u00e1s violentos como el <strong>fracking<\/strong>. La <strong>fractura hidr\u00e1ulica<\/strong> ha sido vendida por la industria como la mejor manera de extraer energ\u00e9ticos; sin embargo, tambi\u00e9n una de las m\u00e1s criticadas por el da\u00f1o natural y a las personas que viven cerca de los pozos.<br \/>\nEn nuestro pa\u00eds, con la <strong>Reforma Energ\u00e9tica<\/strong>, el uso del fracking es alarmantemente opaca en su operaci\u00f3n y su alcance. Ante este riesgo latente, en la reciente emisi\u00f3n de <strong>#EsquinaBaja<\/strong>, <strong>Alberto Serd\u00e1n<\/strong> platic\u00f3 con <strong>Letizia Silva<\/strong>, del <strong>Instituto de Geograf\u00eda de la UNAM<\/strong>, y con <strong>Alejandra Jim\u00e9nez<\/strong>, habitante de Papantla y miembro de la <strong>Alianza Mexicana Contra el Fracking<\/strong>, para explicar a detalle esta t\u00e9cnica de extracci\u00f3n, los riesgos y los da\u00f1os graves que causa a la poblaci\u00f3n. Les dejamos la entrevista completa.<br \/>\nNo se pierdan <strong>#EsquinaBaja<\/strong> todos los viernes a las 2 pm por <strong><a href=\"http:\/\/nofm-radio.com\/\" target=\"_blank\" rel=\"noopener noreferrer\">www.nofm-radio.com<\/a><\/strong>.<br \/>\n<iframe loading=\"lazy\" style=\"border: none; overflow: hidden;\" src=\"https:\/\/www.facebook.com\/plugins\/video.php?href=https%3A%2F%2Fwww.facebook.com%2Ftodomenosmiedo%2Fvideos%2F2101121296594694%2F&amp;show_text=0&amp;width=560\" width=\"560\" height=\"315\" frameborder=\"0\" scrolling=\"no\" allowfullscreen=\"allowfullscreen\"><\/iframe><\/p>\n","protected":false},"template":"","meta":{"_id_youtube":"","_id_vimeo":"","_podcasts_duration":"","_podcasts_url":"","_podcasts_show":"","_prog_horario_dias":"","_prog_hora":"","_prog_duration":""},"class_list":["post-27817","archivo","type-archivo","status-publish","hentry"],"_links":{"self":[{"href":"https:\/\/nofm-radio.com\/index.php?rest_route=\/wp\/v2\/archivo\/27817","targetHints":{"allow":["GET"]}}],"collection":[{"href":"https:\/\/nofm-radio.com\/index.php?rest_route=\/wp\/v2\/archivo"}],"about":[{"href":"https:\/\/nofm-radio.com\/index.php?rest_route=\/wp\/v2\/types\/archivo"}],"wp:attachment":[{"href":"https:\/\/nofm-radio.com\/index.php?rest_route=%2Fwp%2Fv2%2Fmedia&parent=27817"}],"curies":[{"name":"wp","href":"https:\/\/api.w.org\/{rel}","templated":true}]}}