{"id":27903,"date":"2018-05-03T17:07:48","date_gmt":"2018-05-03T22:07:48","guid":{"rendered":"http:\/\/nofm-radio.com\/?p=27903"},"modified":"2018-05-03T17:07:48","modified_gmt":"2018-05-03T22:07:48","slug":"altiro-perdiste-tu-ine-asi-la-recuperas-antes-de-las-elecciones","status":"publish","type":"archivo","link":"https:\/\/nofm-radio.com\/?archivo=altiro-perdiste-tu-ine-asi-la-recuperas-antes-de-las-elecciones","title":{"rendered":"#AlTiro. \u00bfPerdiste tu INE? As\u00ed la recuperas antes de las elecciones"},"content":{"rendered":"<p>Suele suceder: cuando creemos que ya llegamos a una decisi\u00f3n, cuando estamos casi convencidos de que sobreviviremos lo que queda de las <strong>campa\u00f1as<\/strong>, cuando estamos hemos llegado a la conslusi\u00f3n que pese a todo ejerceremos nuestro <strong>derecho al voto<\/strong>, nos damos cuenta de que perdimos la credencial del INE. Entre robos, extrav\u00edos o simple fritez de la buena, las <strong>credenciales de elector<\/strong> pueden no estar en el lugar en que deben a la hora de la hora. Pero no se angustien, el <strong>Instituto Nacional Electoral<\/strong> nos da esperanza a\u00fan, pues pueden reimprimir su INE. Del<strong> 1 de marzo al 20 de junio<\/strong> pueden solicitar su reposici\u00f3n, s\u00f3lo hay que hacer lo siguiente:<br \/>\nPresentar tres documentos en original, vigente, sin tachaduras, enmendaduras y\/o signos de alteraci\u00f3n:<br \/>\n1. <strong>Acta de Nacimiento expedida por el Registro Civil.<\/strong><br \/>\n2. Identificaci\u00f3n con fotograf\u00eda vigente (ejemplos: <strong>pasaporte, licencia de conducir, credencial de estudiante<\/strong>, entre otros).<br \/>\n3. <strong>Comprobante de domicilio<\/strong> con fecha de expedici\u00f3n menor a 3 meses (ejemplos: recibo de luz, gas, tel\u00e9fono, entre otros).<br \/>\n(Consulta los documentos v\u00e1lidos en <strong><a href=\"http:\/\/ow.ly\/XHMpX\" target=\"_blank\" rel=\"noopener noreferrer\">este link<\/a><\/strong>)<br \/>\nEn el <strong>m\u00f3dulo<\/strong> les informar\u00e1n el tiempo de entrega. Pueden acudir a cualquiera de su entidad. Les sugerimos llegar temprano a fin de obtener una ficha (consulta la ubicaci\u00f3n y horarios en el siguiente <strong><a href=\"http:\/\/bit.ly\/1eNCXMk\" target=\"_blank\" rel=\"noopener noreferrer\">enlace<\/a><\/strong>).\u00a0O bien, ingresen a <strong><a href=\"http:\/\/bit.ly\/1bgeiBR\" target=\"_blank\" rel=\"noopener noreferrer\">http:\/\/bit.ly\/1bgeiBR<\/a><\/strong>\u00a0para programar una una cita.<br \/>\nEn el tr\u00e1mite por reimpresi\u00f3n la credencial se generar\u00e1 con los mismos datos, fotograf\u00eda y vigencia que ten\u00eda su \u00faltimo registro, el \u00fanico dato que cambiar\u00e1 es el <strong>C\u00f3digo de Identificaci\u00f3n de la Credencial<\/strong> (CIC) que se ubica en el reverso; este tr\u00e1mite s\u00f3lo se habilita en a\u00f1o electoral.\u00a0 Cabe mencionar que no deber\u00e1 existir alguna modificaci\u00f3n en tus datos y la credencial anterior tendr\u00e1 que ser <strong>VIGENTE<\/strong>.<br \/>\nRecuerden, la fecha l\u00edmite para reimprimir la credencial es el <strong>20 DE JUNIO<\/strong>. As\u00ed que <strong>#AlTiro<\/strong><br \/>\n<iframe loading=\"lazy\" src=\"https:\/\/giphy.com\/embed\/tCV2LrPPYfqCY\" width=\"433\" height=\"480\" frameBorder=\"0\" class=\"giphy-embed\" allowFullScreen><\/iframe><\/p>\n<p><a href=\"https:\/\/giphy.com\/gifs\/robert-downey-jr-thumbs-up-no-problem-tCV2LrPPYfqCY\"><\/a><\/p>\n","protected":false},"template":"","meta":{"_id_youtube":"","_id_vimeo":"","_podcasts_duration":"","_podcasts_url":"","_podcasts_show":"","_prog_horario_dias":"","_prog_hora":"","_prog_duration":""},"class_list":["post-27903","archivo","type-archivo","status-publish","hentry"],"_links":{"self":[{"href":"https:\/\/nofm-radio.com\/index.php?rest_route=\/wp\/v2\/archivo\/27903","targetHints":{"allow":["GET"]}}],"collection":[{"href":"https:\/\/nofm-radio.com\/index.php?rest_route=\/wp\/v2\/archivo"}],"about":[{"href":"https:\/\/nofm-radio.com\/index.php?rest_route=\/wp\/v2\/types\/archivo"}],"wp:attachment":[{"href":"https:\/\/nofm-radio.com\/index.php?rest_route=%2Fwp%2Fv2%2Fmedia&parent=27903"}],"curies":[{"name":"wp","href":"https:\/\/api.w.org\/{rel}","templated":true}]}}