{"id":28027,"date":"2018-05-11T13:37:11","date_gmt":"2018-05-11T18:37:11","guid":{"rendered":"http:\/\/nofm-radio.com\/?p=28027"},"modified":"2018-05-11T13:37:11","modified_gmt":"2018-05-11T18:37:11","slug":"domingo-el-infinito-de-los-dias","status":"publish","type":"archivo","link":"https:\/\/nofm-radio.com\/?archivo=domingo-el-infinito-de-los-dias","title":{"rendered":"Domingo, el infinito de los d\u00edas"},"content":{"rendered":"<p>Por m\u00e1s de una d\u00e9cada, <strong>Kawabata Makoto<\/strong> y <strong>Nani Satoshima<\/strong> han surfeado las olas de la psicodelia y la experimentaci\u00f3n, retando en todo momento las formas convencionales de crear, incluso si se trata de sus propias obsesiones y man\u00edas.<br \/>\nIntentar repasar su trayectoria sonora ser\u00eda una labor inabarcable, por lo que se sugiere a quien desee adentrarse en los terrenos de la ondulaci\u00f3n r\u00edtmica, renuncie a la neurosis por un momento y se disponga a abordar una nave espacial con destino a una estremecedora y alucinante estimulaci\u00f3n auditiva. Sirva esta suerte de calistenia sonora como preparaci\u00f3n f\u00edsica y espiritual para el show de <strong>Nani\u221eGuru<\/strong>, una vibrante faceta de esta dupla japonesa, que tendr\u00e1 lugar en el<strong> Foro Indie Rocks<\/strong> el pr\u00f3ximo domingo 13 de mayo de 2018 y para el cual se han alineado los astros convocando a <strong>V\u00eda L\u00e1ctea, <\/strong>del legendario<strong> Carlos Alvarado<\/strong>; y <strong>Sunset Images<\/strong>, portentoso noise cargado de psicodelia como las mejores bebidas energizantes.<br \/>\nPara redondear la experiencia, <strong>Segundo Infinito<\/strong> ha invitado a realizadores audiovisuales cuyo trabajo contribuya a guiar los sentidos por rumbos insospechados. Prep\u00e1rense para alimentar el o\u00eddo con los honorables antes mencionados, y el ojo con<em><strong> Iku Manieva<\/strong><\/em>, cortometraje de <strong>Isaac Ruiz Gastelum<\/strong>, <em><strong>Sue\u00f1o de Blues<\/strong><\/em> de <strong>Andr\u00e9s Peralta<\/strong> y <em><strong>Jard\u00edn de Gardenias<\/strong><\/em> de <strong>Gisela Guzm\u00e1n<\/strong>, audiovisual confeccionado con material en 35mm de cine mexicano y archivos de internet que ofrece un paseo por la melancol\u00eda y la angustia de la p\u00e9rdida, con brotes de ciencia ficci\u00f3n, romance y w\u00e9stern.<br \/>\nDomingo, 13 de mayo<br \/>\nForo Indie Rocks \/ Zacatecas 39, col Roma<br \/>\n18HRS<br \/>\nBoletos disponibles antes del evento: <a href=\"https:\/\/naniguru.boletia.com\/\" target=\"_blank\" rel=\"noopener noreferrer\">https:\/\/naniguru.boletia.com\/<\/a><br \/>\nD\u00eda del evento, boletos en taquilla.<br \/>\n<iframe loading=\"lazy\" src=\"https:\/\/player.vimeo.com\/video\/263463617\" width=\"640\" height=\"360\" frameborder=\"0\" allowfullscreen=\"allowfullscreen\"><\/iframe><br \/>\n<a href=\"https:\/\/vimeo.com\/263463617\">Iku Manieva (Teaser Trailer)<\/a> from <a href=\"https:\/\/vimeo.com\/metaxinema\">METAXINEMA<\/a> on <a href=\"https:\/\/vimeo.com\">Vimeo<\/a>.<br \/>\nhttps:\/\/vimeo.com\/51949418<br \/>\n<a class=\"no-eff img-link lightbox\" href=\"http:\/\/nofm-radio.com\/wp-content\/uploads\/2018\/05\/1.png\"><img loading=\"lazy\" decoding=\"async\" class=\"alignnone size-full wp-image-28028\" src=\"http:\/\/nofm-radio.com\/wp-content\/uploads\/2018\/05\/1.png\" alt=\"\" width=\"2560\" height=\"1588\" \/><\/a><\/p>\n","protected":false},"template":"","meta":{"_id_youtube":"","_id_vimeo":"","_podcasts_duration":"","_podcasts_url":"","_podcasts_show":"","_prog_horario_dias":"","_prog_hora":"","_prog_duration":""},"class_list":["post-28027","archivo","type-archivo","status-publish","hentry"],"_links":{"self":[{"href":"https:\/\/nofm-radio.com\/index.php?rest_route=\/wp\/v2\/archivo\/28027","targetHints":{"allow":["GET"]}}],"collection":[{"href":"https:\/\/nofm-radio.com\/index.php?rest_route=\/wp\/v2\/archivo"}],"about":[{"href":"https:\/\/nofm-radio.com\/index.php?rest_route=\/wp\/v2\/types\/archivo"}],"wp:attachment":[{"href":"https:\/\/nofm-radio.com\/index.php?rest_route=%2Fwp%2Fv2%2Fmedia&parent=28027"}],"curies":[{"name":"wp","href":"https:\/\/api.w.org\/{rel}","templated":true}]}}