{"id":5689,"date":"2014-06-13T12:06:02","date_gmt":"2014-06-13T17:06:02","guid":{"rendered":"http:\/\/nofm-radio.com\/?p=5689"},"modified":"2014-06-13T12:06:02","modified_gmt":"2014-06-13T17:06:02","slug":"al-medio-tiempo","status":"publish","type":"archivo","link":"https:\/\/nofm-radio.com\/?archivo=al-medio-tiempo","title":{"rendered":"Al medio tiempo"},"content":{"rendered":"<p>Al medio tiempo del partido M\u00e9xico-Camer\u00fan las noticias relevantes empiezan a surgir. Adem\u00e1s de los dos goles que el \u00e1rbitro colombiano le robo a M\u00e9xico, hay un par de noticias que merecen nuestra indignaci\u00f3n.<br \/>\nUnos minutos antes de que arrancara el partido, los senadores del PRI y el PAN presentaron un proyecto de Ley el\u00e9ctrica que, adem\u00e1s de la propuesta de Pe\u00f1a Nieto, incluye que \u201cproceder\u00e1 la expropiaci\u00f3n de los terrenos necesarios para la realizaci\u00f3n de las actividades de la industria el\u00e9ctrica\u201d. Otra propuesta, en una materia distinta, es el aumento de $20 al precio de la gasolina en un a\u00f1o.<br \/>\nEso s\u00ed, para que el debate siga en la atenci\u00f3n p\u00fablica, los legisladores mantienen su palabra de no debatir durante los partidos de M\u00e9xico, y adem\u00e1s proponen c\u00e1psulas informativas que se transmitan durante las telenovelas. Sin embargo, sesionar\u00e1n s\u00e1bado y domingo.<br \/>\nPor otro lado, el IFETEL pospuso el inicio del proceso de licitaci\u00f3n para los nuevos canales de televisi\u00f3n abierta. Pasar\u00e1 del 16 y 17 de junio al mes de septiembre.<br \/>\nAs\u00ed, algunas noticias para que no olviden que #LaTribunaEsNuestra.<\/p>\n","protected":false},"template":"","meta":{"_id_youtube":"","_id_vimeo":"","_podcasts_duration":"","_podcasts_url":"","_podcasts_show":"","_prog_horario_dias":"","_prog_hora":"","_prog_duration":""},"class_list":["post-5689","archivo","type-archivo","status-publish","hentry"],"_links":{"self":[{"href":"https:\/\/nofm-radio.com\/index.php?rest_route=\/wp\/v2\/archivo\/5689","targetHints":{"allow":["GET"]}}],"collection":[{"href":"https:\/\/nofm-radio.com\/index.php?rest_route=\/wp\/v2\/archivo"}],"about":[{"href":"https:\/\/nofm-radio.com\/index.php?rest_route=\/wp\/v2\/types\/archivo"}],"wp:attachment":[{"href":"https:\/\/nofm-radio.com\/index.php?rest_route=%2Fwp%2Fv2%2Fmedia&parent=5689"}],"curies":[{"name":"wp","href":"https:\/\/api.w.org\/{rel}","templated":true}]}}