{"id":6080,"date":"2014-07-07T11:44:10","date_gmt":"2014-07-07T16:44:10","guid":{"rendered":"http:\/\/nofm-radio.com\/?p=6080"},"modified":"2014-07-07T11:44:10","modified_gmt":"2014-07-07T16:44:10","slug":"adios-a-la-saeta-rubia","status":"publish","type":"archivo","link":"https:\/\/nofm-radio.com\/?archivo=adios-a-la-saeta-rubia","title":{"rendered":"Adi\u00f3s a La Saeta rubia"},"content":{"rendered":"<p>Hoy, despu\u00e9s de 88 a\u00f1os, muri\u00f3 el futbolista Alfredo Di Stefano. La Saeta rubia dej\u00f3 este mundo despu\u00e9s de sufrir un ataque card\u00edaco hace dos d\u00edas, en la celebraci\u00f3n de su cumplea\u00f1os.<br \/>\nLes dejamos aqu\u00ed un documental que le dedic\u00f3 la serie 100 a\u00f1os de Historia viva del Real Madrid. Tambi\u00e9n les pasamos el programa especial realizado por ESPN. Les recomendamos buscar la pel\u00edcula Saeta rubia, que el propio Di Stefano protagoniz\u00f3, con la que empez\u00f3 su carrera como actor.<br \/>\nDisfruten y adi\u00f3s a la Saeta Rubia.<br \/>\n<iframe loading=\"lazy\" title=\"Documental sobre Alfredo Di Stefano (Documentary)\" width=\"640\" height=\"480\" src=\"https:\/\/www.youtube.com\/embed\/Zi5-Ti28-dk?feature=oembed\" frameborder=\"0\" allow=\"accelerometer; autoplay; clipboard-write; encrypted-media; gyroscope; picture-in-picture; web-share\" referrerpolicy=\"strict-origin-when-cross-origin\" allowfullscreen><\/iframe><br \/>\n<iframe loading=\"lazy\" title=\"Alfredo Di Stefano - Documental &quot;La Saeta Rubia&quot; - PARTE 1\/5\" width=\"640\" height=\"480\" src=\"https:\/\/www.youtube.com\/embed\/Zpv6hbRw9qQ?feature=oembed\" frameborder=\"0\" allow=\"accelerometer; autoplay; clipboard-write; encrypted-media; gyroscope; picture-in-picture; web-share\" referrerpolicy=\"strict-origin-when-cross-origin\" allowfullscreen><\/iframe><br \/>\n<iframe loading=\"lazy\" title=\"Alfredo Di Stefano - Documental &quot;La Saeta Rubia&quot; - PARTE 2\/5\" width=\"640\" height=\"480\" src=\"https:\/\/www.youtube.com\/embed\/TtIN1zsC_38?feature=oembed\" frameborder=\"0\" allow=\"accelerometer; autoplay; clipboard-write; encrypted-media; gyroscope; picture-in-picture; web-share\" referrerpolicy=\"strict-origin-when-cross-origin\" allowfullscreen><\/iframe><br \/>\n<iframe loading=\"lazy\" title=\"Alfredo Di Stefano - Documental &quot;La Saeta Rubia&quot; - PARTE 3\/5\" width=\"640\" height=\"480\" src=\"https:\/\/www.youtube.com\/embed\/NpnotyGRhI4?feature=oembed\" frameborder=\"0\" allow=\"accelerometer; autoplay; clipboard-write; encrypted-media; gyroscope; picture-in-picture; web-share\" referrerpolicy=\"strict-origin-when-cross-origin\" allowfullscreen><\/iframe><br \/>\n<iframe loading=\"lazy\" title=\"Alfredo Di Stefano - Documental &quot;La Saeta Rubia&quot; - PARTE 4\/5\" width=\"640\" height=\"480\" src=\"https:\/\/www.youtube.com\/embed\/X5Yc1p1iHRM?feature=oembed\" frameborder=\"0\" allow=\"accelerometer; autoplay; clipboard-write; encrypted-media; gyroscope; picture-in-picture; web-share\" referrerpolicy=\"strict-origin-when-cross-origin\" allowfullscreen><\/iframe><br \/>\n<iframe loading=\"lazy\" title=\"Alfredo Di Stefano - Documental &quot;La Saeta Rubia&quot; - PARTE 5\/5\" width=\"640\" height=\"480\" src=\"https:\/\/www.youtube.com\/embed\/h5TD1eJMwjk?feature=oembed\" frameborder=\"0\" allow=\"accelerometer; autoplay; clipboard-write; encrypted-media; gyroscope; picture-in-picture; web-share\" referrerpolicy=\"strict-origin-when-cross-origin\" allowfullscreen><\/iframe><\/p>\n","protected":false},"template":"","meta":{"_id_youtube":"","_id_vimeo":"","_podcasts_duration":"","_podcasts_url":"","_podcasts_show":"","_prog_horario_dias":"","_prog_hora":"","_prog_duration":""},"class_list":["post-6080","archivo","type-archivo","status-publish","hentry"],"_links":{"self":[{"href":"https:\/\/nofm-radio.com\/index.php?rest_route=\/wp\/v2\/archivo\/6080","targetHints":{"allow":["GET"]}}],"collection":[{"href":"https:\/\/nofm-radio.com\/index.php?rest_route=\/wp\/v2\/archivo"}],"about":[{"href":"https:\/\/nofm-radio.com\/index.php?rest_route=\/wp\/v2\/types\/archivo"}],"wp:attachment":[{"href":"https:\/\/nofm-radio.com\/index.php?rest_route=%2Fwp%2Fv2%2Fmedia&parent=6080"}],"curies":[{"name":"wp","href":"https:\/\/api.w.org\/{rel}","templated":true}]}}