{"id":6202,"date":"2014-07-16T13:14:43","date_gmt":"2014-07-16T18:14:43","guid":{"rendered":"http:\/\/nofm-radio.com\/?p=6202"},"modified":"2014-07-16T13:14:43","modified_gmt":"2014-07-16T18:14:43","slug":"eddie-vedder-y-su-llamado-a-la-paz","status":"publish","type":"archivo","link":"https:\/\/nofm-radio.com\/?archivo=eddie-vedder-y-su-llamado-a-la-paz","title":{"rendered":"Eddie Vedder y su llamado a la paz"},"content":{"rendered":"<p>El pasado once de julio Eddie Vedder hizo un en\u00e9rgico llamado por la paz durante un concierto en el Milton Keynes National Bowl. Nunca mencion\u00f3 el nombre de un pa\u00eds, pero estamos casi seguros que se refiere al conflicto entre Israel y Palestina.<br \/>\nAl final de la canci\u00f3n Daughter el cantante de Pearl Jam llam\u00f3 la atenci\u00f3n de la audiencia para dar su opini\u00f3n sobre el encuentro armado, y no podemos estar m\u00e1s de acuerdo con \u00e9l. Incluso anim\u00f3 a la gente a cantar el cl\u00e1sico de Edwin Starr: War. Escuche su opini\u00f3n en el video y piense.<br \/>\n<iframe loading=\"lazy\" title=\"Pearl Jam - Daughter - Milton Keynes National Bowl 11th July 2014\" width=\"640\" height=\"360\" src=\"https:\/\/www.youtube.com\/embed\/X4ukBCCyczA?feature=oembed\" frameborder=\"0\" allow=\"accelerometer; autoplay; clipboard-write; encrypted-media; gyroscope; picture-in-picture; web-share\" referrerpolicy=\"strict-origin-when-cross-origin\" allowfullscreen><\/iframe><br \/>\n<iframe loading=\"lazy\" title=\"War - Edwin Starr (Original Vinyl)\" width=\"640\" height=\"480\" src=\"https:\/\/www.youtube.com\/embed\/dpWmlRNfLck?feature=oembed\" frameborder=\"0\" allow=\"accelerometer; autoplay; clipboard-write; encrypted-media; gyroscope; picture-in-picture; web-share\" referrerpolicy=\"strict-origin-when-cross-origin\" allowfullscreen><\/iframe><\/p>\n","protected":false},"template":"","meta":{"_id_youtube":"","_id_vimeo":"","_podcasts_duration":"","_podcasts_url":"","_podcasts_show":"","_prog_horario_dias":"","_prog_hora":"","_prog_duration":""},"class_list":["post-6202","archivo","type-archivo","status-publish","hentry"],"_links":{"self":[{"href":"https:\/\/nofm-radio.com\/index.php?rest_route=\/wp\/v2\/archivo\/6202","targetHints":{"allow":["GET"]}}],"collection":[{"href":"https:\/\/nofm-radio.com\/index.php?rest_route=\/wp\/v2\/archivo"}],"about":[{"href":"https:\/\/nofm-radio.com\/index.php?rest_route=\/wp\/v2\/types\/archivo"}],"wp:attachment":[{"href":"https:\/\/nofm-radio.com\/index.php?rest_route=%2Fwp%2Fv2%2Fmedia&parent=6202"}],"curies":[{"name":"wp","href":"https:\/\/api.w.org\/{rel}","templated":true}]}}