{"id":6253,"date":"2014-07-24T18:22:39","date_gmt":"2014-07-24T23:22:39","guid":{"rendered":"http:\/\/nofm-radio.com\/?p=6253"},"modified":"2014-07-24T18:22:39","modified_gmt":"2014-07-24T23:22:39","slug":"muerte-de-menor-presiona-al-gobierno-de-puebla-para-abrogar-ley-bala","status":"publish","type":"archivo","link":"https:\/\/nofm-radio.com\/?archivo=muerte-de-menor-presiona-al-gobierno-de-puebla-para-abrogar-ley-bala","title":{"rendered":"Muerte de menor presiona al Gobierno de Puebla para abrogar \u201cLey Bala\u201d"},"content":{"rendered":"<p>Muerte de menor presiona al Gobierno de Puebla para abrogar \u201cLey Bala\u201d<br \/>\nPor Emmanuel Mart\u00ednez<br \/>\nColaboraci\u00f3n de Somos el Medio &#8211; www.somoselmedio.org<br \/>\nEl pasado 19 de mayo en el estado de Puebla se aprob\u00f3 una iniciativa de ley impulsada por el gobernador, Rafael Moreno Valle, en donde 32 diputados que votaron a favor y cinco en contra le dieron la luz verde a una legislaci\u00f3n que seg\u00fan el gobierno estatal los principales objetivos eran proteger los derechos humanos y regular el uso leg\u00edtimo de la fuerza por parte de los elementos de las instituciones policiacas de la entidad durante manifestaciones. Esta ley despu\u00e9s ser\u00eda conocida como la \u201cLey Bala\u201d.<br \/>\nDurante dos meses se realizaron diversas marchas en todo el estado, en donde organizaciones sociales y de derechos humanos se opusieron rotundamente a la aprobaci\u00f3n de esta ley. Los manifestantes argumentaban que esta nueva legislaci\u00f3n atentaba contra los derechos humanos -libertad de expresi\u00f3n y manifestaci\u00f3n-, y los pon\u00eda en riesgo debido a que se hab\u00eda dotado a la polic\u00eda estatal de armas \u201cincapacitantes, no letales\u201d para dispersar a los manifestantes que se tornaran violentos.<br \/>\nLa discusi\u00f3n continu\u00f3 debido a que exist\u00edan contradicciones en la legislaci\u00f3n. Por ejemplo, en el art\u00edculo 46 se establece una clara prohibici\u00f3n para el uso de armas de fuego para dispersar manifestantes, pero en el mismo p\u00e1rrafo dice que se dotar\u00e1 a los elementos de los cuerpos de seguridad distintos tipos de armas, municiones y armas de fuego, as\u00ed como todo el equipo adecuado de modo que puedan hacer uso diferenciado de la fuerza. Tambi\u00e9n resulta ambiguo el art\u00edculo 22, fracci\u00f3n V, donde indica que el uso de armas queda a la interpretaci\u00f3n y  criterio discrecional de las autoridades.<br \/>\nEsto quiere decir que las autoridades pueden decidir e interpretar qu\u00e9 armas utilizar\u00e1 la polic\u00eda argumentando que no son letales, como las balas de goma, mismas que han causado la muerte de personas.<br \/>\nSeg\u00fan esta ley, el uso de la fuerza por parte de la polic\u00eda deber\u00e1 ser gradual y se clasifica en cuatro niveles:<br \/>\n1.  Persuasi\u00f3n o disuasi\u00f3n verbal: gesticulaciones, instrucciones, advertencias y \u00f3rdenes verbales moduladas.<br \/>\n2.  Sometimiento: acciones f\u00edsicas a efecto de que limiten los movimientos de una persona con el fin de que el polic\u00eda cumpla con sus funciones.<br \/>\n3. Utilizaci\u00f3n de armas incapacitantes no letales: a fin de someter una resistencia violenta del agresor.<br \/>\n4.  Utilizaci\u00f3n de armas de fuego o de fuerza letal.<br \/>\nSi es necesario el empleo de armas de fuego deber\u00e1 ser de la siguiente forma:<br \/>\n1.  Identificarse con el agresor.<br \/>\n2. Hacer una advertencia clara y precisa al agresor sobre la intenci\u00f3n de usar el arma de fuego, exhort\u00e1ndolo a desistir de su conducta, y dando el tiempo para que recapacite.<br \/>\n3. Lo anterior no aplicar\u00e1 en caso de que se trate de una situaci\u00f3n que implique una acci\u00f3n inmediata.<br \/>\n4. Actuar de manera moderada y proporcionada, causando el menor da\u00f1o posible.<br \/>\n5. Solicitar atenci\u00f3n m\u00e9dica para los lesionados.<br \/>\n6. Dar parte de lo ocurrido a los mandos superiores.<br \/>\n7. Preservar el lugar de los hechos.<br \/>\n8. Dar la noticia del hecho a los familiares de las personas afectadas.<br \/>\n\u00bfQu\u00e9 son los proyectiles de goma y sus escopetas?<br \/>\nLas escopetas de proyectiles de goma son armas de tipo cin\u00e9tico que disparan proyectiles de forma redondeada y de diversos materiales. Existen varios tipos de escopetas y de proyectiles, pero todos entran en la categor\u00eda de \u201cless-lethal\u201d (menos letal), lo que no quiere decir que no sean mortales.<br \/>\nLas balas de goma est\u00e1n hechas de caucho macizo y con un peso aproximado de de 85 gr y un di\u00e1metro de 54 mm -el tama\u00f1o aproximado de una bola de b\u00e9isbol-. Un proyectil de calibre 12 -como el que utiliza la polic\u00eda de Puebla\u00ac- sale disparado a una velocidad de 720 km\/h, siendo esta la misma velocidad de cualquier bala. Estos proyectiles al ser disparados se deforman adoptando una forma puntiaguda que pueden resultar de alto riesgo si golpean partes delicadas del cuerpo, como los ojos o el est\u00f3mago.<br \/>\nAlgunos de los da\u00f1os que pueden causar estos proyectiles son los siguientes: al golpear en un ojo o en la cabeza pueden provocar una hemorragia cerebral; en el pecho, perforaci\u00f3n pulmonar; en el est\u00f3mago, perforaci\u00f3n de intestino; en las piernas s\u00f3lo causar\u00eda da\u00f1os menores y en los test\u00edculos podr\u00eda resultar letal. (Con informaci\u00f3n de www.stopbalasdegoma.org)<br \/>\nConsecuencias de la \u201cLey Bala\u201d<br \/>\nTras la muerte del ni\u00f1o de 13 a\u00f1os, Jos\u00e9 Luis Alberto Tehuatlie Tamayo, quien recibiera un impacto de bala de goma el pasado 9 de julio en un enfrentamiento entre polic\u00edas y habitantes de San Bernardino Chalchihuapan, que se manifestaban en la autopista Puebla-Atlixco contra la desaparici\u00f3n de registros civiles la pol\u00e9mica sobre esta ley se intensific\u00f3 debido a que este era un s\u00f3lo ejemplo de lo que iba a pasar en las manifestaciones con esta nueva legislaci\u00f3n.<br \/>\nTras este incidente las cr\u00edticas hacia el gobernador de Puebla subieron de nivel y pas\u00f3 de ser tema local a uno de inter\u00e9s nacional, debido a que en otros estados como Nuevo Le\u00f3n se propuso una iniciativa de ley similar pero fue rechazada.<br \/>\nEl domingo 20, Moreno Valle inici\u00f3 una campa\u00f1a medi\u00e1tica para hacer \u00e9nfasis en su versi\u00f3n de que el menor muri\u00f3 a consecuencia de un cohet\u00f3n que hab\u00eda sido lanzado por los mismos manifestantes.<br \/>\nPosteriormente, tras darse a conocer la noticia de la muerte del menor en todo el pa\u00eds, el titular del estado dijo que se brindar\u00eda todo el apoyo a la familia del menor asesinado durante la manifestaci\u00f3n y que buscar\u00edan las pruebas necesarias para dar con los responsables de este hecho.<br \/>\nTodo lo anterior desat\u00f3 gran pol\u00e9mica y al parecer fue un gran golpe para el gobernador pues envi\u00f3 una iniciativa para abrogar la ley, en un intento por limpiar su imagen, misma que le ha costado millones de pesos al erario p\u00fablico. La petici\u00f3n se incluy\u00f3 en el punto seis de la orden del d\u00eda de ayer de la sesi\u00f3n ordinaria del Congreso del estado.<br \/>\nSepultan a Jos\u00e9 Luis Alberto<br \/>\nLa ma\u00f1ana del pasado martes, cerca de las 10:00 horas, fue sepultado el cuerpo del menor Jos\u00e9 Luis Alberto Tehuatlie Tamayo en el pante\u00f3n de la localidad de Chalchihuapan, municipio de Santa Clara Ocoyucan.<br \/>\nCientos de pobladores acompa\u00f1aron a la familia del menor, as\u00ed como funcionarios del gobierno. Se pudo observar al senador Luis S\u00e1nchez, y las diputadas federales Aletia Molina y Roxana Luna. Tambi\u00e9n estuvo presente el sacerdote Gustavo Z\u00e1rate, coordinador de la Pastoral Migrante en Puebla.<br \/>\nPor otro lado, integrantes de Movimiento de Alternativa Social y la Barra Libre de Abogados Democr\u00e1ticos de Puebla, marcharon por las calles del estado exigiendo la destituci\u00f3n del gobernador, Rafael Moreno Valle Rosas, y los diputados que aprobaron en su momento la llamada \u201cLey Bala\u201d.<\/p>\n","protected":false},"template":"","meta":{"_id_youtube":"","_id_vimeo":"","_podcasts_duration":"","_podcasts_url":"","_podcasts_show":"","_prog_horario_dias":"","_prog_hora":"","_prog_duration":""},"class_list":["post-6253","archivo","type-archivo","status-publish","hentry"],"_links":{"self":[{"href":"https:\/\/nofm-radio.com\/index.php?rest_route=\/wp\/v2\/archivo\/6253","targetHints":{"allow":["GET"]}}],"collection":[{"href":"https:\/\/nofm-radio.com\/index.php?rest_route=\/wp\/v2\/archivo"}],"about":[{"href":"https:\/\/nofm-radio.com\/index.php?rest_route=\/wp\/v2\/types\/archivo"}],"wp:attachment":[{"href":"https:\/\/nofm-radio.com\/index.php?rest_route=%2Fwp%2Fv2%2Fmedia&parent=6253"}],"curies":[{"name":"wp","href":"https:\/\/api.w.org\/{rel}","templated":true}]}}