{"id":6321,"date":"2014-08-04T17:50:04","date_gmt":"2014-08-04T22:50:04","guid":{"rendered":"http:\/\/nofm-radio.com\/?p=6321"},"modified":"2014-08-04T17:50:04","modified_gmt":"2014-08-04T22:50:04","slug":"ciudad-invertida-un-proyecto-chingon-de-la-ciudad-de-mexico","status":"publish","type":"archivo","link":"https:\/\/nofm-radio.com\/?archivo=ciudad-invertida-un-proyecto-chingon-de-la-ciudad-de-mexico","title":{"rendered":"Ciudad Intervenida, un proyecto ching\u00f3n de la ciudad de M\u00e9xico"},"content":{"rendered":"<p>La verdad es que da gusto habitar la ciudad de M\u00e9xico. Sobre todo por iniciativas como Ciudad Intervenida, un proyecto de reapropiaci\u00f3n de los espacios p\u00fablicos a partir de la animaci\u00f3n y el arte.<br \/>\nSe convoc\u00f3 a algunos de los despachos j\u00f3venes m\u00e1s importantes de animaci\u00f3n y se les propuso hacer cosas con el pretexto de algunos de los lugares emblem\u00e1ticos del DF. Y el resultado es fenomenal.<br \/>\nSi quiere checar la p\u00e1gina del proyecto, pues <a href=\"http:\/\/www.ciudadintervenida.com\/\">aqu\u00ed<\/a>.<br \/>\nY les agragamos los cortos que se produjeron. Est\u00e1n de pelos.<br \/>\n<iframe loading=\"lazy\" src=\"\/\/player.vimeo.com\/video\/72220796\" width=\"500\" height=\"281\" frameborder=\"0\" webkitallowfullscreen mozallowfullscreen allowfullscreen><\/iframe> <\/p>\n<p><a href=\"http:\/\/vimeo.com\/72220796\">Tlatelolco \/ Atotonilco estudio<\/a> from <a href=\"http:\/\/vimeo.com\/ciudadintervenida\">Ciudad Intervenida<\/a> on <a href=\"https:\/\/vimeo.com\">Vimeo<\/a>.<\/p>\n<p><iframe loading=\"lazy\" src=\"\/\/player.vimeo.com\/video\/72220795\" width=\"500\" height=\"281\" frameborder=\"0\" webkitallowfullscreen mozallowfullscreen allowfullscreen><\/iframe> <\/p>\n<p><a href=\"http:\/\/vimeo.com\/72220795\">Monumento a la Revoluci\u00f3n \/ Transformacion \/ BASA<\/a> from <a href=\"http:\/\/vimeo.com\/ciudadintervenida\">Ciudad Intervenida<\/a> on <a href=\"https:\/\/vimeo.com\">Vimeo<\/a>.<\/p>\n<p><iframe loading=\"lazy\" src=\"\/\/player.vimeo.com\/video\/72294801\" width=\"500\" height=\"281\" frameborder=\"0\" webkitallowfullscreen mozallowfullscreen allowfullscreen><\/iframe> <\/p>\n<p><a href=\"http:\/\/vimeo.com\/72294801\">Mercado de Sonora \/ Mercado Onirico \/ Diezymedia<\/a> from <a href=\"http:\/\/vimeo.com\/ciudadintervenida\">Ciudad Intervenida<\/a> on <a href=\"https:\/\/vimeo.com\">Vimeo<\/a>.<\/p>\n<p><iframe loading=\"lazy\" src=\"\/\/player.vimeo.com\/video\/72215327\" width=\"500\" height=\"281\" frameborder=\"0\" webkitallowfullscreen mozallowfullscreen allowfullscreen><\/iframe> <\/p>\n<p><a href=\"http:\/\/vimeo.com\/72215327\">Biblioteca Vasconcelos \/ Liber \/ Simon Gerbaud<\/a> from <a href=\"http:\/\/vimeo.com\/ciudadintervenida\">Ciudad Intervenida<\/a> on <a href=\"https:\/\/vimeo.com\">Vimeo<\/a>.<\/p>\n<p><iframe loading=\"lazy\" src=\"\/\/player.vimeo.com\/video\/72283853\" width=\"500\" height=\"281\" frameborder=\"0\" webkitallowfullscreen mozallowfullscreen allowfullscreen><\/iframe> <\/p>\n<p><a href=\"http:\/\/vimeo.com\/72283853\">Central de Abastos \/ Made in Central de Abastos \/ Viumasters<\/a> from <a href=\"http:\/\/vimeo.com\/ciudadintervenida\">Ciudad Intervenida<\/a> on <a href=\"https:\/\/vimeo.com\">Vimeo<\/a>.<\/p>\n<p><iframe loading=\"lazy\" src=\"\/\/player.vimeo.com\/video\/72344534\" width=\"500\" height=\"281\" frameborder=\"0\" webkitallowfullscreen mozallowfullscreen allowfullscreen><\/iframe> <\/p>\n<p><a href=\"http:\/\/vimeo.com\/72344534\">Panteon de Dolores \/ Santolo \/ Llamarada<\/a> from <a href=\"http:\/\/vimeo.com\/ciudadintervenida\">Ciudad Intervenida<\/a> on <a href=\"https:\/\/vimeo.com\">Vimeo<\/a>.<\/p>\n","protected":false},"template":"","meta":{"_id_youtube":"","_id_vimeo":"","_podcasts_duration":"","_podcasts_url":"","_podcasts_show":"","_prog_horario_dias":"","_prog_hora":"","_prog_duration":""},"class_list":["post-6321","archivo","type-archivo","status-publish","hentry"],"_links":{"self":[{"href":"https:\/\/nofm-radio.com\/index.php?rest_route=\/wp\/v2\/archivo\/6321","targetHints":{"allow":["GET"]}}],"collection":[{"href":"https:\/\/nofm-radio.com\/index.php?rest_route=\/wp\/v2\/archivo"}],"about":[{"href":"https:\/\/nofm-radio.com\/index.php?rest_route=\/wp\/v2\/types\/archivo"}],"wp:attachment":[{"href":"https:\/\/nofm-radio.com\/index.php?rest_route=%2Fwp%2Fv2%2Fmedia&parent=6321"}],"curies":[{"name":"wp","href":"https:\/\/api.w.org\/{rel}","templated":true}]}}