{"id":6733,"date":"2014-09-05T14:21:00","date_gmt":"2014-09-05T19:21:00","guid":{"rendered":"http:\/\/nofm-radio.com\/?p=6733"},"modified":"2014-09-05T14:21:00","modified_gmt":"2014-09-05T19:21:00","slug":"siguen-los-homenajes-a-cerati","status":"publish","type":"archivo","link":"https:\/\/nofm-radio.com\/?archivo=siguen-los-homenajes-a-cerati","title":{"rendered":"Siguen los homenajes a Cerati"},"content":{"rendered":"<p>A los pocos minutos de la<strong> muerte de Gustavo Cerati<\/strong> empezaron las muestras de cari\u00f1o y homenajes en <strong>redes sociales<\/strong>. Algunas exageradas, otras nom\u00e1s por entrar al <strong>trending topic<\/strong>, otras porque de verdad el argentino form\u00f3 parte de sus vidas.<br \/>\nEn Argentina, adem\u00e1s de declarar dos d\u00edas de luto nacional, lanzaron dos videos muy emotivos para celebrar la vida y obra del se\u00f1or Cerati. El primer video se transmiti\u00f3 durante los <strong>Premios Gardel<\/strong>  a la m\u00fasica, entregados ayer por la noche. El segundo fue realizado por la <strong>televisi\u00f3n p\u00fablica argentina<\/strong>. Ambos muy sentidos y emotivos.<br \/>\nY s\u00ed, seguramente se seguir\u00e1n multiplicando los homenajes y muestras de cari\u00f1o. Y seguramente tambi\u00e9n en alg\u00fan momento la gente empezar\u00e1 a criticar y mostrar su hartazgo por dichas muestras. En fin, lo \u00fanico que decimos, cada qui\u00e9n sus lutos, ya sean genuinos o ficticios.<br \/>\n<iframe loading=\"lazy\" title=\"Tributo de la TV P\u00fablica a Gustavo Cerati\" width=\"640\" height=\"360\" src=\"https:\/\/www.youtube.com\/embed\/U5oo2WPiLRY?feature=oembed\" frameborder=\"0\" allow=\"accelerometer; autoplay; clipboard-write; encrypted-media; gyroscope; picture-in-picture; web-share\" referrerpolicy=\"strict-origin-when-cross-origin\" allowfullscreen><\/iframe><br \/>\nhttps:\/\/www.youtube.com\/watch?v=dtfeB-TeMtE<\/p>\n","protected":false},"template":"","meta":{"_id_youtube":"","_id_vimeo":"","_podcasts_duration":"","_podcasts_url":"","_podcasts_show":"","_prog_horario_dias":"","_prog_hora":"","_prog_duration":""},"class_list":["post-6733","archivo","type-archivo","status-publish","hentry"],"_links":{"self":[{"href":"https:\/\/nofm-radio.com\/index.php?rest_route=\/wp\/v2\/archivo\/6733","targetHints":{"allow":["GET"]}}],"collection":[{"href":"https:\/\/nofm-radio.com\/index.php?rest_route=\/wp\/v2\/archivo"}],"about":[{"href":"https:\/\/nofm-radio.com\/index.php?rest_route=\/wp\/v2\/types\/archivo"}],"wp:attachment":[{"href":"https:\/\/nofm-radio.com\/index.php?rest_route=%2Fwp%2Fv2%2Fmedia&parent=6733"}],"curies":[{"name":"wp","href":"https:\/\/api.w.org\/{rel}","templated":true}]}}