{"id":6759,"date":"2014-09-09T12:00:27","date_gmt":"2014-09-09T17:00:27","guid":{"rendered":"http:\/\/nofm-radio.com\/?p=6759"},"modified":"2014-09-09T12:00:27","modified_gmt":"2014-09-09T17:00:27","slug":"nofm-llega-a-el-faro","status":"publish","type":"archivo","link":"https:\/\/nofm-radio.com\/?archivo=nofm-llega-a-el-faro","title":{"rendered":"NoFM llega a El Faro"},"content":{"rendered":"<p>A partir de esta semana, NoFM estrena una colaboraci\u00f3n con <strong>El Faro<\/strong>, peri\u00f3dico digital salvadore\u00f1o, que naci\u00f3 en 1998, y es uno de los referentes de periodismo independiente en Latinoam\u00e9rica.<br \/>\nCuando leemos la forma en que naci\u00f3 El Faro, muchos medios digitales independientes podemos vernos reflejados en su historia, as\u00ed como en sus principios y objetivos. Cuenta <strong>Carlos Dada<\/strong>, uno de sus fundadores:<br \/>\n&#8220;El Faro apareci\u00f3 en 1998. En 1998, el Nintendo era m\u00e1s serio que Internet. No exist\u00eda <strong>Google<\/strong> todav\u00eda. Nadie usaba Internet: era un juguetito. Yo viv\u00ed muchos a\u00f1os en M\u00e9xico, y mi socio, Jorge Sim\u00e1n, hab\u00eda vivido tambi\u00e9n muchos a\u00f1os fuera. Siempre habl\u00e1bamos de que alg\u00fan d\u00eda tendr\u00edamos que poner un peri\u00f3dico en El Salvador, simplemente, porque como lectores no nos satisfac\u00eda lo que hab\u00eda ah\u00ed. En 1997 yo regres\u00e9 a El Salvador y Jorge ya estaba viviendo aqu\u00ed y dijimos: ahora es cuando. Vamos a planificar el peri\u00f3dico y ponerlo. Cuando empezamos a hacer numeritos de lo que cuesta imprimir un peri\u00f3dico, distribuir un peri\u00f3dico. En El Salvador cada medio tiene que formar su propia red de distribuci\u00f3n, cada peri\u00f3dico tiene sus propios camiones, choferes, vendedores en la calle. Era imposible hacer un peri\u00f3dico dos chavos que no ten\u00edamos dinero, no ten\u00edamos nada. Y de repente yo hab\u00eda tenido ya mucha experiencia con Internet en M\u00e9xico y Jorge fue uno de los primeros en meter Internet en El Salvador. Entonces dijimos: Bueno, si sabemos de Internet, pues pong\u00e1moslo en Internet. Empez\u00f3 en Internet porque no hab\u00eda otra. Tanto no fue premeditado, que en nuestro primer editorial le prometimos a los lectores que alg\u00fan d\u00eda \u00edbamos a ser impresos. Nac\u00edamos en Internet mientras tanto. Obviamente esa promesa qued\u00f3 atr\u00e1s hace muchos a\u00f1os&#8230;&#8221;<br \/>\nPor eso, <strong>NoFM<\/strong> inicia el blog musical <strong><em>Desde el centro de la Tierra<\/em><\/strong>. Porque <strong>Internet<\/strong> es el centro, porque ah\u00ed convergen ideas, porque representaba a El Faro en el 98 y sigue represent\u00e1ndonos en el 2014, porque dej\u00f3 de ser un juguetito para convertirse en una herramienta. Porque el entretenimiento tambi\u00e9n es un instrumento de difusi\u00f3n de la cultura y de transformaci\u00f3n social.<br \/>\nSin m\u00e1s pre\u00e1mbulos les presentamos nuestra <a href=\"http:\/\/losblogs.elfaro.net\/nofm\/\">primera entrega<\/a>, y los invitamos a leer El Faro.<\/p>\n","protected":false},"template":"","meta":{"_id_youtube":"","_id_vimeo":"","_podcasts_duration":"","_podcasts_url":"","_podcasts_show":"","_prog_horario_dias":"","_prog_hora":"","_prog_duration":""},"class_list":["post-6759","archivo","type-archivo","status-publish","hentry"],"_links":{"self":[{"href":"https:\/\/nofm-radio.com\/index.php?rest_route=\/wp\/v2\/archivo\/6759","targetHints":{"allow":["GET"]}}],"collection":[{"href":"https:\/\/nofm-radio.com\/index.php?rest_route=\/wp\/v2\/archivo"}],"about":[{"href":"https:\/\/nofm-radio.com\/index.php?rest_route=\/wp\/v2\/types\/archivo"}],"wp:attachment":[{"href":"https:\/\/nofm-radio.com\/index.php?rest_route=%2Fwp%2Fv2%2Fmedia&parent=6759"}],"curies":[{"name":"wp","href":"https:\/\/api.w.org\/{rel}","templated":true}]}}