{"id":6854,"date":"2014-09-16T10:00:55","date_gmt":"2014-09-16T15:00:55","guid":{"rendered":"http:\/\/nofm-radio.com\/?p=6854"},"modified":"2014-09-16T10:00:55","modified_gmt":"2014-09-16T15:00:55","slug":"informedelno-completo","status":"publish","type":"archivo","link":"https:\/\/nofm-radio.com\/?archivo=informedelno-completo","title":{"rendered":"#InformedelNO Completo"},"content":{"rendered":"<p>El pasado martes dos de septiembre, el presidente\u00a0<strong>Enrique Pe\u00f1a Nieto<\/strong>\u00a0ofreci\u00f3 un discurso con motivo del\u00a0<strong>Segundo Informe<\/strong>\u00a0de Gobierno de una administraci\u00f3n que no termina de asumir su papel ejecutivo: los primeros 21 meses de la gesti\u00f3n no dejan de tener el tufillo de campa\u00f1a electoral: a cada Reforma, una promesa.<br \/>\nEl jefe de Estado decidi\u00f3 separar su documento en cinco \u00e1reas; desde este d\u00eda hasta el pr\u00f3ximo viernes,\u00a0<strong>NoFM Radio<\/strong>\u00a0emitir\u00e1 su posici\u00f3n respecto a cada uno de los rubros.<br \/>\n<strong>I. M\u00e9xico en Paz<\/strong><br \/>\nPe\u00f1a Nieto hered\u00f3 de\u00a0<strong>Felipe Calder\u00f3n<\/strong>\u00a0un pa\u00eds en medio de una cruenta ola delictiva;\u00a0<strong>los asesinatos, secuestros y extorsiones<\/strong>\u00a0ocupaban el centro de la preocupaci\u00f3n de los habitantes de al menos quince entidades federativas. Despu\u00e9s de casi dos a\u00f1os, las cosas no han cambiado.<br \/>\nEl discurso federal presume un pr\u00edstino panorama, se olvida del percudido. Destaca el costo de los 51 programas federales para la prevenci\u00f3n y contenci\u00f3n de la violencia: 131 mil millones de pesos. Seg\u00fan cifras del\u00a0<strong>Sistema Nacional de Seguridad<\/strong>, en los primeros 19 meses del sexenio del pri\u00edsta, fueron asesinadas 28 mil 215 personas; cada muerto tuvo un costo de 4 millones 642 mil pesos: la inversi\u00f3n, pues, no pudo garantizar la seguridad nacional. La inversi\u00f3n en seguridad es similar al gasto del gobierno brasile\u00f1o en el pasado mundial de futbol.<br \/>\nEl\u00a0<strong>Programa Nacional de Prevenci\u00f3n<\/strong>\u00a0tiene un costo de 2 mil 295 millones de pesos y se ha focalizado en 73 municipios prioritarios en los que se concentra el 59 por ciento de la incidencia delictiva. Lo cierto es que la percepci\u00f3n de la violencia y la opini\u00f3n p\u00fablica no cambia: nueve de cada diez mexicanos piensa que el pa\u00eds es inseguro. Adem\u00e1s, seg\u00fan n\u00fameros de la encuesta realizada por el Instituto Nacional Electoral y el Colegio de M\u00e9xico, 70% de ellos dice que no se pueden confiar en ninguna persona.<br \/>\nAnte la opini\u00f3n, el\u00a0<strong>Ejecutivo<\/strong>\u00a0intenta matizar su discurso: a diferencia de la pasada administraci\u00f3n, la prevenci\u00f3n cada vez ocupa un lugar m\u00e1s importante; la soluci\u00f3n debe ser integral, dicen. Sin embargo, las obras apuntan a lo contrario: actualmente se construyen nueve Centros Federales de Readaptaci\u00f3n Social, en los que habitar\u00e1n 9 mil 698 delincuentes federales. Se sigue pensando en medidas punitivas. El gasto se puede realizar en el mismo n\u00famero de centros deportivos, sociales y culturales que integren en la juventud y la infancia.<br \/>\nAdem\u00e1s, el gobierno presume peque\u00f1as victorias, que si bien son un paso al frente, no dejan de ser insuficientes. El \u00edndice de homicidios dolosos baj\u00f3 de 23 a 19 por cada cien mil habitantes; cada d\u00eda son asesinadas 29 personas. La tasa sigue siendo muy alta. Tan s\u00f3lo en los pa\u00edses con los que M\u00e9xico integra la Alianza del Pac\u00edfico, s\u00f3lo Colombia supera a nuestro pa\u00eds en el \u00edndice, 30 por cada cien mil; los otros pa\u00edses, Chile y Per\u00fa, cuentan con 3 y 10, respectivamente.<br \/>\nComo colof\u00f3n, el gobierno ha destacado la creaci\u00f3n de la nueva\u00a0<strong>Gendarmer\u00eda Nacional<\/strong>, dependencia que no deja de recordar a la poco afortunada Polic\u00eda Federal Preventiva. Tan s\u00f3lo para este a\u00f1o, la Gendarmer\u00eda tuvo un presupuesto de 4 mil 500 millones de pesos.<br \/>\nEn el rubro de secuestro, el Informe Ejecutivo de la Administraci\u00f3n se limita a decir: comienza a bajar.<br \/>\nEn un pa\u00eds manchado y que quiere asumirse como uno en recuperaci\u00f3n y desarrollo, el gasto federal deber\u00eda estar destinado a la inversi\u00f3n en educaci\u00f3n y en deporte, e ir dejando medidas de castigos y cambiar, en acciones, a la prevenci\u00f3n.<br \/>\n&nbsp;<br \/>\n<strong>II. M\u00e9xico incluyente<\/strong><br \/>\nSi la felicidad del\u00a0<strong>ciudadano<\/strong>\u00a0es el fin \u00faltimo del Estado, el\u00a0<strong>gasto p\u00fablico<\/strong>\u00a0debe estar destinado a satisfacer las necesidades de la sociedad en su conjunto: infraestructura educativa, m\u00e9dica, deportiva, adem\u00e1s de sistemas y programas que doten a los ciudadanos de las mejores herramientas para lograr su desarrollo personal. En un pa\u00eds con m\u00e1s de la mitad de la poblaci\u00f3n en pobreza, las cosas no se han hecho bien.<br \/>\nEl titular del\u00a0<strong>Ejecutivo Federal<\/strong>\u00a0anunci\u00f3 de manera rimbombante el cambio del\u00a0<strong>Programa de Desarrollo Humano Oportunidades<\/strong>\u00a0(fracaso de las administraciones panistas) a\u00a0<strong>Prospera<\/strong>; una aspirina a precio de quimioterapia. Seg\u00fan el\u00a0<strong>Informe<\/strong>, y su posterior lanzamiento (el presidente eligi\u00f3\u00a0<strong>Ecatepec<\/strong>\u00a0para el anuncio del cambio de nomenclatura) el Programa estar\u00e1 destinado a 7 millones de familias que viven por debajo de la l\u00ednea de la pobreza. El discurso no dice nada, la experiencia de los programas de desarrollo de gran calado nos permite no creer: desde el lanzamiento de\u00a0<strong>Solidaridad<\/strong>, en el sexenio de\u00a0<strong>Carlos Salinas<\/strong>, hasta hoy los \u00edndices de pobreza se han mantenido en el mismo rango: dos de cada diez mexicanos viven en extrema pobreza, es decir, no pueden cubrir necesidades tan b\u00e1sicas como una alimentaci\u00f3n de calidad.<br \/>\nSeg\u00fan el investigador\u00a0<strong>Luis Lozano<\/strong>, la enfermedad es m\u00e1s grave: 90 millones de mexicanos sufren de alg\u00fan rasgo de pobreza, ya sea por acceso educativo o sanitario. En los \u00faltimos 25 a\u00f1os, el poder de compra del salario se ha depreciado 77% y 30 millones de trabajadores nacionales no cuentan con ninguna prestaci\u00f3n social. Si bien el Ejecutivo Federal pondera el dato: M\u00e9xico es uno de los pa\u00edses con menor\u00a0<strong>desempleo<\/strong>\u00a0abierto, los puestos ocupados no ofrecen un salario de calidad, y est\u00e1n destinados al sector poblacional con menos instrucci\u00f3n.<br \/>\nComo muestra, el bot\u00f3n: en el reporte, el gobierno federal presume el bono poblacional: el 54% de los mexicanos tiene menos de 30 a\u00f1os, sin embargo, el desempleo en este sector es de 10%, el doble que los adultos. Adem\u00e1s, el Estado no puede garantizar el acceso a la educaci\u00f3n; seg\u00fan el\u00a0<strong>INEGI<\/strong>, seis de cada diez j\u00f3venes no estudia la preparatoria; a siete millones se les\u00a0 ha bautizado como\u00a0<strong>ninis<\/strong>. No es coincidencia que el suicidio sea la tercera causa de muerte entre j\u00f3venes, la muerte por propia mano se increment\u00f3 en 74% en los \u00faltimos a\u00f1os. En la presentaci\u00f3n del Plan Nacional de la Juventud se establece como objetivo el acceso de los j\u00f3venes a salud, educaci\u00f3n, esparcimiento, cultura y empleo. En los logros apunta la instalaci\u00f3n de 315 centros\u00a0<strong>Poder Joven<\/strong>\u00a0en 31 entidades federativas; 315 para m\u00e1s de 50 millones de ni\u00f1os y j\u00f3venes.<br \/>\nAdem\u00e1s, el informe destaca las labores realizadas en los temas de inclusi\u00f3n sobre ind\u00edgenas, personas con discapacidad y mujeres. En el discurso, el presidente no abandona la paternalista \u201c<strong>igualdad<\/strong>\u201d, tal parece que no se entiende en la oficina de Los Pinos que en un pa\u00eds tan plural y diverso, tan desigual econ\u00f3mica, pol\u00edtica y socialmente, la aspiraci\u00f3n a la igualdad es el camino al fracaso; M\u00e9xico debe aspirar a la\u00a0<strong>equidad<\/strong>, a construirse a partir de sus diferencias. Acaso es en ellas que se encuentra la fuerza m\u00e1s poderosa del pa\u00eds.<br \/>\nEn la \u201c<strong>igualdad de G\u00e9nero<\/strong>\u201d, el presidente presume el gasto: 21 mil 500 millones de pesos en 115 programas de inclusi\u00f3n de mujeres. Sin idea, se resuelva a billetazos. Es cierto que se necesita, por lo menos es este momento del pa\u00eds, de una serie de programas que incluyan a m\u00e1s mujeres en los puestos de decisi\u00f3n en esferas p\u00fablicas y privadas. La\u00a0<strong>Reforma Pol\u00edtica<\/strong>\u00a0obligar\u00e1 a los Partidos a inscribir al 50% de sus candidatos a puestos de elecci\u00f3n popular a mujeres. No es suficiente. En el actual gabinete, s\u00f3lo una mujer,\u00a0<strong>Rosario Robles<\/strong>, ocupa la titularidad de las secretar\u00edas estrat\u00e9gicas del aparato gubernamental (Salud, Educaci\u00f3n P\u00fablica, PGR, Hacienda, Gobernaci\u00f3n, Desarrollo Social y Relaciones Exteriores). Le equidad de dientes para afuera.<br \/>\nNo podemos hablar de un\u00a0<strong>M\u00e9xico incluyente<\/strong>\u00a0si no se generan las inversiones necesarias en producci\u00f3n. Para el\u00a0<strong>tema ind\u00edgena<\/strong>, el gasto federal apenas fue de mil 284 millones de pesos en el Programa de Mejoramiento de la Producci\u00f3n y Productividad, un gasto \u00ednfimo para satisfacer las necesidades del 10% de la poblaci\u00f3n.<br \/>\nNo podemos cambiar nuestra percepci\u00f3n del pa\u00eds (recurrente petici\u00f3n del lic. Pe\u00f1a Nieto), si en el discurso oficial se siguen repitiendo estrategias verticales y paternalistas. El discurso de la inclusi\u00f3n es casi imposible en un pa\u00eds que nunca fue tan desigual como es estos d\u00edas.<br \/>\n&nbsp;<br \/>\n<strong>III. Educaci\u00f3n de calid\u00e1<\/strong><br \/>\nNo se puede negar que el al inicio de la administraci\u00f3n, el\u00a0<strong>Ejecutivo Federal<\/strong>\u00a0parti\u00f3 de un piso leg\u00edtimo para proponer el periodo de\u00a0<strong>reformas estructurales<\/strong>:\u00a0<strong>fiscal<\/strong>,<strong>\u00a0<\/strong><strong>energ\u00e9tica<\/strong>,\u00a0<strong>pol\u00edtica<\/strong>\u00a0o\u00a0<strong>educativa<\/strong>. Esta \u00faltima fue la que inaugur\u00f3 el proceso de cambios en un hecho in\u00e9dito en la historia nacional: el\u00a0<strong>Pacto por M\u00e9xico<\/strong>.<br \/>\nSin embargo, el respaldo leg\u00edtimo se volvi\u00f3 un inestable descanso; desde el inicio de los procedimientos, la\u00a0<strong>Reforma Educativa<\/strong>, parec\u00eda m\u00e1s una venganza pol\u00edtica que un plan estatal. A unas semanas de la toma de posesi\u00f3n le fueron fincadas responsabilidades penales y fue encarcelada la l\u00edder del\u00a0<strong>Sindicato Nacional de Trabajadores de la Educaci\u00f3n<\/strong>\u00a0(<strong>SNTE<\/strong>),\u00a0<strong>Elba Esther Gordillo<\/strong>, acaso la mujer m\u00e1s fuerte de la pol\u00edtica mexicana en las \u00faltimas dos d\u00e9cadas. Su pecado: operar en contra del partido y apoyar a\u00a0<strong>Felipe Calder\u00f3n<\/strong>\u00a0en la carrera presidencial. Desde los nombramientos, el cumplimiento de la amenaza:\u00a0<strong>Emilio Chuayffet<\/strong>, antiguo enemigo de la maestra fue nombrado\u00a0<strong>Secretario de Educaci\u00f3n<\/strong>. Nada nuevo,\u00a0<strong>Carlos Salinas<\/strong>\u00a0hizo lo mismo con\u00a0<strong>Carlos Jonguitud Barrios<\/strong>, el desplazamiento de la plana mayor por estar en contra.<br \/>\nSi bien la cr\u00edtica al sistema educativo nacional es una constante ajena a ideolog\u00edas, y el cambio era indispensable, la reforma deja m\u00e1s dudas que certezas. De los pocos logros es la creaci\u00f3n del\u00a0<strong>Sistema Nacional de Evaluaci\u00f3n<\/strong>.<br \/>\nLa situaci\u00f3n cr\u00edtica: seg\u00fan la prueba\u00a0<strong>ENLACE<\/strong>\u00a0el\u00a0<strong>80 por ciento de los estudiantes de secundaria<\/strong>\u00a0muestran un conocimiento deficiente en espa\u00f1ol; el\u00a0<strong>78% en matem\u00e1ticas<\/strong>.<br \/>\nLa educaci\u00f3n en\u00a0<strong>M\u00e9xico<\/strong>\u00a0es una carrera de obst\u00e1culos: de cada 100 ni\u00f1os que entran a\u00a0<strong>primaria<\/strong>\u00a062 la terminan, 45 terminar\u00e1n la\u00a0<strong>secundaria<\/strong>, 27 el nivel\u00a0<strong>medio superior<\/strong>; trece se titular\u00e1n de alguna carrera y apenas tres realizar\u00e1n alg\u00fan posgrado.<br \/>\nCifras de la\u00a0<strong>Organizaci\u00f3n para la Cooperaci\u00f3n y el Desarrollo Econ\u00f3mico<\/strong>\u00a0revelan que M\u00e9xico ocupa el puesto 53 de los 65 pa\u00edses que integran el organismo, en materia educativa. Y va m\u00e1s all\u00e1, la educaci\u00f3n no garantiza tener un empleo que cubra las necesidades b\u00e1sicas: el desempleo es m\u00e1s fuerte en j\u00f3venes con mayor educaci\u00f3n. Estudiar ya no es garant\u00eda de movilidad social.<br \/>\nEn el documento se presume la cobertura de\u00a0<strong>educaci\u00f3n b\u00e1sica<\/strong>\u00a0(superior al 96 por ciento), pero se equivoca la administraci\u00f3n en colocar la estad\u00edstica como un logro: desde hace mucho el pa\u00eds logr\u00f3 una cobertura casi universal. Sin embargo, el problema radica en la deserci\u00f3n y en la calidad; 33 millones de adultos mexicanos muestran alg\u00fan rezago educativo.<br \/>\nSe invirtieron 7 mil 564 millones de pesos en el mejoramiento de instalaciones de 20 mil escuelas en todo el pa\u00eds, poco m\u00e1s del 5 por ciento del gasto nacional en seguridad.<br \/>\nComo parte del informe educativo, se integran las acciones realizadas en cultura, artes y deporte. Se presumen las 552 mil 259 actividades art\u00edsticas realizadas en el a\u00f1o y las 2 mil 202 medallas ganadas por atletas mexicanos en competencias internacionales de todos los niveles. Otra vez, se presume el logro de una peque\u00f1a esfera de privilegiados que pueden acceder a las actividades art\u00edsticas y deportivas, como justificaci\u00f3n de las pol\u00edticas p\u00fablicas.<br \/>\nSe debe entender que la educaci\u00f3n es la mejor inversi\u00f3n del pa\u00eds; el\u00a0<strong>arte<\/strong>\u00a0y el\u00a0<strong>deporte<\/strong>\u00a0los dos mejores complementos. Pero el gasto debe realizarse en la base: que todo mexicano tenga acceso recreativo en escuelas, parques y centro de entrenamiento. Si no invertimos de manera correcta en la promoci\u00f3n del arte y el deporte masivamente, no revertiremos los \u00edndices delictivos, ni de salud p\u00fablica como obesidad o enfermedades relacionadas al sobrepeso , los dos signos de un pa\u00eds inm\u00f3vil, anquilosado.<br \/>\nEl gobierno dice\u00a0<strong>Mover a M\u00e9xico<\/strong>\u00a0sin levantarse de la silla.<br \/>\n&nbsp;<br \/>\n<strong>IV. M\u00e9xico pr\u00f3spero<\/strong><br \/>\nLa pol\u00edtica, ese arte del estilo, alcanza uno de los sus expresiones m\u00e1s lamentables cuando se depositan los discursos en disfraces, vestuarios y botargas. Al presentar su plan de desarrollo humano \u201c<strong>Prospera<\/strong>\u201d, el\u00a0<strong>presidente de la Rep\u00fablica<\/strong>\u00a0ech\u00f3 mano del viejo gesto del mu\u00f1eco: el programa ser\u00e1 representado por un mu\u00f1eco de ojos marrones y copete amplio, de sonrisa afable y aspecto bonach\u00f3n, de nombre \u201cPr\u00f3spero\u201d (\u00a1Cu\u00e1nta imaginaci\u00f3n! Tanta que botarga ha desaparecido misteriosamente de la red y la prensa). Cualquier referencia con la imagen la imagen presidencial es una ramplona intenci\u00f3n.<br \/>\nEn el apartado de referente al crecimiento, inversi\u00f3n y\u00a0<strong>desarrollo econ\u00f3mico<\/strong>, el lic Pe\u00f1a presume logros conseguidos a r\u00edo revuelto, resultado m\u00e1s del cambio global que de una estrategia nacional. Como antesala se presumen el \u00e9xito del pa\u00eds en la disciplina macroecon\u00f3mica, y el bajo nivel inflacionario que ha mancado a M\u00e9xico en \u00faltimos 15 a\u00f1os; victoria p\u00edrrica la de mantener la inflaci\u00f3n a raya a costo del crecimiento de nuestra econom\u00eda.<br \/>\nEs cierto que se han impulsado en los \u00faltimos dos a\u00f1os programas que deben ser prioritarios en el pa\u00eds como\u00a0<strong>Instituto del Emprendedor<\/strong>\u00a0y\u00a0<strong>la Inclusi\u00f3n Digital<\/strong>; dos datos refutan a las inversiones estatales: el cr\u00e9dito para los\u00a0<strong>microempresarios<\/strong>\u00a0apenas llega al 29 por ciento del total de los cr\u00e9dito otorgados en el pa\u00eds (en Am\u00e9rica Latina, regi\u00f3n de la cual M\u00e9xico presume ser l\u00edder, el \u00edndice llega a 49), y 60 millones de mexicanos no tienen acceso a\u00a0<strong>Internet<\/strong>.<br \/>\nAsimismo, anuncia un futuro rico y promisorio: las Reformas aprobadas permitir\u00e1n el aumento de la\u00a0<strong>recaudaci\u00f3n tributaria<\/strong>, que ser\u00e1 m\u00e1s justa, dicen; lo cierto es que el\u00a0<strong>salario<\/strong>\u00a0ha perdido poder de compra y la clase media, la clase tributante o cautiva, es la m\u00e1s afectada por el endurecimiento y el aumento de los impuestos con la \u00faltima\u00a0<strong>reforma fiscal<\/strong>. La cifra corrobora: 58 por ciento de la poblaci\u00f3n econ\u00f3micamente activa trabaja en la informalidad.<br \/>\nSe cacarean, adem\u00e1s, los beneficios que traer\u00e1n las\u00a0<strong>reformas energ\u00e9tica, financiera o de telecomunicaciones<\/strong>, no reconoce el Ejecutivo que si algo ha perdido es credibilidad. Desde el a\u00f1o pasado, las correcciones en el porcentaje de crecimiento anual (siempre hacia abajo), son la constante de un gobierno que ha querido solucionar el estancamiento con gasto p\u00fablico, es decir, con deuda.<br \/>\nLa administraci\u00f3n est\u00e1 gastando e invirtiendo como hace mucho no se hac\u00eda, eso es innegable y reconocible, pero no nos vayamos a dar cuenta que el gasto se hizo en cavar hoyos para despu\u00e9s taparlos. No olvidemos que el gasto p\u00fablico, construcci\u00f3n y programas, son una de las mejores maneras de reactivar el mercado interno, pero si se hace sin un sentido claro, puede llevar a un endeudamiento terrible.<br \/>\nEl presidente ha presentado a su mascota\u00a0<strong>Pr\u00f3spero<\/strong>, el mejor signo de una presidencia abotargada.<br \/>\n&nbsp;<br \/>\n<strong>V. M\u00e9xico con responsabilidad global<\/strong><br \/>\nUna de las principales consignas de la\u00a0<strong>administraci\u00f3n priista<\/strong>, despu\u00e9s de la oscuridad diplom\u00e1tica de los gobiernos del\u00a0<strong>PAN<\/strong>, fue volver por sus fueros en la\u00a0<strong>presencia internacional<\/strong>.<br \/>\nS\u00f3lo para recordar: durante los a\u00f1os de la bonanza del\u00a0<strong>Partido \u00danico<\/strong>,\u00a0<strong>Acapulco<\/strong>\u00a0fue el m\u00e1ximo centro tur\u00edstico a nivel mundial, el aparato diplom\u00e1tico nacional presumi\u00f3 intervenir en favor de la paz en el\u00a0<strong>conflicto salvadore\u00f1o<\/strong>\u00a0(la\u00a0<strong>firma en Chapultepec<\/strong>) o el\u00a0<strong>Pacto de Tlatelolco<\/strong>, que establece la\u00a0<strong>desnuclearizaci\u00f3n<\/strong>\u00a0de\u00a0<strong>Am\u00e9rica Latina<\/strong>\u00a0y el\u00a0<strong>Caribe<\/strong>. Adem\u00e1s, la\u00a0<strong>Secretar\u00eda de Relaciones Exteriores<\/strong>\u00a0era reconocida como una entidad de promoci\u00f3n del di\u00e1logo internacional. No olvidemos, tampoco, los antojitos y el agua de Jamaica del\u00a0<strong>presidente Echeverr\u00eda<\/strong>; el nopal, la artesan\u00eda, el indito, la imagen mexicana bajo el filtro de clich\u00e9.<br \/>\nEl\u00a0<strong>lic. Pe\u00f1a<\/strong>\u00a0se ha propuesto como uno de los ejes centrales de su gobierno reestablecer esa presencia internacional; el mundo le parece poco, pues. Cada regi\u00f3n tiene un plan espec\u00edfico y desarrollado, se ufana la administraci\u00f3n. Sin embargo, en el tema con\u00a0<strong>Am\u00e9rica Central<\/strong>, los planes se reducen a la\u00a0<strong>migraci\u00f3n<\/strong>.\u00a0<strong>El Ejecutivo<\/strong>\u00a0dice trabajar en el apoyo a los viajeros que reh\u00faye a dejar de nombrar ilegales. Rimbombante palabrer\u00eda; se sigue descarrilando\u00a0<strong>la Bestia<\/strong>.<br \/>\nSe alardea de planes\u00a0<strong>movilidad estudiantil<\/strong>\u00a0con\u00a0<strong>Estados Unidos<\/strong><strong>\u00a0<\/strong>y\u00a0<strong>Canad\u00e1<\/strong>, para 2018 cien mil mexicanos cursar\u00e1n un lapso de sus estudios universitarios en aulas de esos pa\u00edses; las inversiones cada vez ser\u00e1n m\u00e1s s\u00f3lidas y constantes. Dicen, adem\u00e1s, que los intercambios en innovaci\u00f3n, negocios y tecnolog\u00eda, con los otros pa\u00edses norteamericanos, se realizan de par a par, de iguales. Se olvida de un detalle: Estados Unidos y Canad\u00e1 siguen viendo a\u00a0<strong>M\u00e9xico<\/strong>\u00a0por encima del hombro, ambos piden visa a todos los ciudadanos nacionales. En el tema migratorio Washington desoye a Los Pinos, la presi\u00f3n de la diplomacia nacional se reduce a cartas de extra\u00f1amiento; cada d\u00eda mueren mexicanos en su intento de cruzar la frontera y miles son deportados (previo despojo de sus bienes logrados con a\u00f1os de trabajo leg\u00edtimo).<br \/>\nSi M\u00e9xico quiere ganar posiciones en el concierto internacional debe ganar esa presencia con un trabajo s\u00f3lido en sus pol\u00edticas internas. No est\u00e1 mal la promoci\u00f3n de tur\u00edstica ni cultural, pero, sin idea, esa promoci\u00f3n se reduce playas, charros y pir\u00e1mides;<strong>\u00a0<\/strong><strong>tequila<\/strong>,\u00a0<strong>tacos<\/strong>\u00a0y\u00a0<strong>tunas<\/strong>.<br \/>\nAntes de salir a invitar a turistas e inversionistas, el gobierno federal deber\u00eda estar preocupado por poner la casa en orden. No son pocos los casos de extranjeros secuestrados, extorsionados o asesinados por la\u00a0<strong>delincuencia organizada<\/strong>\u00a0en el pac\u00edfico, el golfo y en el caribe. Otras zonas como\u00a0<strong>Sinaloa<\/strong>,\u00a0<strong>Tamaulipas<\/strong>\u00a0o\u00a0<strong>Nuevo Le\u00f3n<\/strong>, han sido incluidas en las recomendaciones de gobiernos de otros pa\u00edses a sus ciudadanos \u201cvayan, bajo su propio riesgo\u201d.<br \/>\nDespu\u00e9s de su informe, anunci\u00f3 la creaci\u00f3n del\u00a0<strong>nuevo Aeropuerto de la ciudad de M\u00e9xico<\/strong>, ser\u00e1 uno de los seis mejores del mundo, presumen. El costo y el tama\u00f1o de la inversi\u00f3n son necesarios para posicionar al pa\u00eds como un referente mundial, sin embargo, la pista a\u00e9rea ser\u00e1 rodeada por una de l<strong>as zonas m\u00e1s paup\u00e9rrimas<\/strong>, en la que poco cuenta la buena imagen nacional en el extranjero.<br \/>\n**<br \/>\nEl gobierno reproduce discursos viejos y anquilosados: festeja cifras y ret\u00f3rica. Anuncia inversiones y negocios en n\u00fameros que no explican, que no comunican. Se habla de ofensivas contra el crimen organizado y cruzadas contra el hambre; al menos 15 estados viven bajo la amenaza del crimen organizados y 19 millones de mexicanos viven en la m\u00e1s terribles de las miserias. La mancha de la corrupci\u00f3n ha percudido a todos los niveles de gobierno y todas las extracciones pol\u00edticas. No queremos pecar de ingenuidad al pensar que con el cambio de administraci\u00f3n las cosas cambiar\u00edan inmediatamente, adem\u00e1s el fruto de los planes que se busca implantar necesita tiempo. Pero exigimos del gobierno una apertura democr\u00e1tica ante una sociedad cada vez m\u00e1s demandante de transparencia, justicia y bienestar. En Los Pinos se debe entender que ser\u00eda m\u00e1s redituable pol\u00edticamente incluir a la verdad en el discurso.\u00a0<strong>M\u00e9xico ha cambiado, su clase pol\u00edtica no<\/strong>.<\/p>\n","protected":false},"template":"","meta":{"_id_youtube":"","_id_vimeo":"","_podcasts_duration":"","_podcasts_url":"","_podcasts_show":"","_prog_horario_dias":"","_prog_hora":"","_prog_duration":""},"class_list":["post-6854","archivo","type-archivo","status-publish","hentry"],"_links":{"self":[{"href":"https:\/\/nofm-radio.com\/index.php?rest_route=\/wp\/v2\/archivo\/6854","targetHints":{"allow":["GET"]}}],"collection":[{"href":"https:\/\/nofm-radio.com\/index.php?rest_route=\/wp\/v2\/archivo"}],"about":[{"href":"https:\/\/nofm-radio.com\/index.php?rest_route=\/wp\/v2\/types\/archivo"}],"wp:attachment":[{"href":"https:\/\/nofm-radio.com\/index.php?rest_route=%2Fwp%2Fv2%2Fmedia&parent=6854"}],"curies":[{"name":"wp","href":"https:\/\/api.w.org\/{rel}","templated":true}]}}