{"id":7031,"date":"2014-10-02T00:00:18","date_gmt":"2014-10-02T05:00:18","guid":{"rendered":"http:\/\/nofm-radio.com\/?p=7031"},"modified":"2014-10-02T00:00:18","modified_gmt":"2014-10-02T05:00:18","slug":"2-anos-diciendo-no","status":"publish","type":"archivo","link":"https:\/\/nofm-radio.com\/?archivo=2-anos-diciendo-no","title":{"rendered":"2 a\u00f1os diciendo No"},"content":{"rendered":"<p><strong>Dos a\u00f1os diciendo no<\/strong>. Sin cansancio, con ganas de m\u00e1s. Tratando de comprender lo que somos y hacia d\u00f3nde queremos ir. Como muchos otros, como tantos. Dici\u00e9ndole s\u00ed a la amistad, a la colaboraci\u00f3n, al trabajo, a la dignidad, a elegir por nosotros.<br \/>\nMiles de horas de transmisi\u00f3n, muy poco sue\u00f1o y nada de dinero. Y mejor as\u00ed. Independientes. Firmes. Sin ilusiones vanas, aqu\u00ed estamos construyendo, poco a poco, y no sabemos qu\u00e9 pasar\u00e1, porque lo estamos construyendo con ustedes. Escuch\u00e1ndonos en ustedes.<br \/>\nHoy es 2 de octubre y <strong>no se olvida<\/strong>. Hoy murieron muchos j\u00f3venes, casi tantos como los que ahora salen a la calle a gritar el mismo NO que nosotros gritamos:<br \/>\nYa NO m\u00e1s. <strong>Nunca m\u00e1s<\/strong>. No al olvido.<br \/>\nNo olvidamos que hoy es <strong>2 de octubre<\/strong>, y cumple a\u00f1os <strong>Ghandi<\/strong>, y cumple a\u00f1os nuestro Marx preferido: <strong>Groucho<\/strong>. No olvidamos que con el humor comienza la cr\u00edtica. Que re\u00edr es tambi\u00e9n un acto de resistencia. Que NO cedemos nuestro derecho a la felicidad. No olvidamos que tambi\u00e9n se puede marchar en silencio o al ritmo de la m\u00fasica.<br \/>\nHoy es 2 de octubre y celebramos el NO m\u00e1s afirmativo que existe. Porque en dos a\u00f1os aprendimos que, como dec\u00eda <strong>Joe Strummer<\/strong>, sin la gente NO somos nada, que decirle NO al miedo m\u00e1s que bravuconer\u00eda es un acto de fe en el mundo, en la gente, en la libertad, en el futuro. Aprendimos que decir &#8220;<strong>Detr\u00e1s del no estoy yo<\/strong>&#8221; no es un acto de individualismo, sino la certeza de que somos \u00fanicos, y somos lo que negamos.<br \/>\nHoy es 2 de octubre y recordamos peque\u00f1os triunfos: un uruguayo que meti\u00f3 el primer gol ol\u00edmpico de la historia, unos chamacos de 17 a\u00f1os que nos dieron un poquito de gloria con una Copa del mundo, y celebramos a un espacio que cumple 2 a\u00f1os.<br \/>\n<strong>NoFM<\/strong> comenz\u00f3, y podr\u00eda terminar ma\u00f1ana o en veinte a\u00f1os, pero hemos encontrado a tantos como nosotros que cada minuto que logramos transmitir ya es una victoria. As\u00ed que empiece el baile de los que sobran, de los que caminan en una pel\u00edcula muda, de los que miran lejanos, de los solitarios, de los que no entienden nada, de los que entienden todo, de los que no han encontrado y han encontrado buscar.<br \/>\nEstamos de fiesta. Y algunas fiestas llegan a ser tan bellas que pueden durar toda la vida en un s\u00f3lo un instante.<br \/>\n<strong>Feliz 2\u00b0 aniversario, NoFM. Todo menos miedo.<\/strong><\/p>\n","protected":false},"template":"","meta":{"_id_youtube":"","_id_vimeo":"","_podcasts_duration":"","_podcasts_url":"","_podcasts_show":"","_prog_horario_dias":"","_prog_hora":"","_prog_duration":""},"class_list":["post-7031","archivo","type-archivo","status-publish","hentry"],"_links":{"self":[{"href":"https:\/\/nofm-radio.com\/index.php?rest_route=\/wp\/v2\/archivo\/7031","targetHints":{"allow":["GET"]}}],"collection":[{"href":"https:\/\/nofm-radio.com\/index.php?rest_route=\/wp\/v2\/archivo"}],"about":[{"href":"https:\/\/nofm-radio.com\/index.php?rest_route=\/wp\/v2\/types\/archivo"}],"wp:attachment":[{"href":"https:\/\/nofm-radio.com\/index.php?rest_route=%2Fwp%2Fv2%2Fmedia&parent=7031"}],"curies":[{"name":"wp","href":"https:\/\/api.w.org\/{rel}","templated":true}]}}