{"id":7789,"date":"2014-11-04T15:00:02","date_gmt":"2014-11-04T21:00:02","guid":{"rendered":"http:\/\/nofm-radio.com\/?p=7789"},"modified":"2014-11-04T15:00:02","modified_gmt":"2014-11-04T21:00:02","slug":"el-dia-en-el-que-el-coco-no-regreso","status":"publish","type":"archivo","link":"https:\/\/nofm-radio.com\/?archivo=el-dia-en-el-que-el-coco-no-regreso","title":{"rendered":"El d\u00eda en el que El Coco no regres\u00f3."},"content":{"rendered":"<p>&#8220;Somos el \u00fanico festival de m\u00fasica interesado en resaltar nuestras costumbres y tradiciones mexicanas.&#8221; As\u00ed inicia el comunicado oficial de <strong>Rockeando.net<\/strong> que explica los motivos de la cancelaci\u00f3n del festival <strong>El Regreso del Coco 2014.<\/strong> Y no es la primera vez que por motivos bastante fuera de lo normal un festival se cancela, recordemos el <strong>Hell and Heaven<\/strong> que, de acuerdo con el actual Gobernador del Estado de M\u00e9xico <strong>Eruviel Avila<\/strong>, no contaba con las medidas de seguridad necesarias para llevarse a cabo.<br \/>\nEn esta ocasi\u00f3n el festival cultural y m\u00fasical que se ha desarrollado ya en cuatro ocasiones se vio afectado por la degradada visi\u00f3n de la delegaci\u00f3n Milpa Alta, a cargo de Victor Hugo Monterola, &#8220;quien emiti\u00f3 una orden de cancelaci\u00f3n de actividades para nuestro evento, todo detonado por una peque\u00f1a queja en relaci\u00f3n a un supuesto da\u00f1o a una banqueta cercana al sitio donde se realizar\u00eda el evento&#8221;.<br \/>\nA continuaci\u00f3n el comunicado completo por parte de la productora del festival:<br \/>\n&nbsp;<\/p>\n<p style=\"padding-left: 30px;\"><em>&#8220;Somos el \u00fanico festival de m\u00fasica interesado en resaltar nuestras costumbres y tradiciones mexicanas.<\/em><\/p>\n<p style=\"padding-left: 30px;\"><em>Ingenieros, dise\u00f1adores gr\u00e1ficos, mercad\u00f3logos, administradores, artistas pl\u00e1sticos, comunic\u00f3logos, veterinarios, fot\u00f3grafos, periodistas, ilustradores, programadores, m\u00fasicos y medios son quienes integran nuestra organizaci\u00f3n, somos j\u00f3venes mexicanos del sur del Distrito Federal conocidos dentro de nuestra comunidad por ser trabajadores, y por querer exaltar los valores de nuestro ya lesionado pa\u00eds. <\/em><\/p>\n<p style=\"padding-left: 30px;\"><em>Este festival de m\u00fasica y cultura, nos toma todo un a\u00f1o de preparaci\u00f3n, es un a\u00f1o en donde trabajamos arduamente para ofrecer al p\u00fablico buena m\u00fasica, buena comida, arte y lo m\u00e1s importante, inculcar la preservaci\u00f3n de nuestra tradici\u00f3n de D\u00eda de Muertos en un ambiente positivo.\u00a0<\/em><\/p>\n<p style=\"padding-left: 30px;\"><em>Sin embargo, este 1 de noviembre por motivos ajenos a nosotros, \u201cEl regreso del coco\u201d, fue suspendido gracias a intereses pol\u00edticos que hay en la delegaci\u00f3n Milpa Alta, en espec\u00edfico, del Jefe Delegacional, Arq. Victor Hugo Monterola, quien emiti\u00f3 una orden de cancelaci\u00f3n de actividades para nuestro evento, todo detonado por una peque\u00f1a queja en relaci\u00f3n a un supuesto da\u00f1o a una banqueta cercana al sitio donde se realizar\u00eda el evento, la cual no afectaba a la realizaci\u00f3n de \u201cEl Regreso del Coco\u201d, ni tampoco a la persona que levant\u00f3 la queja.\u00a0<\/em><\/p>\n<p style=\"padding-left: 30px;\"><em>Parte de nuestra organizaci\u00f3n trat\u00f3 de negociar por las v\u00edas pac\u00edficas con los funcionarios p\u00fablicos y con el Jefe Delegacional, pero fue imposible llegar a un acuerdo, es m\u00e1s se nos neg\u00f3 todo tipo de acercamiento a \u00e9l.\u00a0<\/em><\/p>\n<p style=\"padding-left: 30px;\"><em>Debido a esta situaci\u00f3n, nuestra p\u00e9rdidas monetarias hacienden a m\u00e1s de $200,000.00 (Doscientos mil pesos 00\/00 MN) y vale la pena aclarar en este punto que esta inversi\u00f3n se recaud\u00f3 a base de esfuerzo y mucho trabajo por parte de todos los integrantes de nuestra organizaci\u00f3n, j\u00f3venes trabajadores con ganas de hacer de M\u00e9xico un pa\u00eds mejor.<\/em><\/p>\n<p style=\"padding-left: 30px;\"><em>Por el momento, el evento se pospondr\u00e1 y se programar\u00e1 una nueva fecha, esperando poder hacer lo que nos gusta, manifest\u00e1ndonos como mexicanos independientes en pro de la cultura, la cual ir\u00f3nicamente se nos muri\u00f3 este primero de noviembre.\u00a0<\/em><\/p>\n<p style=\"padding-left: 30px;\"><em>Rockeando.net<\/em><\/p>\n<p style=\"padding-left: 30px;\"><em>Productora del Regreso del Coco\u201d<\/em><\/p>\n<p>Todo esto nos genera la duda m\u00e1xima \u00bfes acaso la ausencia de <strong>OCESA<\/strong> la causante de la cancelaci\u00f3n? \u00bfEn realidad necesitamos del monopolio para poder disfrutar de propuestas valiosas e independientes? S\u00f3lo esperamos que &#8220;el monstruo del espect\u00e1culo&#8221; se mantenga a raya y deje que empresas productoras que tienen coraz\u00f3n y buenos motivos sigan organizando eventos tan propositivos como\u00a0<strong>El Regreso del Coco<\/strong>.<\/p>\n","protected":false},"template":"","meta":{"_id_youtube":"","_id_vimeo":"","_podcasts_duration":"","_podcasts_url":"","_podcasts_show":"","_prog_horario_dias":"","_prog_hora":"","_prog_duration":""},"class_list":["post-7789","archivo","type-archivo","status-publish","hentry"],"_links":{"self":[{"href":"https:\/\/nofm-radio.com\/index.php?rest_route=\/wp\/v2\/archivo\/7789","targetHints":{"allow":["GET"]}}],"collection":[{"href":"https:\/\/nofm-radio.com\/index.php?rest_route=\/wp\/v2\/archivo"}],"about":[{"href":"https:\/\/nofm-radio.com\/index.php?rest_route=\/wp\/v2\/types\/archivo"}],"wp:attachment":[{"href":"https:\/\/nofm-radio.com\/index.php?rest_route=%2Fwp%2Fv2%2Fmedia&parent=7789"}],"curies":[{"name":"wp","href":"https:\/\/api.w.org\/{rel}","templated":true}]}}