{"id":7824,"date":"2014-11-05T10:00:53","date_gmt":"2014-11-05T16:00:53","guid":{"rendered":"http:\/\/nofm-radio.com\/?p=7824"},"modified":"2014-11-05T10:00:53","modified_gmt":"2014-11-05T16:00:53","slug":"7824","status":"publish","type":"archivo","link":"https:\/\/nofm-radio.com\/?archivo=7824","title":{"rendered":"C\u00e9sar Luis Menotti y sus 76"},"content":{"rendered":"<p>Es de esos viejos sabios a los que siempre se recurre en busca de respuestas. Uno de los hombres m\u00e1s respetados del f\u00fatbol, y uno de los que mejor ha hablado sobre ese deporte. C\u00e9sar Luis Menotti llega hoy a los 76 a\u00f1os de edad y no hay m\u00e1s que celebr\u00e1rselos.<br \/>\nEl m\u00edtico entrenador de la selecci\u00f3n argentina ha sido un pilar del f\u00fatbol Latinoamericana. Desde el Barcelona, la mancuerna con Maradona, el apret\u00f3n de mano al dictador Videla al ganar el campeonato mientras escond\u00eda en su casa a los pr\u00f3fugos del r\u00e9gimen, C\u00e9sar Luis Menotti es un hombre que hay que seguir y celebrar.<br \/>\nLes dejamos aqu\u00ed el documental sobre la Copa del Mundo Argentina 1978, que toca parte de la postura del entrenador. tambi\u00e9n les dejemos una de la \u00faltimas entrevistas que otorg\u00f3 al final del m\u00e1s reciente Mundial de f\u00fatbol.<br \/>\n<iframe loading=\"lazy\" width=\"480\" height=\"360\" src=\"\/\/www.youtube.com\/embed\/tTyMCif-dT0\" frameborder=\"0\" allowfullscreen><\/iframe><br \/>\n<iframe loading=\"lazy\" width=\"640\" height=\"360\" src=\"\/\/www.youtube.com\/embed\/EEPyK5dwELg\" frameborder=\"0\" allowfullscreen><\/iframe><\/p>\n","protected":false},"template":"","meta":{"_id_youtube":"","_id_vimeo":"","_podcasts_duration":"","_podcasts_url":"","_podcasts_show":"","_prog_horario_dias":"","_prog_hora":"","_prog_duration":""},"class_list":["post-7824","archivo","type-archivo","status-publish","hentry"],"_links":{"self":[{"href":"https:\/\/nofm-radio.com\/index.php?rest_route=\/wp\/v2\/archivo\/7824","targetHints":{"allow":["GET"]}}],"collection":[{"href":"https:\/\/nofm-radio.com\/index.php?rest_route=\/wp\/v2\/archivo"}],"about":[{"href":"https:\/\/nofm-radio.com\/index.php?rest_route=\/wp\/v2\/types\/archivo"}],"wp:attachment":[{"href":"https:\/\/nofm-radio.com\/index.php?rest_route=%2Fwp%2Fv2%2Fmedia&parent=7824"}],"curies":[{"name":"wp","href":"https:\/\/api.w.org\/{rel}","templated":true}]}}