{"id":7829,"date":"2014-11-05T14:37:44","date_gmt":"2014-11-05T20:37:44","guid":{"rendered":"http:\/\/nofm-radio.com\/?p=7829"},"modified":"2014-11-05T14:37:44","modified_gmt":"2014-11-05T20:37:44","slug":"ya-es-mucho-sufrimiento-padres-de-ayotzinapa","status":"publish","type":"archivo","link":"https:\/\/nofm-radio.com\/?archivo=ya-es-mucho-sufrimiento-padres-de-ayotzinapa","title":{"rendered":"&quot;Ya es mucho sufrimiento&quot;: Padres de Ayotzinapa"},"content":{"rendered":"<p>Hoy <strong>5 de noviembre<\/strong> es el d\u00eda de acci\u00f3n global por <strong>Ayotzinapa<\/strong>. Para seguir contribuyendo con la informaci\u00f3n sobre el tema, les dejamos una nota de <strong><a href=\"http:\/\/www.somoselmedio.org\/content\/%E2%80%9C-33-d%C3%ADas-ya-estamos-muy-desesperados-ya-es-mucho-sufrimiento%E2%80%9D\">Somos el medio<\/a><\/strong> sobre la reuni\u00f3n de los padres de los <strong>43 desaparecidos<\/strong> con <strong>Enrique Pe\u00f1a Nieto<\/strong>. Igualmente, les anunciamos que hoy a las 10 de la noche, <strong>RPM<\/strong> recibir\u00e1 a colaboradores del medio digital quienes nos compartir\u00e1n testimonios de los estudiantes de la <strong>Escuela Normal Ra\u00fal Isidro Burgos de Ayotzinapa<\/strong>.<br \/>\n<strong>\u201cA 33 d\u00edas ya estamos muy desesperados, ya es mucho sufrimiento\u201d<\/strong><br \/>\nAlejandra N. Rodr\u00edguez<br \/>\nGabriela de la Rosa<br \/>\n29 octubre 2014. Familiares de los 43 estudiantes desparecidos de Ayotzinapa, se\u00f1alaron que tras la reuni\u00f3n efectuada con el presidente Enrique Pe\u00f1a Nieto los acuerdos son insuficientes, debido a que su demanda principal que es la presentaci\u00f3n con vida de sus hijos no ha sido resuelta. Denunciaron la lenta y tard\u00eda intervenci\u00f3n del gobierno federal en el caso. Entre los 10 puntos que firmaron en los Pinos destaca el castigo a los culpables de las ejecuciones extrajudiciales del 26 y 27 de septiembre, atenci\u00f3n m\u00e9dica a los normalistas que permanecen heridos de gravedad y reabrir la investigaci\u00f3n de los asesinatos de dos normalistas en el 2011.<br \/>\nEn conferencia de prensa en el Centro de Derechos Humanos Miguel Agust\u00edn Pro, los familiares exigieron redireccionar la b\u00fasqueda de sus hijos, \u201cqueremos que los busquen vivos no en fosas y basureros\u201d. Felipe de la Cruz Sandoval, integrante del comit\u00e9 de familiares de los 43 desaparecidos, llam\u00f3 a que el gobierno investigue la identidad de los cuerpos encontrados en la fosas, \u201csi no son nuestros hijos que digan quienes son esas personas\u201d.<br \/>\nEmiliano Navarrete Victoriano, padre de familia se\u00f1al\u00f3 con voz entrecortada, \u201cCada vez que regreso a mi casa, me da tristeza ver a mis hijos y volverles a decir, su hermano no viene conmigo\u201d. Epifanio \u00c1lvarez Carbajal, otro padre se familia mencion\u00f3, \u201ca 33 d\u00edas ya estamos muy desesperados, ya es mucho sufrimiento para nosotros, yo he salido a b\u00fasquedas para hallar a nuestros hijos, pero parece que se burlan de nosotros y no nos dan respuesta. Estamos desesperados mas no cansados, el cansancio llegara cuando encontremos a nuestros hijos\u201d.<br \/>\nVidulfo Rosales, abogado del Centro de Derechos Humanos de la Monta\u00f1a Tlachinollan, hizo hincapi\u00e9 en que las agresiones perpetradas a los normalistas, son producto de una serie de omisiones de todos los niveles de gobierno. El abogado destac\u00f3 que en la reuni\u00f3n con el presidente se solicit\u00f3 que se conforme una comisi\u00f3n especializada en la b\u00fasqueda en casos de desaparici\u00f3n forzada, con apoyo de la Comisi\u00f3n Interamericana de Derechos Humanos.<br \/>\nOtra de las exigencias de los familiares de los 43 desaparecidos, es que no se le criminalice a los j\u00f3venes normalistas, ni se les vincule con el crimen organizado y por el contrario una de las l\u00edneas de investigaci\u00f3n en el caso sea, la delincuencia organizada y sus v\u00ednculos con los servidores p\u00fablicos.<br \/>\nEdgar Andr\u00e9s Vargas, padre de Nicolas Andr\u00e9s Juan, normalista con impacto de bala en la quijada se\u00f1al\u00f3 a los militares de la 27 zona militar como responsables de la postergaci\u00f3n de atenci\u00f3n medica hacia su hijo, \u201cpor culpa de los militares mi hijo por poco muere asfixiado con su propia sangre\u201d.<br \/>\nMartha Isela Echeverr\u00eda, hermana de Gabriel Echeverr\u00eda , normalista de Ayotzinapa asesinado en la autopista del sol en el 2011, denunci\u00f3 que el Gobierno de Guerrero ya se acostumbr\u00f3 a que cada a\u00f1o mata a estudiantes y los cr\u00edmenes quedan impunes, cabe se\u00f1alar que a la fecha no hay autoridades castigadas por este hecho.<br \/>\nDavid Flores Maldonado, integrante del comit\u00e9 estudiantil de Ayotzinapa, anunci\u00f3 que los normalistas realizaran una caravana de informaci\u00f3n para acercarse a los estudiantes de todo el pa\u00eds, a su vez sentenci\u00f3, \u201cNuestros compa\u00f1eros desaparecidos y ca\u00eddos son parte de nuestra familia y el apoyo de los estudiantes estar\u00e1 hasta el \u00faltimo momento porque ellos son nuestros hermanos.\u201d<br \/>\nLos padres y su equipo jur\u00eddico se\u00f1alaron que la siguiente reuni\u00f3n con el gobierno federal debe tener una resoluci\u00f3n a los 10 puntos de acuerdo as\u00ed como, resolver la principal demanda, la presentaci\u00f3n con vida de los 43 desaparecidos.<\/p>\n","protected":false},"template":"","meta":{"_id_youtube":"","_id_vimeo":"","_podcasts_duration":"","_podcasts_url":"","_podcasts_show":"","_prog_horario_dias":"","_prog_hora":"","_prog_duration":""},"class_list":["post-7829","archivo","type-archivo","status-publish","hentry"],"_links":{"self":[{"href":"https:\/\/nofm-radio.com\/index.php?rest_route=\/wp\/v2\/archivo\/7829","targetHints":{"allow":["GET"]}}],"collection":[{"href":"https:\/\/nofm-radio.com\/index.php?rest_route=\/wp\/v2\/archivo"}],"about":[{"href":"https:\/\/nofm-radio.com\/index.php?rest_route=\/wp\/v2\/types\/archivo"}],"wp:attachment":[{"href":"https:\/\/nofm-radio.com\/index.php?rest_route=%2Fwp%2Fv2%2Fmedia&parent=7829"}],"curies":[{"name":"wp","href":"https:\/\/api.w.org\/{rel}","templated":true}]}}