{"id":7833,"date":"2014-11-05T17:41:51","date_gmt":"2014-11-05T23:41:51","guid":{"rendered":"http:\/\/nofm-radio.com\/?p=7833"},"modified":"2014-11-05T17:41:51","modified_gmt":"2014-11-05T23:41:51","slug":"nofm-los-invita-a-anatema-proyecto-curatorial","status":"publish","type":"archivo","link":"https:\/\/nofm-radio.com\/?archivo=nofm-los-invita-a-anatema-proyecto-curatorial","title":{"rendered":"NoFM los invita a ANATEMA PROYECTO CURATORIAL"},"content":{"rendered":"<p>NoFM los invita a <strong>ANATEMA PROYECTO CURATORIAL<\/strong> originario de <strong>Guadalajara<\/strong>. <strong>NUNCA NADA NADIE<\/strong>, que se present\u00f3 por primera vez en abril del presente a\u00f1o en la ciudad de Guadalajara, se presentar\u00e1 el pr\u00f3ximo viernes 7 de noviembre a las 20:30 hrs. en las instalaciones del colectivo <strong>Cr\u00e1ter Invertido<\/strong> ubicado en Joaqu\u00edn Garc\u00eda Icazbalceta 32B, Colonia San Rafael.<br \/>\nArtistas participantes:<br \/>\n<strong>Natasha Barhedia<\/strong>\/ <strong>Clavadoseislombriz<\/strong>\/ <strong>Jos\u00e9 Mar\u00eda Rubio<\/strong>\/ <strong>Lino Vite<\/strong>\/ <strong>Magaly Ascencio<\/strong>\/ <strong>Daniel Valdez<\/strong>\/ <strong>Janine Jop Quintero<\/strong>\/<strong> M\u00f3nica Yadn\u00fa<\/strong>\/ <strong>Los Dictadores<\/strong><br \/>\nCuradur\u00eda<br \/>\n<strong>Temoc Camacho<\/strong> y <strong>Samantha Cendejas<\/strong><br \/>\nACTIVIDADES:<br \/>\nS\u00e1bado 08 de noviembre 17 hrs.<br \/>\nLa cr\u00edtica desde proyectos art\u00edsticos independientes: contradicciones y posibilidades<br \/>\nCharla y presentaci\u00f3n del proyecto con el equipo de ANATEMA<br \/>\ny colectivos independientes de la Ciudad de M\u00e9xico:<br \/>\nPr\u00e1cticas de cr\u00edtica social en el arte.<br \/>\nProyectos art\u00edsticos actuales: contradicciones y posibilidades<br \/>\nAutogesti\u00f3n, autocr\u00edtica y otras reflexiones.<br \/>\nCon la presencia de miembros del colectivo Nerivela, Rancho electr\u00f3nico, Cr\u00e1ter Invertido con la participaci\u00f3n de Tamara Ibarra y Viviana Mart\u00ednez.<br \/>\nLunes 10 de noviembre 20hrs.<br \/>\nCharla con R\u00faben Ortiz, creador e investigador de las artes esc\u00e9nicas, imparti\u00f3 un laboratorio en el marco de la producci\u00f3n de las piezas para esta cuarta edici\u00f3n Nunca Nada Nadie. Se abordar\u00e1n temas como la relaci\u00f3n entre la legalidad y la normalidad, lo pol\u00edtico, la pol\u00edtica, el archivo, y las pr\u00e1cticas cotidianas que se derivan de asumir el contexto y las leyes como algo dado e inalterable.<br \/>\nPara m\u00e1s informaci\u00f3n:<br \/>\n<a href=\"http:\/\/anatema.org\/\">http:\/\/anatema.org\/<\/a><\/p>\n","protected":false},"template":"","meta":{"_id_youtube":"","_id_vimeo":"","_podcasts_duration":"","_podcasts_url":"","_podcasts_show":"","_prog_horario_dias":"","_prog_hora":"","_prog_duration":""},"class_list":["post-7833","archivo","type-archivo","status-publish","hentry"],"_links":{"self":[{"href":"https:\/\/nofm-radio.com\/index.php?rest_route=\/wp\/v2\/archivo\/7833","targetHints":{"allow":["GET"]}}],"collection":[{"href":"https:\/\/nofm-radio.com\/index.php?rest_route=\/wp\/v2\/archivo"}],"about":[{"href":"https:\/\/nofm-radio.com\/index.php?rest_route=\/wp\/v2\/types\/archivo"}],"wp:attachment":[{"href":"https:\/\/nofm-radio.com\/index.php?rest_route=%2Fwp%2Fv2%2Fmedia&parent=7833"}],"curies":[{"name":"wp","href":"https:\/\/api.w.org\/{rel}","templated":true}]}}