{"id":7865,"date":"2014-11-10T14:56:47","date_gmt":"2014-11-10T20:56:47","guid":{"rendered":"http:\/\/nofm-radio.com\/?p=7865"},"modified":"2014-11-10T14:56:47","modified_gmt":"2014-11-10T20:56:47","slug":"aqui-no-hubo-escena","status":"publish","type":"archivo","link":"https:\/\/nofm-radio.com\/?archivo=aqui-no-hubo-escena","title":{"rendered":"Aqu\u00ed No Hubo Escena"},"content":{"rendered":"<p>Aqu\u00ed No Hubo Escena<br \/>\npor <a href=\"http:\/\/melimelo.com.mx\/\">Mel\u00ed Mel\u00f3<\/a><br \/>\nMismos escenarios, mismas bandas, mismos festivales. La escena musical en M\u00e9xico est\u00e1 asfixiada por un selecto mont\u00f3n de agrupaciones y artistas nacionales e internacionales, los cuales impiden que colectivos con nuevas propuestas le peguen al medio comercial. Y no importa, porque no lo necesitan. Para eso existen proyectos dedicados a crear espacios alternos donde la m\u00fasica emergente pueda darse a conocer. Un ejemplo: <strong>Aqu\u00ed No Hubo Escena<\/strong>.<br \/>\nANHE es un colectivo originado en el Distrito Federal en 2013. Todo empez\u00f3 en una bodega de Azcapotzalco, en donde seis chicos hicieron un \u201ctoqu\u00edn\u201d para despu\u00e9s, y muy r\u00e1pidamente, convertirse en una organizaci\u00f3n que, adem\u00e1s del festival, realiza showcases en los escenarios de bares y espacios culturales como <strong>Caradura<\/strong>, <strong>Pasag\u00fcero<\/strong>, <strong>Centro Cultural Espa\u00f1a<\/strong> y el <strong>Franz Mayer<\/strong>.<br \/>\n<a href=\"http:\/\/nofm-radio.com\/wp-content\/uploads\/2014\/11\/aquino.jpg\" class=\"no-eff img-link lightbox\" ><img loading=\"lazy\" decoding=\"async\" src=\"http:\/\/nofm-radio.com\/wp-content\/uploads\/2014\/11\/aquino.jpg\" alt=\"aquino\" width=\"700\" height=\"295\" class=\"alignnone size-full wp-image-7866\" \/><\/a><br \/>\nEste a\u00f1o se presenta la cuarta edici\u00f3n de <strong>Aqu\u00ed No Hubo Escena<\/strong> el s\u00e1bado 15 de noviembre en el <strong>Teatro L\u00facido<\/strong> (Enrique Gonz\u00e1lez Mart\u00ednez, 234 Col. Santa Mar\u00eda de la Ribera \/ Metro San Cosme y Buenavista). En esta ocasi\u00f3n se presentar\u00e1n 11 bandas de g\u00e9neros como punk, pop, electr\u00f3nica, rock y experimental.<br \/>\nEl costo de la entrada en preventa es de $50 y el mismo d\u00eda $70. Adem\u00e1s, ANHE creo en cada edici\u00f3n un compilado con las bandas que participan para ponerlo a la venta, a tan s\u00f3lo $10. As\u00ed, Aqu\u00ed no Hubo Escena se convierte en toda una fiesta en la que bandas en desarrollo pueden presentarse de manera libre y generar contacto y convivencia tanto con otras bandas como con el p\u00fablico.<br \/>\nLes dejamos una probadita de 3 de las bandas que participar\u00e1n en esta edici\u00f3n:<br \/>\n<iframe loading=\"lazy\" width=\"100%\" height=\"450\" scrolling=\"no\" frameborder=\"no\" src=\"https:\/\/w.soundcloud.com\/player\/?url=https%3A\/\/api.soundcloud.com\/tracks\/113097218&amp;auto_play=false&amp;hide_related=false&amp;show_comments=true&amp;show_user=true&amp;show_reposts=false&amp;visual=true\"><\/iframe><br \/>\n<iframe loading=\"lazy\" width=\"100%\" height=\"450\" scrolling=\"no\" frameborder=\"no\" src=\"https:\/\/w.soundcloud.com\/player\/?url=https%3A\/\/api.soundcloud.com\/tracks\/171144142&amp;auto_play=false&amp;hide_related=false&amp;show_comments=true&amp;show_user=true&amp;show_reposts=false&amp;visual=true\"><\/iframe><br \/>\nSi se quiere enterar de m\u00e1s escuche <strong>Rockzilla Rockzuki<\/strong> hoy a las 11 pm por <strong>NoFM<\/strong>.<\/p>\n","protected":false},"template":"","meta":{"_id_youtube":"","_id_vimeo":"","_podcasts_duration":"","_podcasts_url":"","_podcasts_show":"","_prog_horario_dias":"","_prog_hora":"","_prog_duration":""},"class_list":["post-7865","archivo","type-archivo","status-publish","hentry"],"_links":{"self":[{"href":"https:\/\/nofm-radio.com\/index.php?rest_route=\/wp\/v2\/archivo\/7865","targetHints":{"allow":["GET"]}}],"collection":[{"href":"https:\/\/nofm-radio.com\/index.php?rest_route=\/wp\/v2\/archivo"}],"about":[{"href":"https:\/\/nofm-radio.com\/index.php?rest_route=\/wp\/v2\/types\/archivo"}],"wp:attachment":[{"href":"https:\/\/nofm-radio.com\/index.php?rest_route=%2Fwp%2Fv2%2Fmedia&parent=7865"}],"curies":[{"name":"wp","href":"https:\/\/api.w.org\/{rel}","templated":true}]}}