{"id":7889,"date":"2014-11-11T12:34:19","date_gmt":"2014-11-11T18:34:19","guid":{"rendered":"http:\/\/nofm-radio.com\/?p=7889"},"modified":"2014-11-11T12:34:19","modified_gmt":"2014-11-11T18:34:19","slug":"la-esquizofrenia-nacional","status":"publish","type":"archivo","link":"https:\/\/nofm-radio.com\/?archivo=la-esquizofrenia-nacional","title":{"rendered":"La esquizofrenia nacional"},"content":{"rendered":"<p>por Javier Raya<br \/>\nNos vemos forzados a, como sociedad (o su simulacro), construir nuestras propias versiones de los hechos. Estas reconstrucciones ser\u00e1n diferentes de las versiones oficiales y de los medios informativos, y con raz\u00f3n: nuestra \u00fanica legitimidad es una suerte de confianza en el testimonio del otro. <a href=\"http:\/\/notigodinez.com\/videos-y-fotos-demuestran-presencia-de-infiltrados-de-la-policia-que-iniciaron-los-desmanes-en-palacio-nacional\/\">Esta nota<\/a> cuenta la historia de la puerta quemada de Palacio Nacional desde la perspectiva que no es enunciada ni por lo medios ni por el gobierno: la perspectiva de la microdocumentaci\u00f3n fotogr\u00e1fica.<br \/>\nDocumentar el actuar de las fuerzas oficiales no es un <a href=\"https:\/\/fbcdn-sphotos-d-a.akamaihd.net\/hphotos-ak-xpf1\/t31.0-8\/s843x403\/10712525_757554784292386_3612209344884751280_o.jpg\">delito<\/a>, aunque el \u00fanico crimen por el que est\u00e1n comenzando otra fase de detenciones arbitrarias parece ser el de ser joven o caer en alguno de los prejuicios de resentimiento social de los polic\u00edas y <a href=\"http:\/\/www.sinembargo.mx\/10-11-2014\/1164712\">granacerdos<\/a>.<br \/>\nSi Camus afirmaba que deb\u00edamos estar siempre del lado de los que &#8220;padecen la Historia&#8221;; del lado opuesto al de los que la escriben, fijan, pulen, aromatizan y le dan esplendor; si, en suma, podemos abrir los ojos y observar (como en la foto de abajo) una imagen inc\u00f3moda de la realidad, esa observaci\u00f3n nos vuelve testigos autorizados del presente. No podemos hacer como que no vemos que el gobierno trata de sacudirse Ayotzinapa de encima como si fuera un avispero. No podemos hacer como que los polic\u00edas no han detenido a alg\u00fan amigo o conocido. No podemos &#8220;desver&#8221; los testimonios aplastantes. Podemos ignorarlos, pero en el fondo sabemos que todos los signos apuntan a que nos est\u00e1n exterminando industrialmente y nadie hace nada al respecto (para fines de sexenio, a este ritmo, vamos a terminar en 300 mil muertos seg\u00fan cifras oficiales; ac\u00e1 un poco de <a href=\"https:\/\/medium.com\/@Tania_Tagle\/breve-apologia-de-la-violencia-como-acto-de-sobrevivencia-face4f054700\">perspectiva necromasiva<\/a>).<br \/>\nNo hablo de responsabilidad pol\u00edtica necesariamente &#8211;se trata de un acto de percepci\u00f3n \u00e9tica. Aceptemos que somos cobardes, que no tenemos a d\u00f3nde ir, que no tenemos ninguna manera de enfrentarnos solos, a empellones, contra el final del sexenio. Aceptemos que vamos a pasar por estos a\u00f1os traum\u00e1ticos juntos, y los que sobrevivan se van a acordar del 2014 como el a\u00f1o en que Alemania le meti\u00f3 de todo a Brasil en el Maracan\u00e1, mientras una plaga indiferente barr\u00eda los cuerpos debajo de la alfombra. Yo no me quiero acordar as\u00ed de esta \u00e9poca. Si no construimos urgentemente una &#8220;versi\u00f3n social&#8221; de los hechos, las primeras d\u00e9cadas del siglo XXI ser\u00e1n como un mal sue\u00f1o del que no terminaremos de despertar. Es la receta para la esquizofrenia nacional.<br \/>\n#AyotzinapaSomosTodos<br \/>\n<a class=\"no-eff img-link lightbox\" href=\"http:\/\/nofm-radio.com\/wp-content\/uploads\/2014\/11\/foto.jpg\"><img loading=\"lazy\" decoding=\"async\" class=\"alignnone size-full wp-image-7923\" src=\"http:\/\/nofm-radio.com\/wp-content\/uploads\/2014\/11\/foto.jpg\" alt=\"foto\" width=\"720\" height=\"362\" \/><\/a><\/p>\n","protected":false},"template":"","meta":{"_id_youtube":"","_id_vimeo":"","_podcasts_duration":"","_podcasts_url":"","_podcasts_show":"","_prog_horario_dias":"","_prog_hora":"","_prog_duration":""},"class_list":["post-7889","archivo","type-archivo","status-publish","hentry"],"_links":{"self":[{"href":"https:\/\/nofm-radio.com\/index.php?rest_route=\/wp\/v2\/archivo\/7889","targetHints":{"allow":["GET"]}}],"collection":[{"href":"https:\/\/nofm-radio.com\/index.php?rest_route=\/wp\/v2\/archivo"}],"about":[{"href":"https:\/\/nofm-radio.com\/index.php?rest_route=\/wp\/v2\/types\/archivo"}],"wp:attachment":[{"href":"https:\/\/nofm-radio.com\/index.php?rest_route=%2Fwp%2Fv2%2Fmedia&parent=7889"}],"curies":[{"name":"wp","href":"https:\/\/api.w.org\/{rel}","templated":true}]}}