{"id":7977,"date":"2014-11-19T12:00:14","date_gmt":"2014-11-19T18:00:14","guid":{"rendered":"http:\/\/nofm-radio.com\/?p=7977"},"modified":"2014-11-19T12:00:14","modified_gmt":"2014-11-19T18:00:14","slug":"imagenes-en-voz-alta-carteles-sobre-ayotzinapa","status":"publish","type":"archivo","link":"https:\/\/nofm-radio.com\/?archivo=imagenes-en-voz-alta-carteles-sobre-ayotzinapa","title":{"rendered":"Im\u00e1genes en voz alta: Carteles sobre Ayotzinapa"},"content":{"rendered":"<p>Las muestras de solidaridad con las familias de los <strong>43 normalistas<\/strong> desaparecidos contin\u00faan en distintas partes del mundo. Pero adem\u00e1s de ello, las mismas voces piden justicia no s\u00f3lo para esos estudiantes desaparecidos y los asesinados el 26 de septiembre, sino para un pa\u00eds que ha tomado como s\u00edmbolo este caso para exigir que las cosas cambien.<br \/>\nLa comunidad art\u00edstica ha hecho distintas manifestaciones, quiz\u00e1 la m\u00e1s visible de ellas <strong>#IlustradoresCon Ayotzinapa<\/strong>. Siguiendo esta iniciativa, el blog <strong>Im\u00e1genes en voz alta<\/strong> ha convocado a que se realicen carteles respecto del caso <strong>Ayotzinapa<\/strong>, y de la situaci\u00f3n en M\u00e9xico en general. Bajo el lema &#8220;<strong>Comparte, imprime, habla y discute<\/strong>&#8220;, han reunido m\u00e1s de 140 carteles, algunos de artistas gr\u00e1ficos muy reconocidos como <strong>M\u00fasica Vs el Poder<\/strong>.<br \/>\nLes dejamos una peque\u00f1a muestra de esta reuni\u00f3n de carteles y no dejen de visitar la <a href=\"http:\/\/imagenesenvozalta.tumblr.com\/\">p\u00e1gina<\/a> para revisar todas las propuestas.<br \/>\n<\/p>\n","protected":false},"template":"","meta":{"_id_youtube":"","_id_vimeo":"","_podcasts_duration":"","_podcasts_url":"","_podcasts_show":"","_prog_horario_dias":"","_prog_hora":"","_prog_duration":""},"class_list":["post-7977","archivo","type-archivo","status-publish","hentry"],"_links":{"self":[{"href":"https:\/\/nofm-radio.com\/index.php?rest_route=\/wp\/v2\/archivo\/7977","targetHints":{"allow":["GET"]}}],"collection":[{"href":"https:\/\/nofm-radio.com\/index.php?rest_route=\/wp\/v2\/archivo"}],"about":[{"href":"https:\/\/nofm-radio.com\/index.php?rest_route=\/wp\/v2\/types\/archivo"}],"wp:attachment":[{"href":"https:\/\/nofm-radio.com\/index.php?rest_route=%2Fwp%2Fv2%2Fmedia&parent=7977"}],"curies":[{"name":"wp","href":"https:\/\/api.w.org\/{rel}","templated":true}]}}