{"id":8037,"date":"2014-11-20T13:45:39","date_gmt":"2014-11-20T19:45:39","guid":{"rendered":"http:\/\/nofm-radio.com\/?p=8037"},"modified":"2014-11-20T13:45:39","modified_gmt":"2014-11-20T19:45:39","slug":"ayotzinapa-poema-urgente-por-parte-de-david-huerta","status":"publish","type":"archivo","link":"https:\/\/nofm-radio.com\/?archivo=ayotzinapa-poema-urgente-por-parte-de-david-huerta","title":{"rendered":"Ayotzinapa, poema urgente por parte de David Huerta"},"content":{"rendered":"<p>Mucho se ha escrito, dicho y hecho sobre Ayotzinapa. La manifestaci\u00f3n del dolor y la indignaci\u00f3n es parte fundamental de la cura. Y uno de los ejemplos que m\u00e1s ha circulado es este poema de David Huerta. Nos parece importante difundirlo. La justicia no puede esperar un segundo m\u00e1s.<br \/>\nAYOTZINAPA<br \/>\nMordemos la sombra<br \/>\nY en la sombra<br \/>\nAparecen los muertos<br \/>\nComo luces y frutos<br \/>\nComo vasos de sangre<br \/>\nComo piedras de abismo<br \/>\nComo ramas y frondas<br \/>\nDe dulces v\u00edsceras<br \/>\nLos muertos tienen manos<br \/>\nEmpapadas de angustia<br \/>\nY gestos inclinados<br \/>\nEn el sudario del viento<br \/>\nLos muertos llevan consigo<br \/>\nUn dolor insaciable<br \/>\nEsto es el pa\u00eds de las fosas<br \/>\nSe\u00f1oras y se\u00f1ores<br \/>\nEste es el pa\u00eds de los aullidos<br \/>\nEste es el pa\u00eds de los ni\u00f1os en llamas<br \/>\nEste es el pa\u00eds de las mujeres martirizadas<br \/>\nEste es el pa\u00eds que ayer apenas exist\u00eda<br \/>\nY ahora no se sabe d\u00f3nde qued\u00f3<br \/>\nEstamos perdidos entre bocanadas<br \/>\nDe azufre maldito<br \/>\nY fogatas arrasadoras<br \/>\nEstamos con los ojos abiertos<br \/>\nY los ojos los tenemos llenos<br \/>\nDe cristales punzantes<br \/>\nEstamos tratando de dar<br \/>\nNuestras manos de vivos<br \/>\nA los muertos y a los desaparecidos<br \/>\nPero se alejan y nos abandonan<br \/>\nCon un gesto de infinita lejan\u00eda<br \/>\nEl pan se quema<br \/>\nLos rostros se queman arrancados<br \/>\nDe la vida y no hay manos<br \/>\nNi hay rostros<br \/>\nNi hay pa\u00eds<br \/>\nSolamente hay una vibraci\u00f3n<br \/>\nTupida de l\u00e1grimas<br \/>\nUn largo grito<br \/>\nDonde nos hemos confundido<br \/>\nLos vivos y los muertos<br \/>\nQuien esto lea debe saber<br \/>\nQue fue lanzado al mar de humo<br \/>\nDe las ciudades<br \/>\nComo una se\u00f1al del esp\u00edritu roto<br \/>\nQuien esto lea debe saber tambi\u00e9n<br \/>\nQue a pesar de todo<br \/>\nLos muertos no se han ido<br \/>\nNi los han hecho desaparecer<br \/>\nQue la magia de los muertos<br \/>\nEst\u00e1 en el amanecer y en la cuchara<br \/>\nEn el pie y en los maizales<br \/>\nEn los dibujos y en el r\u00edo<br \/>\nDemos a esta magia<br \/>\nLa plata templada<br \/>\nDe la brisa<br \/>\nEntreguemos a los muertos<br \/>\nA nuestros muertos j\u00f3venes<br \/>\nEl pan del cielo<br \/>\nLa espiga de las aguas<br \/>\nEl esplendor de toda tristeza<br \/>\nLa blancura de nuestra condena<br \/>\nEl olvido del mundo<br \/>\nY la memoria quebrantada<br \/>\nDe todos los vivos<br \/>\nAhora mejor callarse<br \/>\nHermanos<br \/>\nY abrir las manos y la mente<br \/>\nPara poder recoger del suelo maldito<br \/>\nLos corazones despedazados<br \/>\nDe todos los que son<br \/>\nY de todos<br \/>\nLos que han sido<\/p>\n","protected":false},"template":"","meta":{"_id_youtube":"","_id_vimeo":"","_podcasts_duration":"","_podcasts_url":"","_podcasts_show":"","_prog_horario_dias":"","_prog_hora":"","_prog_duration":""},"class_list":["post-8037","archivo","type-archivo","status-publish","hentry"],"_links":{"self":[{"href":"https:\/\/nofm-radio.com\/index.php?rest_route=\/wp\/v2\/archivo\/8037","targetHints":{"allow":["GET"]}}],"collection":[{"href":"https:\/\/nofm-radio.com\/index.php?rest_route=\/wp\/v2\/archivo"}],"about":[{"href":"https:\/\/nofm-radio.com\/index.php?rest_route=\/wp\/v2\/types\/archivo"}],"wp:attachment":[{"href":"https:\/\/nofm-radio.com\/index.php?rest_route=%2Fwp%2Fv2%2Fmedia&parent=8037"}],"curies":[{"name":"wp","href":"https:\/\/api.w.org\/{rel}","templated":true}]}}