{"id":8091,"date":"2014-11-27T10:00:33","date_gmt":"2014-11-27T16:00:33","guid":{"rendered":"http:\/\/nofm-radio.com\/?p=8091"},"modified":"2014-11-27T10:00:33","modified_gmt":"2014-11-27T16:00:33","slug":"los-75-anos-de-marvel","status":"publish","type":"archivo","link":"https:\/\/nofm-radio.com\/?archivo=los-75-anos-de-marvel","title":{"rendered":"Los 75 a\u00f1os de Marvel"},"content":{"rendered":"<p>Este 2014 <strong>Marvel<\/strong> lleg\u00f3 a los 75 a\u00f1os en medio de una bombardeo de nuevas pel\u00edculas y basadas en sus s\u00faper h\u00e9roes. La uni\u00f3n de la m\u00edtica empresa de c\u00f3mics a <strong>Disney<\/strong> parec\u00eda ser un paso antinatural, pero al parecer lo han llevado con dignidad. A Marvel se le ve bastante bien para sus a\u00f1os, a pesar de las siempre presentes cr\u00edticas que se\u00f1alan las continuas inexactitudes de pel\u00edculas y c\u00f3mics.<br \/>\nPara celebrar a Marvin, la cadena <strong>ABC<\/strong> realiz\u00f3 el especial <strong>From pulp to pop<\/strong>, que recorre la historia de la empresa desde que era <strong>Timely C\u00f3mics<\/strong>, con <strong>Martin Goodman y Stan Lee<\/strong> a la cabeza, pasando por los momentos de crisis de la Segunda Guerra Mundial, la bancarrota en los 90, y los resurgimientos creativos que la empresa ha pasado a lo largo de 39 a\u00f1os.<br \/>\nLes dejamos el documental completo, dirigido por <strong>Zak Knutson<\/strong>, que se estren\u00f3 a principios de este mes en la televisi\u00f3n estadounidense. Disfruten.<\/p>\n<div><center>Marvel 75 Years: From Pulp to Pop!<br \/><a target=\"_blank\" href=\"http:\/\/www.teledocumentales.com\/?p=12411\" rel=\"noopener noreferrer\"><img loading=\"lazy\" decoding=\"async\" src=\"http:\/\/cache.teledocumentales.com\/wp-content\/thumbnails\/embed\/12411.jpg\" width=\"500\" height=\"350\" border=\"0\" \/><\/a><\/center><\/div>\n","protected":false},"template":"","meta":{"_id_youtube":"","_id_vimeo":"","_podcasts_duration":"","_podcasts_url":"","_podcasts_show":"","_prog_horario_dias":"","_prog_hora":"","_prog_duration":""},"class_list":["post-8091","archivo","type-archivo","status-publish","hentry"],"_links":{"self":[{"href":"https:\/\/nofm-radio.com\/index.php?rest_route=\/wp\/v2\/archivo\/8091","targetHints":{"allow":["GET"]}}],"collection":[{"href":"https:\/\/nofm-radio.com\/index.php?rest_route=\/wp\/v2\/archivo"}],"about":[{"href":"https:\/\/nofm-radio.com\/index.php?rest_route=\/wp\/v2\/types\/archivo"}],"wp:attachment":[{"href":"https:\/\/nofm-radio.com\/index.php?rest_route=%2Fwp%2Fv2%2Fmedia&parent=8091"}],"curies":[{"name":"wp","href":"https:\/\/api.w.org\/{rel}","templated":true}]}}