{"id":8108,"date":"2014-11-28T13:00:54","date_gmt":"2014-11-28T19:00:54","guid":{"rendered":"http:\/\/nofm-radio.com\/?p=8108"},"modified":"2014-11-28T13:00:54","modified_gmt":"2014-11-28T19:00:54","slug":"ya-viene-el-carnaval-de-bahidora-tierraincognita","status":"publish","type":"archivo","link":"https:\/\/nofm-radio.com\/?archivo=ya-viene-el-carnaval-de-bahidora-tierraincognita","title":{"rendered":"Ya viene el Carnaval de Bahidor\u00e1, #TierraInc\u00f3gnita"},"content":{"rendered":"<p>Bueno. Ya comienzan los anuncios y la banda debe comenzar a ahorrar. Pero les queremos recomendar mucho que pongan en los primeros lugares de su lista el <strong>Carnaval de Bahidor\u00e1<\/strong>, <strong>#TierraInc\u00f3gnita<\/strong>. \u00bfPor qu\u00e9? Pues se va a poner astralmente ching\u00f3n.<br \/>\nA llevarse a cabo el <strong>21 y 22 de febrero<\/strong> del pr\u00f3ximo a\u00f1o en <strong>Las Estacas<\/strong>, en el estado de <strong>Morelos<\/strong>. No hay pierde. \u00bfSe imaginan? Conciertos por todos lados, un clima perfecto, poca ropa y fogatas. Suena so\u00f1ado, la verdad.<br \/>\nPueden consultar costos y hospedaje en esta p\u00e1gina <a href=\"http:\/\/bahidora.com\/\">www.bahidora.com<\/a><br \/>\nDel cartel todav\u00eda no se sabe mucho, pero ya se filtr\u00f3 por ah\u00ed que <strong>Kindness<\/strong> llega seguro, as\u00ed que ya se acumulan m\u00e1s motivos para asistir.<br \/>\n<a href=\"http:\/\/nofm-radio.com\/wp-content\/uploads\/2014\/11\/kidne.jpg\" class=\"no-eff img-link lightbox\" ><img loading=\"lazy\" decoding=\"async\" src=\"http:\/\/nofm-radio.com\/wp-content\/uploads\/2014\/11\/kidne.jpg\" alt=\"kidne\" width=\"621\" height=\"960\" class=\"alignnone size-full wp-image-8109\" \/><\/a><br \/>\n<iframe loading=\"lazy\" title=\"Kindness - This Is Not About Us\" width=\"640\" height=\"360\" src=\"https:\/\/www.youtube.com\/embed\/7GBDwFDtmLo?feature=oembed\" frameborder=\"0\" allow=\"accelerometer; autoplay; clipboard-write; encrypted-media; gyroscope; picture-in-picture; web-share\" referrerpolicy=\"strict-origin-when-cross-origin\" allowfullscreen><\/iframe><br \/>\nPor ah\u00ed nos vemos, entre las estrellas.<\/p>\n","protected":false},"template":"","meta":{"_id_youtube":"","_id_vimeo":"","_podcasts_duration":"","_podcasts_url":"","_podcasts_show":"","_prog_horario_dias":"","_prog_hora":"","_prog_duration":""},"class_list":["post-8108","archivo","type-archivo","status-publish","hentry"],"_links":{"self":[{"href":"https:\/\/nofm-radio.com\/index.php?rest_route=\/wp\/v2\/archivo\/8108","targetHints":{"allow":["GET"]}}],"collection":[{"href":"https:\/\/nofm-radio.com\/index.php?rest_route=\/wp\/v2\/archivo"}],"about":[{"href":"https:\/\/nofm-radio.com\/index.php?rest_route=\/wp\/v2\/types\/archivo"}],"wp:attachment":[{"href":"https:\/\/nofm-radio.com\/index.php?rest_route=%2Fwp%2Fv2%2Fmedia&parent=8108"}],"curies":[{"name":"wp","href":"https:\/\/api.w.org\/{rel}","templated":true}]}}