{"id":8246,"date":"2014-12-08T13:45:44","date_gmt":"2014-12-08T19:45:44","guid":{"rendered":"http:\/\/nofm-radio.com\/?p=8246"},"modified":"2014-12-08T13:45:44","modified_gmt":"2014-12-08T19:45:44","slug":"manifiesto-de-escritores-artistas-visuales-academicos-por-la-equidad-y-la-justicia","status":"publish","type":"archivo","link":"https:\/\/nofm-radio.com\/?archivo=manifiesto-de-escritores-artistas-visuales-academicos-por-la-equidad-y-la-justicia","title":{"rendered":"Manifiesto de escritores, artistas visuales, acad\u00e9micos por la equidad y la justicia"},"content":{"rendered":"<p style=\"text-align: right;\">M\u00e9xico, D.F., 06 de diciembre de 2014<\/p>\n<p>Los acontecimientos de extrema violencia, de desigualdad, de pobreza, de corrupci\u00f3n, que se han acentuado en la Rep\u00fablica, son prueba indudable de que el Ejecutivo y el partido pol\u00edtico que lo sustenta no son adecuados a las exigencias y car\u00e1cter que demanda nuestro tiempo. La desaparici\u00f3n de los 43 alumnos de la Escuela Normal Rural \u201cRa\u00fal Isidro Burgos\u201d de Ayotzinapa, Guerrero, el asesinato de 22 personas a manos de elementos del Ej\u00e9rcito en una bodega en el municipio de Tlatlaya, Estado de M\u00e9xico, las desapariciones forzadas y las fosas con cad\u00e1veres que aparecen diariamente de un lado a otro del pa\u00eds, han sido el punto de quiebre de nuestra sociedad. Las manifestaciones que diariamente se multiplican, dentro y fuera del pa\u00eds, son muestra de un bloque social en resistencia que exige al Estado el cumplimiento cabal del contrato social.<br \/>\nPor lo anterior, exigimos:<br \/>\n1. La aparici\u00f3n con vida de los 43 alumnos de la Escuela Normal Rural \u201cRa\u00fal Isidro Burgos\u201d de Ayotzinapa. Asimismo la aprehensi\u00f3n de todos los involucrados en la desaparici\u00f3n de los normalistas y un juicio ejemplar para que estos atentados en contra de la poblaci\u00f3n ni se toleren ni se repitan.<br \/>\n2. La investigaci\u00f3n puntual y el esclarecimiento del asesinato de 22 personas a manos de elementos del Ej\u00e9rcito en una bodega en el municipio de Tlatlaya, Estado de M\u00e9xico.<br \/>\n3. El fin de la infiltraci\u00f3n de polic\u00edas y miembros del ej\u00e9rcito en las marchas y actos de protesta de la sociedad civil. Lo cual ha acarreado un sinf\u00edn de detenciones arbitrarias de manifestantes pac\u00edficos e incluso ciudadanos ajenos a la manifestaci\u00f3n.<br \/>\n4. El fin de las detenciones forzadas, que asemejan secuestros o desapariciones del Estado, que de esta forma reactiva la \u201cGuerra sucia\u201d que el PRI encabez\u00f3 ferozmente contra los opositores de su r\u00e9gimen.<br \/>\n5. La liberaci\u00f3n inmediata de los presos pol\u00edticos, quienes son golpeados, torturados y trasladados a penales de alta seguridad, con cargos de asociaci\u00f3n delictuosa, mot\u00edn y tentativa de homicidio. De lo cual se desprende una clara criminalizaci\u00f3n, por parte del Estado, de la protesta social.<br \/>\n6. La creaci\u00f3n de la figura legal que permita la revocaci\u00f3n de mandato del titular del Poder Ejecutivo mediante el voto directo.<br \/>\n7. Derogaci\u00f3n de la reforma a los art\u00edculos 11 y 73 (realizada por el PRI, PAN y PVEM) que allanan el camino a la Ley o Leyes de movilidad estatales impulsadas desde el Congreso, lo cual deliberadamente atenta contra la libertad de expresi\u00f3n en momentos en que la sociedad civil muestra su cr\u00edtica a todos los niveles de gobierno en las calles.<br \/>\n8. El reconocimiento de los feminicidios (7 casos al d\u00eda) que se cometen contra mujeres y ni\u00f1as como cr\u00edmenes de Estado por omisi\u00f3n. Lo que urgir\u00eda a establecer un protocolo de investigaci\u00f3n del feminicidio a nivel nacional. Asimismo condenamos la negativa del Sistema Nacional para Prevenir, Sancionar y Erradicar la Violencia contra las Mujeres (SNPASEVM) a emitir las Alertas de Violencia de G\u00e9nero en Colima, Chihuahua, Chiapas, Guanajuato, Morelos, Veracruz, Oaxaca, Estado de M\u00e9xico, lo cual ha derivado en un incremento de desapariciones y asesinatos en dichas entidades.<br \/>\nReiteramos que nuestro prop\u00f3sito es la b\u00fasqueda de un Estado que promueva y consiga la equidad y justicia en nuestra Rep\u00fablica. As\u00ed como un Estado que d\u00e9 cabal cumplimiento al contrato social. De tal forma, convocamos a la creaci\u00f3n de la Red de Escritores, Artistas y Acad\u00e9micos por la justicia y la equidad, la cual deber\u00e1 realizar un trabajo intelectual que se oponga a la injusticia, a la violaci\u00f3n de los derechos humanos, al autoritarismo, y que contribuya a crear los posicionamientos pol\u00edticos y culturales de una sociedad en cambio y en b\u00fasqueda de la transformaci\u00f3n de sus instituciones pol\u00edticas y la reconstrucci\u00f3n de su tejido social.<br \/>\n\u2022 AYOTZINAPA 43 JUSTICIA<br \/>\n\u2022 PRESOS POL\u00cdTICOS LIBERTAD<br \/>\nFIRMAN<br \/>\n1. Max Rojas (Poeta)<br \/>\n2. Francisco Segovia (Poeta, narrador, ensayista)<br \/>\n3. Javier Sicilia (Poeta)<br \/>\n4. Ana Clavel (Escritora e investigadora)<br \/>\n5. Francisco Hinojosa (Escritor)<br \/>\n6. Alicia Garc\u00eda Bergua (Poeta, ensayista y traductora)<br \/>\n7. H\u00e9ctor Carreto (Poeta)<br \/>\n8. Sa\u00fal Ibargoyen (Poeta y narrador)<br \/>\n9. Yani Pecanins (Artista visual)<br \/>\n10. Jos\u00e9 Vicente Anaya (Poeta, editor y cr\u00edtico literario)<br \/>\n11. Jos\u00e9 Luis Rivas (Poeta y traductor)<br \/>\n12. Carlos Pellicer L\u00f3pez (Ilustrador, artista pl\u00e1stico)<br \/>\n13. Josu\u00e9 Ram\u00edrez (Poeta)<br \/>\n14. Natalia Toledo (Poeta)<br \/>\n15. M\u00f3nica Mansour (Poeta, narradora y ensayista)<br \/>\n16. Dana Gelinas (Poeta y traductora)<br \/>\n17. Marcos L\u00edmenes (Artista visual)<br \/>\n18. Francisco Maga\u00f1a (Poeta)<br \/>\n19. Jorge Brash (Poeta y traductor)<br \/>\n20. Claudia Elisa Gidi Blanchet (Acad\u00e9mica)<br \/>\n21. Rosina Conde (Poeta y narradora)<br \/>\n22. Mauricio L\u00f3pez Noriega (Acad\u00e9mico, poeta y ensayista)<br \/>\n23. Israel Ram\u00edrez (Docente y cr\u00edtico literario)<br \/>\n24. Francisco Torres C\u00f3rdova (Poeta y traductor)<br \/>\n25. Iv\u00e1n Cruz Osorio (Poeta y editor)<br \/>\n26. Gabriela Astorga (Editora)<br \/>\n27. Benjam\u00edn E. Morales (Poeta y editor)<br \/>\n28. Santiago Robles Bonfil (Artista visual)<br \/>\n29. Santiago Sol\u00eds Montes de Oca (Ilustrador)<br \/>\n30. Al\u00ed Calder\u00f3n (Poeta y cr\u00edtico literario)<br \/>\n31. Leo Mendoza (Guionista y cuentista)<br \/>\n32. Adela Goldbard (Artista visual)<br \/>\n33. \u00c9dgar Omar Avil\u00e9s (Narrador)<br \/>\n34. Carlos Ram\u00edrez Vuelvas (Poeta y acad\u00e9mico)<br \/>\n35. Dal\u00ed Corona (Poeta)<br \/>\n36. Jocelyn Mart\u00ednez Elizalde (Docente y cr\u00edtico literario)<br \/>\n37. Armando Vel\u00e1zquez Soto (Docente y cr\u00edtico literario)<br \/>\n38. Daniel T\u00e9llez (Poeta)<br \/>\n39. Silvia Gonz\u00e1lez de Le\u00f3n (Fot\u00f3grafa)<br \/>\n40. Glenn Gallardo (Poeta y traductor)<br \/>\n41. Ren\u00e9 Morales (Poeta y editor)<br \/>\n42. Berta Kolteniuk (Artista \/ curadora)<br \/>\n43. Leonardo Iv\u00e1n Mart\u00ednez (Poeta)<br \/>\n44. Claudia Cabrera Luna (Traductora literaria)<br \/>\n45. Manuel Mena Jara (Geof\u00edsico)<br \/>\n46. Ma. Luisa Capella Vizca\u00edno (Centro de Estudios de Migraciones y Exilios de la UNED)<br \/>\n47. \u00d3scar Su\u00e1rez Alem\u00e1n (Fot\u00f3grafo)<br \/>\n48. Diego Eveillard (Guionista)<br \/>\n49. Araceli Dami\u00e1n (Acad\u00e9mica)<br \/>\n50. Dr. Gustavo Garza (Profesor e investigador)<br \/>\n51. Ester Hern\u00e1ndez Palacios (Ensayista, cr\u00edtica literaria, narradora)<br \/>\n52. Iris Garc\u00eda Cuevas (Narradora)<br \/>\n53. Edith Pacheco G\u00f3mez (Docente)<br \/>\n54. Rafael Toriz (Narrador y ensayista)<br \/>\n55. Claudina Domingo (Poeta)<br \/>\n56. Kalu Tatyisavi (Poeta y narrador)<br \/>\n57. Oscar Cid de Le\u00f3n (Poeta y periodista)<br \/>\n58. Eric P\u00e9rez (Artista visual)<br \/>\n59. Mar\u00eda Jos\u00e9 de la Macorra (Artista visual)<br \/>\n60. Il\u00e1n Semo (Historiador)<br \/>\n61. Julieta Piastro Behar (Acad\u00e9mica)<br \/>\n62. Jorge Aguilera L\u00f3pez (Poeta, docente y cr\u00edtico literario)<br \/>\n63. Jos\u00e9 Manuel Pintado (Poeta)<br \/>\n64. Manuel Iris (Poeta y cr\u00edtico literario)<br \/>\n65. Silvia Mu\u00f1oz (Docente y polit\u00f3loga)<br \/>\n66. Itzel Lara (Dramaturga y guionista)<br \/>\n67. Gabriela Vidal (Escritora)<br \/>\n68. Ximena Escalante (Dramaturga)<br \/>\n69. Luis Alcocer (Dramaturgo)<br \/>\n70. Roberto Andrade Cer\u00f3n (Guionista)<br \/>\n71. Christian Becerra (Artista visual)<br \/>\n72. Abraham Nah\u00f3n (Poeta e investigador social)<br \/>\n73. Sophia Gasca (Gestora cultural)<br \/>\n74. \u00d3scar Acebal Malvaez (Post-productor)<br \/>\n75. Roberto Cruz Arzabal (Poeta y cr\u00edtico literario)<br \/>\n76. Rene\u00e9 Acosta (Poeta)<br \/>\n77. Gabriela Conde Moreno (Escritora)<br \/>\n78. Luis Alberto Arellano (Poeta)<br \/>\n79. Nuria Iba\u00f1ez (Directora de cine)<br \/>\n80. Ver\u00f3nica Bujeiro (Dramaturga)<br \/>\n81. Ver\u00f3nica Musalem (Dramaturga)<br \/>\n82. Paulo C\u00e9sar Riqu\u00e9 Terrones (Cineasta)<br \/>\n83. Francisco Santos Burgoa (Guionista)<br \/>\n84. Paula Markovitch (Escritora y cineasta)<br \/>\n85. H\u00e9ctor Iv\u00e1n Gonz\u00e1lez (Escritor)<br \/>\n86. Mariana Ozuna Casta\u00f1eda (Acad\u00e9mica)<br \/>\n87. Luis Manuel Amador (Poeta y editor)<br \/>\n88. Jos\u00e9 P. Serrato (Escritor y abogado)<br \/>\n89. Judith Santopietro (Poeta)<br \/>\n90. Diana del \u00c1ngel (Poeta)<br \/>\n91. Efra\u00edn Velasco Sosa (Poeta)<br \/>\n92. Armando Salgado (Poeta y maestro normalista)<br \/>\n93. Argentina Casanova (Poeta)<br \/>\n94. Laura Z\u00fa\u00f1iga Orta (Narradora)<br \/>\n95. Mari\u00e1ngeles Comesa\u00f1a (Poeta)<br \/>\n96. Mariana Bernardez (Poeta)<br \/>\n97. Gibr\u00e1n Portela (Escritor)<br \/>\n98. Pablo Iv\u00e1n Garc\u00eda (Escritor)<br \/>\n99. Avril Blanco (Poeta y editora)<br \/>\n100. Ib\u00e1n de Le\u00f3n (Poeta)<br \/>\n101. Roberto L\u00f3pez Moreno (Poeta)<br \/>\n102. Margarito Cuellar (Poeta)<br \/>\n103. Leticia Luna (Poeta)<br \/>\n104. Marco Lagunas (Escritor)<br \/>\n105. Lorel Manzano (Escritora)<br \/>\n106. Ricardo Y\u00e1\u00f1ez (Poeta)<br \/>\n107. Antonio Salinas (Poeta)<br \/>\nFIRMAS EN SOLIDARIDAD DE ESCRITORES Y ARTISTAS DESDE EL EXTERIOR<br \/>\n1. Norys Saavedra (Poeta-Venezuela)<br \/>\n2. Dimitra Giagtzidakis (Poeta-Venezuela)<br \/>\n3. Dannybal Reyes (Poeta-Venezuela)<br \/>\n4. Pablo Paredes (Poeta y dramaturgo-Chile)<br \/>\n5. Guido Arroyo (Poeta-Chile)<br \/>\n6. Daniela Saidman (Poeta-Venezuela)<br \/>\n7. Pablo Ben\u00edtez (Poeta-El Salvador)<br \/>\n8. Elena Salamanca (Poeta-El Salvador)<br \/>\n9. Antonio Rioseco (Poeta-Chile)<br \/>\n10. Jamila Medina (Poeta y narradora-Cuba)<br \/>\n11. Javier Alvarado (Poeta-Panam\u00e1)<br \/>\n12. Hermes Vargas (Poeta-Venezuela)<br \/>\n13. Sa\u00fal G\u00f3mez Mantilla (Escritor-Colombia)<br \/>\n14. Henrique Mill\u00e1n (Poeta\/Bibliotec\u00f3logo-Venezuela)<br \/>\n15. Jorge Martens (Movimiento por la Paz y la Vida-Chile\/Venezuela)<br \/>\n16. Yanuva Le\u00f3n (Poeta-Venezuela)<br \/>\n17. Nel Acosta Bravo (Artista Visual-Venezuela)<br \/>\n18. Argelia Bravo (Artista Pl\u00e1stico, documentalista y activista-Venezuela)<br \/>\n19. Colectivo Cultural &#8220;El Cuarto de los Duendes&#8221; (Venezuela)<br \/>\n20. Hiranis Serrano (M\u00fasico-Escribiente-Venezuela)<br \/>\n21. Jes\u00fas Guill\u00e9n (Artista Visual-Venezuela)<br \/>\n22. Luis Manuel Pimentel (Poeta-Venezuela)<br \/>\n23. Suevia Faro Prada (Fot\u00f3grafa-Venezuela)<br \/>\n24. Frank Bready Trejo (Artista Pl\u00e1stico y escritor-Venezuela)<br \/>\n25. Marian Bracho (Dise\u00f1adora de Modas y Fot\u00f3grafa-Venezuela)<br \/>\n26. Enlusmar Urbina (Actriz y m\u00fasico-Venezuela)<br \/>\n27. Eduard Landaeta (Fot\u00f3grafo y dise\u00f1ador-Venezuela)<br \/>\n28. Adimar Castillo (Artista Visual-Venezuela)<br \/>\n29. Albeley Rodr\u00edguez (Curadora de Arte-Venezuela)<br \/>\n30. Narvis Bracamonte (Actriz y docente-Venezuela)<br \/>\n31. Raquel Ferrer (Artista Visual-Venezuela)<br \/>\n32. Aidana Mar\u00eda Rico Ch\u00e1vez (Artista-Humana-Argentina)<br \/>\n33. Nathalie Mendoza (Artista Visual-Venezuela)<br \/>\n34. Carmen Hern\u00e1ndez (Curadora de arte, muse\u00f3loga, artesana-Venezuela-Chile)<br \/>\n35. Gunther Geisse (M\u00fasico-Venezuela)<br \/>\n36. Sara Emanuel Viloria (Artista Pl\u00e1stico-Venezuela-Chile)<br \/>\n37. Eva Elena Garc\u00eda Troconis (Cultora y docente-Venezuela)<br \/>\n38. Adelaida Pichardo (Escritora y docente-Venezuela)<br \/>\n39. Jos\u00e9 Miguel M\u00e9ndez Crespo (Poeta-Venezuela)<br \/>\n40. Rodolfo Sequera (Dramaturgo-Venezuela)<br \/>\n41. Irella Glez (M\u00fasico-Costa Rica)<br \/>\n42. Luis M\u00e9ndez Salinas (Poeta y editor-Guatemala)<br \/>\n43. Cesar V\u00e1squez (Productor independiente- Artista visual. Venezuela)<br \/>\n44. Jassica Pernia (Comunicadora y docente-Venezuela)<br \/>\n45. Tatuy Televisora Comunitaria (Venezuela)<br \/>\n46. Ingrid Chicote (Escritora-Venezuela)<br \/>\n47. Andr\u00e9s Mej\u00eda (Editor y escritor-Venezuela)<br \/>\n48. Rodrigo Acosta (Muralista y Productor Audiovisual-Chile\/Venezuela)<\/p>\n","protected":false},"template":"","meta":{"_id_youtube":"","_id_vimeo":"","_podcasts_duration":"","_podcasts_url":"","_podcasts_show":"","_prog_horario_dias":"","_prog_hora":"","_prog_duration":""},"class_list":["post-8246","archivo","type-archivo","status-publish","hentry"],"_links":{"self":[{"href":"https:\/\/nofm-radio.com\/index.php?rest_route=\/wp\/v2\/archivo\/8246","targetHints":{"allow":["GET"]}}],"collection":[{"href":"https:\/\/nofm-radio.com\/index.php?rest_route=\/wp\/v2\/archivo"}],"about":[{"href":"https:\/\/nofm-radio.com\/index.php?rest_route=\/wp\/v2\/types\/archivo"}],"wp:attachment":[{"href":"https:\/\/nofm-radio.com\/index.php?rest_route=%2Fwp%2Fv2%2Fmedia&parent=8246"}],"curies":[{"name":"wp","href":"https:\/\/api.w.org\/{rel}","templated":true}]}}