{"id":8279,"date":"2014-12-10T13:24:24","date_gmt":"2014-12-10T19:24:24","guid":{"rendered":"http:\/\/nofm-radio.com\/?p=8279"},"modified":"2014-12-10T13:24:24","modified_gmt":"2014-12-10T19:24:24","slug":"5-anos-de-urss-bajo-el-arbol","status":"publish","type":"archivo","link":"https:\/\/nofm-radio.com\/?archivo=5-anos-de-urss-bajo-el-arbol","title":{"rendered":"5 a\u00f1os de URSS bajo el \u00e1rbol"},"content":{"rendered":"<p><strong>URSS bajo el \u00e1rbol<\/strong> anda de cumplea\u00f1os. Despu\u00e9s de cinco a\u00f1os de rolar por distintos escenarios, la banda defe\u00f1a se dedicar\u00e1 este fin del 2014 a celebrar su primer lustro de vida. Y lo har\u00e1n con un concierto en el Centro Cultural de Espa\u00f1a el pr\u00f3ximo 11 de diciembre.<br \/>\nDespu\u00e9s de lanzar un par de sencillos y el EP <strong><em>LIN3AS M3NTAL3S<\/em><\/strong>, la banda llega a este aniversario para cerrar la promoci\u00f3n de su primer LP <strong><em>7<\/em><\/strong>. As\u00ed, URSS bajo el \u00e1rbol se queda ya como un referente importante de la escena independiente de la ciudad de M\u00e9xico.<br \/>\nVayan a celebrar con esta banda chida al <strong>Centro Cultural de Espa\u00f1a<\/strong> este jueves 11 de diciembre a las 20 horas. Les aseguramos que se va a poner bueno.<br \/>\nMientras les dejamos algo de <em>7<\/em>, para empezar a celebrar con ellos.<br \/>\n<iframe loading=\"lazy\" width=\"640\" height=\"360\" src=\"\/\/www.youtube.com\/embed\/gFzg5QPuweE\" frameborder=\"0\" allowfullscreen><\/iframe><\/p>\n","protected":false},"template":"","meta":{"_id_youtube":"","_id_vimeo":"","_podcasts_duration":"","_podcasts_url":"","_podcasts_show":"","_prog_horario_dias":"","_prog_hora":"","_prog_duration":""},"class_list":["post-8279","archivo","type-archivo","status-publish","hentry"],"_links":{"self":[{"href":"https:\/\/nofm-radio.com\/index.php?rest_route=\/wp\/v2\/archivo\/8279","targetHints":{"allow":["GET"]}}],"collection":[{"href":"https:\/\/nofm-radio.com\/index.php?rest_route=\/wp\/v2\/archivo"}],"about":[{"href":"https:\/\/nofm-radio.com\/index.php?rest_route=\/wp\/v2\/types\/archivo"}],"wp:attachment":[{"href":"https:\/\/nofm-radio.com\/index.php?rest_route=%2Fwp%2Fv2%2Fmedia&parent=8279"}],"curies":[{"name":"wp","href":"https:\/\/api.w.org\/{rel}","templated":true}]}}