{"id":8502,"date":"2015-01-07T14:53:49","date_gmt":"2015-01-07T20:53:49","guid":{"rendered":"http:\/\/nofm-radio.com\/?p=8502"},"modified":"2015-01-07T14:53:49","modified_gmt":"2015-01-07T20:53:49","slug":"julio-scherer-1926-2015","status":"publish","type":"archivo","link":"https:\/\/nofm-radio.com\/?archivo=julio-scherer-1926-2015","title":{"rendered":"Julio Scherer 1926-2015"},"content":{"rendered":"<p>Uno es su oficio, su laburo, su pasi\u00f3n. Acaso en toda la vida somos una aproximaci\u00f3n a una idea que nos hemos planteado desde peque\u00f1os, antes incluso de las primeras letras. De ser as\u00ed, uno es una vocaci\u00f3n, noble ejercicio de la voluntad.<br \/>\n<strong>Julio Scherer Garc\u00eda<\/strong> quiso ser reportero, fue el mejor de este pa\u00eds en los \u00faltimos 50 a\u00f1os. Mi generaci\u00f3n, los que nacimos en los ochenta, poco recuerda de su labor como director de la <em><strong>Revista Proceso<\/strong><\/em> (abandon\u00f3 la direcci\u00f3n en 1996, veinte a\u00f1os despu\u00e9s de su fundaci\u00f3n) y su versi\u00f3n de <em>Exc\u00e9lsior<\/em> (1968-1976) nos fue ense\u00f1ada como una bonanza inusual, como un accidente de libertad en el paisaje hist\u00f3rico de la prensa mexicana. El <em>Exc\u00e9lsior<\/em> de aquella \u00e1poca, el suyo, fue uno de los diez diarios m\u00e1s importantes del mundo, categor\u00eda ajena a los peri\u00f3dicos que ocupan los anaqueles de las calles nacionales. Pero hemos recurrido a sus textos, sus libros, a sus historias.<br \/>\nSu pluma, clara y sucinta, nos revel\u00f3 historias de corrupci\u00f3n y miseria de la <strong>clase pol\u00edtica mexicana<\/strong>, tan abundante en oscuridad y oprobio. Nos cont\u00f3, nos comparti\u00f3, su trabajo de investigaci\u00f3n. Dignific\u00f3 el oficio del reportero en un pa\u00eds que se encarg\u00f3 de minimizar la tarea del puesto fundamental de las redacciones: es el <strong>reportero<\/strong> el que sale e indaga, el que pregunta lo sencillo, lo directo: \u00bfpor qu\u00e9?<br \/>\n<strong>El periodismo<\/strong> se trata de se\u00f1alar el error, lo que no est\u00e1 bien, lo que atenta contra el Pacto Social. Lo hace desde la verosimilitud, desde la contundencia del dato, de la informaci\u00f3n. Cu\u00e1nta falta nos har\u00e1 Scherer en un tiempo poblado de especulaci\u00f3n, chisme y opini\u00f3n. Cu\u00e1nta falta nos hacen los hombres en un pa\u00eds repleto de falsos l\u00edderes y perversos intereses.<br \/>\nNuestra generaci\u00f3n habr\u00e1 conocido la labor de Scherer como una piedra tot\u00e9mica del periodismo, \u00e9l se encarg\u00f3 de bajar el bal\u00f3n. Recordamos la entrevista realizada al narcotraficante <strong>Ismael \u201cMayo\u201d Zambada<\/strong>; cuando los reporteros y opinadores se desgarraban en sus escritorios, sus redacciones y sus y restaurantes sobre le ofensiva federal contra el narcotr\u00e1fico, \u00e9l, un hombre de m\u00e1s de ochenta a\u00f1os, sali\u00f3 a la sierra y se intern\u00f3 en la guarida del capo: el vigor se mide en la profundidad de las letras, no en los espacios triple de la media electr\u00f3nica.<br \/>\nSin duda, Julio Scherer fue un personaje fundamental para la construcci\u00f3n de nuestro edificio moral, y as\u00ed debemos recordarlo. Alguna vez dijo, \u201csi el Diablo me ofrece una entrevista\u2026 me voy a los infiernos\u201d, seguro ha ido a su viaje eterno con ganas de publicar las ma\u00f1as del averno y el desv\u00edo de fondos de San Pedro.<br \/>\nEste pa\u00eds se va quedando sin nombres, y no hay, al parecer, relevo que nos llene los vac\u00edos.<br \/>\nDescanse en paz.<br \/>\nAqu\u00ed un par ligas para conocer al Reportero.<br \/>\n<a href=\"http:\/\/www.revistadelauniversidad.unam.mx\/1705\/pdfs\/56-62.pdf\"><strong>Julio Scherer: entrevistas para la historia<\/strong><\/a> por <strong>Ignacio Solares<\/strong><br \/>\n<a href=\"http:\/\/www.elfinanciero.com.mx\/after-office\/un-premio-para-julio-scherer.html\"><strong>Un premio para Julio Scherer<\/strong><\/a> por <strong>Mauricio Mej\u00eda<\/strong><br \/>\n<a href=\"http:\/\/www.proceso.com.mx\/?p=106967\"><strong>Proceso en la guarida de \u201cEl Mayo\u201d Zambada<\/strong><\/a> por <strong>Julio Scherer<\/strong><br \/>\nEntrevista con el <strong>Sub Marcos<\/strong><br \/>\nhttps:\/\/www.youtube.com\/watch?v=WFCC1yw-7w4<br \/>\nhttps:\/\/www.youtube.com\/watch?v=OlcLvgELamA<br \/>\nhttps:\/\/www.youtube.com\/watch?v=X4FuqFOyoVI<\/p>\n","protected":false},"template":"","meta":{"_id_youtube":"","_id_vimeo":"","_podcasts_duration":"","_podcasts_url":"","_podcasts_show":"","_prog_horario_dias":"","_prog_hora":"","_prog_duration":""},"class_list":["post-8502","archivo","type-archivo","status-publish","hentry"],"_links":{"self":[{"href":"https:\/\/nofm-radio.com\/index.php?rest_route=\/wp\/v2\/archivo\/8502","targetHints":{"allow":["GET"]}}],"collection":[{"href":"https:\/\/nofm-radio.com\/index.php?rest_route=\/wp\/v2\/archivo"}],"about":[{"href":"https:\/\/nofm-radio.com\/index.php?rest_route=\/wp\/v2\/types\/archivo"}],"wp:attachment":[{"href":"https:\/\/nofm-radio.com\/index.php?rest_route=%2Fwp%2Fv2%2Fmedia&parent=8502"}],"curies":[{"name":"wp","href":"https:\/\/api.w.org\/{rel}","templated":true}]}}