{"id":8743,"date":"2015-01-20T10:00:02","date_gmt":"2015-01-20T16:00:02","guid":{"rendered":"http:\/\/nofm-radio.com\/?p=8743"},"modified":"2015-01-20T10:00:02","modified_gmt":"2015-01-20T16:00:02","slug":"los-oscares-de-la-querida-gente-blanca","status":"publish","type":"archivo","link":"https:\/\/nofm-radio.com\/?archivo=los-oscares-de-la-querida-gente-blanca","title":{"rendered":"Los \u00d3scares de la querida gente blanca"},"content":{"rendered":"<p>Hace ya una semana que se dieron a conocer los nominados a los premios <strong>\u00d3scar 2015<\/strong>. Adem\u00e1s de las fanfarrias por las nueve nominaciones a <strong>Birdman<\/strong>, y de empezar la quiniela para la ceremonia del 22 de febrero, nos ha llamado la atenci\u00f3n la discusi\u00f3n en torno a que esta ser\u00e1n los premios m\u00e1s blancos y masculinos en mucho tiempo. Es decir, que dentro de los candidatos a la estatuilla dorada se dejaron de lado a la minor\u00edas.<br \/>\nHasta cierto punto es natural esta reacci\u00f3n, despu\u00e9s de que el a\u00f1o pasado las tem\u00e1ticas de las pel\u00edculas nominadas fuera del esclavismo, a los piratas nigerianos, a los enfermos de sida, a nerds enamorados de su computadora, y un largo etc\u00e9tera. Incluso entre los excluidos, como <strong><em>The Butler<\/em><\/strong>, la atenci\u00f3n est\u00e1 concentrada en cubrir la cuota racial tan com\u00fan en los premios.<br \/>\nQuiz\u00e1 la reacci\u00f3n viene de la poca atenci\u00f3n que mereci\u00f3 la pel\u00edcula <strong><em>Selma<\/em><\/strong>, producida de la pesada Oprah Winfrey, que s\u00f3lo obtuvo dos nominaciones, una de ellas menor (Mejor canci\u00f3n original). Y es cierto, adem\u00e1s de que la tem\u00e1tica de las pel\u00edculas de este a\u00f1o regresan al lugar com\u00fan de la vida norteamericana, pareciera que entre los requisitos para ser nominado estaba ser rubio de ojos claros. Aunque eso sea un lugar com\u00fan m\u00e1s.<br \/>\nY bueno, para compensar, le dejamos aqu\u00ed una de esas pel\u00edculas que siempre ser\u00e1n vistas como excluida por ser pol\u00edticamente incorrectas, aunque en realidad no los sean tanto. En fin, les dejamos <em><strong>Dear White People<\/strong><\/em> porque est\u00e1 muy divertida, y son de esas pel\u00edculas que nos hacen sentir que entendemos la dif\u00edcil vida de los otros.<br \/>\n<iframe loading=\"lazy\" width=\"600\" height=\"480\" frameborder=\"0\" src=\"http:\/\/embed.movshare.net\/embed.php?v=2a8a772b7b996\" scrolling=\"no\"><\/iframe><\/p>\n","protected":false},"template":"","meta":{"_id_youtube":"","_id_vimeo":"","_podcasts_duration":"","_podcasts_url":"","_podcasts_show":"","_prog_horario_dias":"","_prog_hora":"","_prog_duration":""},"class_list":["post-8743","archivo","type-archivo","status-publish","hentry"],"_links":{"self":[{"href":"https:\/\/nofm-radio.com\/index.php?rest_route=\/wp\/v2\/archivo\/8743","targetHints":{"allow":["GET"]}}],"collection":[{"href":"https:\/\/nofm-radio.com\/index.php?rest_route=\/wp\/v2\/archivo"}],"about":[{"href":"https:\/\/nofm-radio.com\/index.php?rest_route=\/wp\/v2\/types\/archivo"}],"wp:attachment":[{"href":"https:\/\/nofm-radio.com\/index.php?rest_route=%2Fwp%2Fv2%2Fmedia&parent=8743"}],"curies":[{"name":"wp","href":"https:\/\/api.w.org\/{rel}","templated":true}]}}