{"id":8940,"date":"2015-02-03T11:30:21","date_gmt":"2015-02-03T17:30:21","guid":{"rendered":"http:\/\/nofm-radio.com\/?p=8940"},"modified":"2015-02-03T11:30:21","modified_gmt":"2015-02-03T17:30:21","slug":"los-10-documentales-mas-recomendables-de-ambulante-2015","status":"publish","type":"archivo","link":"https:\/\/nofm-radio.com\/?archivo=los-10-documentales-mas-recomendables-de-ambulante-2015","title":{"rendered":"Los 10 documentales m\u00e1s recomendables de Ambulante 2015"},"content":{"rendered":"<p>Bien podr\u00edamos decir que cada cosa que existe merece, por el justo derecho de habitar una fracci\u00f3n de tiempo, una <strong>canci\u00f3n<\/strong> y un <strong>documental<\/strong>. Con esto queremos principalmente reafirmar el derecho a llamar a dicha rama cinematogr\u00e1fica como hermana de la m\u00fasica: ambas tienen como eje primordial ser d\u00factiles, hacen sentir que ning\u00fan tema se les escapa, que cualquier tono y cualquier tipo de sensibilidad puede entrar y contar su historia, dejarse ser en ellas. En esta estaci\u00f3n declaramos constantemente nuestra pasi\u00f3n por ambas, recomendamos una y otra cada que podemos, y as\u00ed es como llegamos ahora a la gira de documentales <strong>Ambulante 2015<\/strong>, en la que ambas se re\u00fanen.<br \/>\nAhora que reci\u00e9n ha empezado el <strong>festival<\/strong>, nos dimos a la tarea de investigar la <strong>cartelera<\/strong> para traerles una selecci\u00f3n de lo que a nuestro juicio son documentales que todo mundo, y sobre todo los apasionados a la m\u00fasica, deben ver.<br \/>\n&nbsp;<\/p>\n<p style=\"text-align: center;\"><strong>Recomendaciones y observaciones generales<\/strong><\/p>\n<p>Esta investigaci\u00f3n comienza con algunas recomendaciones de orden general y unas observaciones sobre nuestra lista. Hay que empezar diciendo que Ambulante est\u00e1 del <strong>29 de enero al 12 de febrero<\/strong> en el DF, que cuenta con muchas sedes, todas gratis, con excepci\u00f3n de <strong>Cin\u00e9polis<\/strong>, donde pueden, no obstante, preguntar por un <strong>Cinebono<\/strong> especial para esta gira de documentales, que cuesta $100 y les permite entrar a 4 documentales por persona, y en la <strong>Cineteca<\/strong>, donde martes y mi\u00e9rcoles est\u00e1 a $25. Pueden revisar el calendario, sinopsis de pel\u00edculas y sedes en <a href=\"http:\/\/ambulante.com.mx\/es\">www.ambulante.com.mx<\/a>. Ahora bien, lo que no encontrar\u00e1n en la p\u00e1gina pero s\u00ed en esta entrada es la lista completa de los horarios por cada una de las pel\u00edculas que aqu\u00ed comentaremos. Por ejemplo, si usted quiere ver <em><strong>Pulp<\/strong><\/em>: una pel\u00edcula sobre la vida, la muerte y los supermercados, en la p\u00e1gina de ambulante encontrar\u00e1 el tr\u00e1iler, la sinopsis completa, los datos t\u00e9cnicos del documental, pero no existe un espacio donde vengan espec\u00edficamente todos los horarios, d\u00edas y sedes donde se proyectar\u00e1, por lo que los usuarios debemos revisar en su totalidad el programa general para encontrar dicha informaci\u00f3n. Como nosotros ya lo hicimos, aqu\u00ed les dejamos justamente la lista completa de d\u00f3nde, cu\u00e1ndo y qu\u00e9 d\u00edas se presentar\u00e1, para facilitar su asistencia y contribuir as\u00ed con la difusi\u00f3n del festival y fomentar el gusto por este formato cinematogr\u00e1fico.<br \/>\nCabe hacer una \u00faltima aclaraci\u00f3n. Nuestra lista se ci\u00f1e a los filmes de estreno, por lo que decidimos no incluir documentales ya presentados en previas ediciones. Al respecto cabe decir que al ser la<strong> d\u00e9cima edici\u00f3n<\/strong>, hay una secci\u00f3n especial del festival llamada <strong>Favoritos del P\u00fablico<\/strong>, donde vuelven a proyectar algunos de los documentales m\u00e1s gustados. Todos valen mucho la pena, por lo que, si alguno se les ha escapado, les dejamos la selecci\u00f3n de documentales elegidos:<em><strong> El Alcalde<\/strong><\/em> (Emiliano Altuna, Carlos F. Rossini, Diego E. Osorno, M\u00e9xico, 2012), <em><strong>Exit Through the Gift Shop: Una \u201cpel\u00edcula\u201d de Banksy<\/strong><\/em> (Banksy, EUA-UK, 2010), <em><strong>George Harrison: Viviendo en el Mundo Material<\/strong> <\/em>(Martin Scorcese, EUA, 2011), <em><strong>Marley<\/strong> <\/em>(Kevin Macdonald, EUA, 2012), <em><strong>Pina<\/strong><\/em> (Wim Wenders, Alemania-Francia, 2011), <strong><em>Buscando a Sugar Man<\/em><\/strong> (Malik Bendjelloul, Suecia- UK, 2012), <em><strong>Los Dos Escobar<\/strong><\/em> (Jeff Zimbalist, Michael Zimbalist, Colombia-EUA, 2010), <em><strong>Urbanizado<\/strong><\/em> (Gary Hustwitt, EUA-UK, 2011). En cuesti\u00f3n musical, hay otros 2 que no aparecen en la lista porque no son formalmente estrenos, pero que off the record les recomendamos: la remasterizaci\u00f3n de <em><strong>A Hard Day`s Night<\/strong><\/em> (Richard Lester, UK, 1964), la primer pel\u00edcula sobre <strong>The Beatles<\/strong>, y <em><strong>El Diablo y Daniel Johnston<\/strong><\/em> (Jeff Feuerzeig, EUA, 2005), sobre el m\u00fasico y artista man\u00edaco depresivo.<br \/>\n&nbsp;<\/p>\n<p style=\"text-align: center;\"><strong>Las Recomendaciones<\/strong><\/p>\n<p>1.<strong> Citizenfour<\/strong> (Laura Poitras, EUA, 2014). Retrato de la vida de <strong>Edward Snowden<\/strong>, acusado de espionaje cibern\u00e9tico por el gobierno de EUA.<br \/>\nLunes 2 de Febrero, Centro de Cultura Digital, 18:30 hrs.<br \/>\nMi\u00e9rcoles 4 de Febrero, Museo de Memoria y Tolerancia, 15:00 hrs.<br \/>\nViernes 6 de Febrero, Cineteca Nacional, 18:30 hrs.<br \/>\nMartes 10 de Febrero, Instituto Goethe, 18:00 hrs.<br \/>\nMi\u00e9rcoles 11 de Febrero, Cine Tonal\u00e1, 16:00 hrs.<br \/>\nJueves 12 de Febrero, FES Acatl\u00e1n, 13:00 hrs.<br \/>\n<iframe loading=\"lazy\" src=\"https:\/\/www.youtube.com\/embed\/6ADUs8iN7NE\" width=\"560\" height=\"315\" frameborder=\"0\" allowfullscreen=\"allowfullscreen\"><\/iframe><br \/>\n2. <strong>Camale\u00f3n<\/strong> (Ryan Mullins, Canad\u00e1, 2014). Narra la historia de <strong>Anas Aremeyaw Anas<\/strong>, periodista encubierto, llamado el James Bond del periodismo en Ghana.<br \/>\nS\u00e1bado 31 de Enero, Museo de Memoria y Tolerancia, 15:00 hrs.<br \/>\nMi\u00e9rcoles 4 de Febrero, Cine Tonal\u00e1, 121:00 hrs.<br \/>\nMartes 10 de Febrero, Centro de Cultura Digital, 20:00 hrs.<br \/>\nMi\u00e9rcoles 11 de Febrero, Cineteca Nacional, 19:00 hrs.<\/p>\n<div id=\"fb-root\"><\/div>\n<p><script>\/\/ <![CDATA[\n(function(d, s, id) { var js, fjs = d.getElementsByTagName(s)[0]; if (d.getElementById(id)) return; js = d.createElement(s); js.id = id; js.src = \"\/\/connect.facebook.net\/es_LA\/all.js#xfbml=1\"; fjs.parentNode.insertBefore(js, fjs); }(document, 'script', 'facebook-jssdk'));\n\/\/ ]]><\/script><\/p>\n<div class=\"fb-post\" data-href=\"https:\/\/www.facebook.com\/video.php?v=802184273153229\" data-width=\"466\">\n<div class=\"fb-xfbml-parse-ignore\"><a href=\"https:\/\/www.facebook.com\/video.php?v=802184273153229\">Publicaci\u00f3n<\/a> de <a href=\"https:\/\/www.facebook.com\/ChameleonDoc\">Chameleon<\/a>.<\/div>\n<\/div>\n<p>3. <strong>Ll\u00e9vate mis amores<\/strong> (Arturo Gonz\u00e1lez Villase\u00f1or, M\u00e9xico, 2014). Unas mujeres del poblado de <strong>La Patron<\/strong>a, en Veracruz, preparan comida todos los d\u00edas para los migrantes que viajan sobre el tren de carga <strong>La Besti<\/strong>a.<br \/>\nS\u00e1bado 31 de Enero, Cine Tonal\u00e1, 17:00 hrs.<br \/>\nMartes 3 de Febrero, Centro de Cultura Digital, 21:00 hrs.<br \/>\nJueves 5 de Febrero, Centro Cultural de Espa\u00f1a, 18:00 hrs.<br \/>\nS\u00e1bado 7 de Febrero, Cineteca Nacional, 19:00 hrs.<br \/>\n<iframe loading=\"lazy\" src=\"https:\/\/www.youtube.com\/embed\/3HnyyT8nLqw\" width=\"560\" height=\"315\" frameborder=\"0\" allowfullscreen=\"allowfullscreen\"><\/iframe><br \/>\n4. <strong>La Sal de la Tierra<\/strong> (Wim Wenders, Juliano Ribeiro Salgado, Francia, 2014). El fot\u00f3grafo <strong>Sebastiao Salgado<\/strong> lleva 40 a\u00f1os recorriendo el planeta, emprende camino hacia territorios v\u00edrgenes en el marco de un proyecto fotogr\u00e1fico.<br \/>\nS\u00e1bado 31 de Enero, Cin\u00e9polis Plaza Carso, 19:15 hrs.<br \/>\nDomingo 1 de Febrero, Cin\u00e9polis Diana, 19:00 hrs.<br \/>\nViernes 6 de Febrero, Cin\u00e9polis Universidad, 18:55 hrs.<br \/>\nS\u00e1bado 7 de Febrero, Cin\u00e9polis Plaza Sat\u00e9lite, 14:00 hrs.<br \/>\nDomingo 8 de Febrero, Cin\u00e9polis Perisur, 16:45 hrs.<br \/>\n<iframe loading=\"lazy\" src=\"https:\/\/www.youtube.com\/embed\/nbNAXC8kqT0\" width=\"560\" height=\"315\" frameborder=\"0\" allowfullscreen=\"allowfullscreen\"><\/iframe><br \/>\n5.<strong> Supermensch: La Leyenda de Shep Gordon<\/strong> (Mike Myers, EUA, 2013). Amigo de Janis Joplin, Jimi Hendrix y Jim Morrison, este carism\u00e1tico conocedor de Hollywood y la m\u00fasica en los 70 fue m\u00e1nager de Alice Cooper, Pink Floyd, Luther Vandross y Teddy Pendergrass.<br \/>\nViernes 30 de Enero, Cin\u00e9polis Plaza Carso, 17:10 hrs.<br \/>\nDomingo 1 de Febrero, Cin\u00e9polis plaza Sat\u00e9lite, 14:00 hrs.<br \/>\nDomingo 1 de Febrero, Cin\u00e9polis Universidad, 18:35 hrs.<br \/>\nLunes 2 de Febrero, Cin\u00e9polis Plaza Carso, 19:10 hrs.<br \/>\nMi\u00e9rcoles 4 de Febrero, Plaza plaza Sat\u00e9lite, 19:00 hrs.<br \/>\nMi\u00e9rcoles 4 de Febrero, Cin\u00e9polis Perisur, 14:30 hrs.<br \/>\nJueves 5 de Febrero, Cin\u00e9polis Diana, 16:30 hrs.<br \/>\nJueves 5 de Febrero, Cin\u00e9polis Universidad, 21:30 hrs.<br \/>\nViernes 6 de Febrero, Cin\u00e9polis Perisur, 14:30 hrs.<br \/>\nS\u00e1bado 7 de Febrero, Cin\u00e9polis Plaza Carso, 16:55 hrs.<br \/>\nDomingo 8 de Febrero, Cin\u00e9polis Diana, 16:35 hrs.<br \/>\nLunes 9 de Febrero, Cin\u00e9polis Universidad, 16:30hrs.<br \/>\nLunes 9 de Febrero, Cin\u00e9polis Plaza Sat\u00e9lite,18:50 hrs.<br \/>\nMi\u00e9rcoles 11 de Febrero, Cin\u00e9polis Diana, 21:10 hrs.<br \/>\nMi\u00e9rcoles 11 de Febrero, Cin\u00e9polis Plaza Carso, 14:00 hrs.<br \/>\nJueves 12 de Febrero, Cin\u00e9polis Perisur, 19:10 hrs.<br \/>\n<iframe loading=\"lazy\" src=\"https:\/\/www.youtube.com\/embed\/Zd0VOkPOrV0\" width=\"560\" height=\"315\" frameborder=\"0\" allowfullscreen=\"allowfullscreen\"><\/iframe><br \/>\n6.<strong> Bj\u00f6rk, Biophilia en vivo<\/strong> (Peter Strickland, Nick Fenton, UK, 2014). Una pel\u00edcula-concierto que registra el uso de los diversos instrumentos musicales, digitales, tradicionales y algunos absolutamente inclasificables, que conviven en un concierto de Bj\u00f6rk.<br \/>\nS\u00e1bado 31 de Enero, Cin\u00e9polis Diana, 21:20 hrs.<br \/>\nDomingo 1 de Febrero, Cin\u00e9polis Plaza Carso, 14:00 hrs.<br \/>\nDomingo 1 de Febrero, Cin\u00e9polis Perisur, 21:30 hrs.<br \/>\nMartes 3 de Febrero, Cin\u00e9polis Universidad, 21:15 hrs.<br \/>\nMi\u00e9rcoles 4 de Febrero, Plaza Carso, 14:00 hrs.<br \/>\nMi\u00e9rcoles 4 de Febrero, Plaza Perisur, 18:25 hrs.<br \/>\nJueves 5 de Febrero, Cin\u00e9polis Plaza Sat\u00e9lite, 21:10 hrs.<br \/>\nS\u00e1bado 7 de Febrero, Cin\u00e9polis Plaza Carso, 14:30 hrs.<br \/>\nDomingo 8 de Febrero, Cin\u00e9polis Plaza Sat\u00e9lite, 14:30 hrs.<br \/>\nLunes 9 de Febrero, Cin\u00e9polis Universidad, 21:05 hrs.<br \/>\nMartes 10 de Febrero, Cin\u00e9polis Diana, 21:10 hrs.<br \/>\nMartes 10 de Febrero, Cin\u00e9polis Perisur, 21:10 hrs.<br \/>\nMartes 10 de Febrero, Cin\u00e9polis Plaza sat\u00e9lite, 16:30 hrs.<br \/>\nMi\u00e9rcoles 11 de Febrero, Cin\u00e9polis Universidad, 21:20 hrs.<br \/>\nJueves 12 de Febrero, Cin\u00e9polis Diana, 21:15 hrs.<br \/>\n<iframe loading=\"lazy\" src=\"https:\/\/www.youtube.com\/embed\/vZyQHrQbdVU\" width=\"560\" height=\"315\" frameborder=\"0\" allowfullscreen=\"allowfullscreen\"><\/iframe><br \/>\n7. <strong>Pulp: Una pel\u00edcula sobre la Vida, la Muerte y los Supermercados<\/strong> (Florian Habicht, UK, 2014). Una pel\u00edcula que explora las ideas y creencias de la banda en torno a la fama, el amor, la muerte y el mantenimiento automotriz, mientras se dirigen al \u00faltimo concierto de la banda en Sheffield, el hogar donde se gesta su m\u00fasica.<br \/>\nViernes 30 de Enero, Cin\u00e9polis Diana, 21:30 hrs.<br \/>\nS\u00e1bado 31 de Enero, Cin\u00e9polis Plaza Carso, 16:55 hrs.<br \/>\nLunes 2 de Febrero, Cin\u00e9polis plaza Sat\u00e9lite, 21:20 hrs.<br \/>\nLunes 2 de Febrero, Cin\u00e9polis Perisur, 18:50 hrs.<br \/>\nMartes 3 de Febrero, Cin\u00e9polis Diana, 16:30 hrs.<br \/>\nMi\u00e9rcoles 4 de Febrero, Plaza Universidad, 21:00 hrs.<br \/>\nJueves 5 de Febrero, Cin\u00e9polis Plaza Carso, 21:05 hrs.<br \/>\nJueves 5 de Febrero, Cin\u00e9polis Plaza Sat\u00e9lite, 16:30 hrs.<br \/>\nViernes 6 de Febrero, Cin\u00e9polis Diana, 21:25 hrs.<br \/>\nViernes 6 de Febrero, Cin\u00e9polis Perisur, 16:45 hrs.<br \/>\nDomingo 8 de Febrero, Cin\u00e9polis Plaza Carso, 21:55 hrs.<br \/>\nLunes 9 de Febrero, Cin\u00e9polis Universidad, 18:45 hrs.<br \/>\nLunes 9 de Febrero, Cin\u00e9polis Plaza Sat\u00e9lite, 16:30 hrs.<br \/>\nMartes 10 de Febrero, Cin\u00e9polis Diana, 18:50 hrs.<br \/>\nMi\u00e9rcoles 11 de Febrero, Cin\u00e9polis Perisur, 21:15 hrs.<br \/>\nMi\u00e9rcoles 11 de Febrero, Cin\u00e9polis Universidad, 14:00 hrs.<br \/>\nJueves 12 de Febrero, Plaza de Santo Domingo, Centro Hist\u00f3rico, 20:00 hrs.<br \/>\n<iframe loading=\"lazy\" src=\"https:\/\/www.youtube.com\/embed\/uDNz941vRXU\" width=\"560\" height=\"315\" frameborder=\"0\" allowfullscreen=\"allowfullscreen\"><\/iframe><br \/>\n8. <strong>20 000 D\u00edas en la Tierra<\/strong> (Iain Forsyth, Jane Pollard). Un recorrido por temas universales sobre el arte y la capacidad de transformaci\u00f3n del esp\u00edritu creativo a trav\u00e9s de retratar un d\u00eda en la vida del m\u00fasico e \u00edcono cultural<strong> Nick Cave<\/strong>.<br \/>\nViernes 30 de Enero, Casa del Lago Juan Jos\u00e9 Arreola, 20:00 hrs.<br \/>\nS\u00e1bado 31 de Enero, Cin\u00e9polis Perisur, 21: 35 hrs.<br \/>\nDomingo 1 de Febrero, Cin\u00e9polis plaza Sat\u00e9lite, 16:15 hrs.<br \/>\nDomingo 1 de Febrero, Cin\u00e9polis Universidad, 20:50 hrs.<br \/>\nLunes 2 de Febrero, Cin\u00e9polis Diana, 21:05 hrs.<br \/>\nMartes 3 de Febrero, Cin\u00e9polis Plaza Carso, 21:05 hrs.<br \/>\nMartes 3 de Febrero, Cin\u00e9polis Perisur, 21:05 hrs.<br \/>\nMi\u00e9rcoles 4 de Febrero, Plaza plaza Sat\u00e9lite, 21:15 hrs.<br \/>\nMi\u00e9rcoles 4 de Febrero, Plaza Universidad, 14:00 hrs.<br \/>\nJueves 5 de Febrero, Cin\u00e9polis Diana, 21:10 hrs.<br \/>\nViernes 6 de Febrero, Cin\u00e9polis Universidad, 16:30 hrs.<br \/>\nS\u00e1bado 7 de Febrero, Cin\u00e9polis Plaza Carso, 19:10 hrs.<br \/>\nDomingo 8 de Febrero, Cin\u00e9polis Perisur, 21:45 hrs.<br \/>\nLunes 9 de Febrero, Cin\u00e9polis Plaza Sat\u00e9lite, 21:05 hrs.<br \/>\nMartes 10 de Febrero, Cin\u00e9polis Universidad, 21:10 hrs.<br \/>\nMi\u00e9rcoles 11 de Febrero, Cin\u00e9polis Diana, 18:45 hrs.<br \/>\nJueves 12 de Febrero, Cin\u00e9polis Plaza Carso, 16:30 hrs.<br \/>\n<iframe loading=\"lazy\" src=\"https:\/\/www.youtube.com\/embed\/zQ5lNd7hHgk\" width=\"560\" height=\"315\" frameborder=\"0\" allowfullscreen=\"allowfullscreen\"><\/iframe><br \/>\n9. <strong>La Mirada del Silencio<\/strong> (Joshua Oppenheimer, Dinamarca-Indonesia-Noruega-Finlandia-Reino Unido). Una familia de sobrevivientes del genocidio en Indonesia descubre c\u00f3mo muri\u00f3 su hijo a trav\u00e9s de la pel\u00edcula <em><strong>El acto de matar<\/strong><\/em>, de Oppenheimer. El hermano m\u00e1s joven decide romper el silencio y vencer el miedo para enfrentarse a los hombres responsables de la muerte de su hermano, algo inimaginable en un pa\u00eds donde los perpetradores se mantienen en el poder.<br \/>\nViernes 30 de Enero, Cin\u00e9polis plaza Sat\u00e9lite, 14:30 hrs.<br \/>\nViernes 30 de Enero, Cin\u00e9polis Universidad, 21:40 hrs.<br \/>\nS\u00e1bado 31 de Enero, Cin\u00e9polis Diana, 16:40 hrs.<br \/>\nS\u00e1bado 31 de Enero, Cin\u00e9polis Perisur, 19:05 hrs.<br \/>\nLunes 2 de Febrero, Cin\u00e9polis plaza Sat\u00e9lite, 16:30 hrs.<br \/>\nLunes 2 de Febrero, Cin\u00e9polis Universidad, 21:30 hrs.<br \/>\nMartes 3 de Febrero, Cin\u00e9polis Diana, 21:30 hrs.<br \/>\nMi\u00e9rcoles 4 de Febrero, Cin\u00e9polis Plaza Carso, 18:45 hrs.<br \/>\nJueves 5 de Febrero, Cin\u00e9polis Perisur, 16:30 hrs.<br \/>\nViernes 6 de Febrero, Cin\u00e9polis plaza Sat\u00e9lite, 21:15 hrs.<br \/>\nViernes 6 de Febrero, Cin\u00e9polis Universidad, 14:00 hrs.<br \/>\nLunes 9 de Febrero, Cin\u00e9polis Plaza Carso, 21:05 hrs.<br \/>\nMartes 10 de Febrero, Cin\u00e9polis Perisur, 18:40 hrs.<br \/>\nMi\u00e9rcoles 11 de Febrero, Cin\u00e9polis Diana, 16:15 hrs.<br \/>\nJueves 12 de Febrero, Cin\u00e9polis Universidad, 18:45 hrs.<br \/>\nJueves 12 de Febrero, Cin\u00e9polis Plaza Carso, 21:05 hrs.<br \/>\n<iframe loading=\"lazy\" src=\"https:\/\/www.youtube.com\/embed\/aA_ZHAs4M9k\" width=\"560\" height=\"315\" frameborder=\"0\" allowfullscreen=\"allowfullscreen\"><\/iframe><br \/>\n10. <strong>\u00bfEs feliz el hombre el hombre que es alto?: Una conversaci\u00f3n animada con Noam Chomsky<\/strong> (Michel Gondry, Francia, 2013). Una serie de entrevistas con el ling\u00fcista, fil\u00f3sofo y activista Noam Chomsky, ilustrado con alucinantes y coloridos dibujos animados.<br \/>\nViernes 30 de Enero, Cin\u00e9polis plaza Sat\u00e9lite, 19:15 hrs.<br \/>\nViernes 30 de Enero, Cin\u00e9polis Perisur, 17:10 hrs.<br \/>\nS\u00e1bado 31 de Enero, Cin\u00e9polis Universidad, 14:00 hrs.<br \/>\nDomingo 1 de Febrero, Cin\u00e9polis Plaza Carso, 16:25 hrs.<br \/>\nLunes 2 de Febrero, Cin\u00e9polis Diana, 16:30 hrs.<br \/>\nLunes 2 de Febrero, Cin\u00e9polis Perisur, 21:10 hrs.<br \/>\nMartes 3 de Febrero, Cin\u00e9polis plaza Sat\u00e9lite, 18:50 hrs.<br \/>\nMartes 3 de Febrero, Cin\u00e9polis Universidad, 16:30 hrs.<br \/>\nMi\u00e9rcoles 4 de Febrero, Plaza Carso, 16:25 hrs.<br \/>\nJueves 5 de Febrero, Cin\u00e9polis Plaza Sat\u00e9lite, 18:50 hrs.<br \/>\nViernes 6 de Febrero, Foro Roma, Universidad de la Comunicaci\u00f3n, 21:25 hrs.<br \/>\nS\u00e1bado 7 de Febrero, Cinepolis Diana, 19:05 hrs.<br \/>\nS\u00e1bado 7 de Febrero, Cin\u00e9polis Perisur, 21:50 hrs.<br \/>\nDomingo 8 de Febrero, Cin\u00e9polis Universidad, 14:00 hrs.<br \/>\nLunes 9 de Febrero, Cin\u00e9polis Diana, 16:30 hrs.<br \/>\nMartes 10 de Febrero, Cin\u00e9polis Plaza Carso, 21:30 hrs.<br \/>\nMi\u00e9rcoles 11 de Febrero, Cin\u00e9polis Plaza Sat\u00e9lite, 16:20 hrs.<br \/>\n<iframe loading=\"lazy\" src=\"https:\/\/www.youtube.com\/embed\/d9c4xJEP6eI\" width=\"560\" height=\"315\" frameborder=\"0\" allowfullscreen=\"allowfullscreen\"><\/iframe><\/p>\n","protected":false},"template":"","meta":{"_id_youtube":"","_id_vimeo":"","_podcasts_duration":"","_podcasts_url":"","_podcasts_show":"","_prog_horario_dias":"","_prog_hora":"","_prog_duration":""},"class_list":["post-8940","archivo","type-archivo","status-publish","hentry"],"_links":{"self":[{"href":"https:\/\/nofm-radio.com\/index.php?rest_route=\/wp\/v2\/archivo\/8940","targetHints":{"allow":["GET"]}}],"collection":[{"href":"https:\/\/nofm-radio.com\/index.php?rest_route=\/wp\/v2\/archivo"}],"about":[{"href":"https:\/\/nofm-radio.com\/index.php?rest_route=\/wp\/v2\/types\/archivo"}],"wp:attachment":[{"href":"https:\/\/nofm-radio.com\/index.php?rest_route=%2Fwp%2Fv2%2Fmedia&parent=8940"}],"curies":[{"name":"wp","href":"https:\/\/api.w.org\/{rel}","templated":true}]}}