{"id":8956,"date":"2015-01-30T13:27:53","date_gmt":"2015-01-30T19:27:53","guid":{"rendered":"http:\/\/nofm-radio.com\/?p=8956"},"modified":"2015-01-30T13:27:53","modified_gmt":"2015-01-30T19:27:53","slug":"estos-son-los-paises-con-mayor-libertad-de-prensa","status":"publish","type":"archivo","link":"https:\/\/nofm-radio.com\/?archivo=estos-son-los-paises-con-mayor-libertad-de-prensa","title":{"rendered":"Estos son los pa\u00edses con mayor Libertad de Prensa"},"content":{"rendered":"<p>El tema de la <strong>libertad de expresi\u00f3n<\/strong> en nuestro pa\u00eds va siempre ligado a las dificultades y la peligrosidad de ejercer la <strong>libertad de prensa<\/strong>. El riesgo que corren los comunicadores es el punto crucial del ejercicio period\u00edstico. En <strong>Clasificaci\u00f3n mundial de Libertad de prensa<\/strong> del a\u00f1o 2014, <strong>Reporteros sin fronteras<\/strong> ubica a M\u00e9xico en el escal\u00f3n 152 de 182 pa\u00edses.<br \/>\nEn el primer lugar, repite Finlandia. Mientras que algunos pa\u00edses latinoamericanos han tenido algunas mejoras, nuestro pa\u00eds se ve perjudicado no s\u00f3lo por las agresiones a periodistas, sino a diversas pol\u00edticas que incluyen la censura previa como din\u00e1mica.<br \/>\nDentro de las amenazas a la libertad de prensa, se consideran las amenazas a medios y comunicadores, pero tambi\u00e9n los conflictos armados, y la manera en que se concibe la seguridad. Nada menos, cabe mencionar que casos como el <strong>9\/11<\/strong>, o el ataque a <strong>Charlie Hebdo<\/strong> modifican dr\u00e1sticamente la idea de lo que puede decirse, publicarse o incluso hacerse. Lo  parad\u00f3jico de este tipo de casos es que las restricciones se realizan  en aras de la defensa de una democracia o una libertad como fin \u00faltimo y abstracto, que condiciona la ejecuci\u00f3n de derechos fundamentales.<br \/>\nEn el caso de M\u00e9xico, la prevalencia de la seguridad puede notarse en los acuerdos para que la prensa no difundiera informaci\u00f3n sobre el crimen organizado. Adem\u00e1s de la poca eficacia de la <strong>ley de transparencia<\/strong> en temas de pol\u00edtica nacional.<br \/>\nLes presentamos el mapa de la clasificaci\u00f3n mundial de Reporteros sin fronteras. Pueden consultar el an\u00e1lisis completo <a href=\"http:\/\/rsf.org\/index2014\/es-index2014.php#\">aqu\u00ed<\/a>.<br \/>\n<a href=\"http:\/\/nofm-radio.com\/wp-content\/uploads\/2015\/01\/carte2014_en.png\" class=\"no-eff img-link lightbox\" ><img loading=\"lazy\" decoding=\"async\" src=\"http:\/\/nofm-radio.com\/wp-content\/uploads\/2015\/01\/carte2014_en.png\" alt=\"carte2014_en\" width=\"2894\" height=\"2066\" class=\"alignnone size-full wp-image-8957\" \/><\/a><\/p>\n","protected":false},"template":"","meta":{"_id_youtube":"","_id_vimeo":"","_podcasts_duration":"","_podcasts_url":"","_podcasts_show":"","_prog_horario_dias":"","_prog_hora":"","_prog_duration":""},"class_list":["post-8956","archivo","type-archivo","status-publish","hentry"],"_links":{"self":[{"href":"https:\/\/nofm-radio.com\/index.php?rest_route=\/wp\/v2\/archivo\/8956","targetHints":{"allow":["GET"]}}],"collection":[{"href":"https:\/\/nofm-radio.com\/index.php?rest_route=\/wp\/v2\/archivo"}],"about":[{"href":"https:\/\/nofm-radio.com\/index.php?rest_route=\/wp\/v2\/types\/archivo"}],"wp:attachment":[{"href":"https:\/\/nofm-radio.com\/index.php?rest_route=%2Fwp%2Fv2%2Fmedia&parent=8956"}],"curies":[{"name":"wp","href":"https:\/\/api.w.org\/{rel}","templated":true}]}}