{"id":9011,"date":"2015-02-06T10:00:42","date_gmt":"2015-02-06T16:00:42","guid":{"rendered":"http:\/\/nofm-radio.com\/?p=9011"},"modified":"2015-02-06T10:00:42","modified_gmt":"2015-02-06T16:00:42","slug":"casoclinico-presenta-keith-moon","status":"publish","type":"archivo","link":"https:\/\/nofm-radio.com\/?archivo=casoclinico-presenta-keith-moon","title":{"rendered":"#CasoCl\u00ednico presenta: Keith Moon"},"content":{"rendered":"<p>Por Paulina Moreno<br \/>\n<a href=\"https:\/\/twitter.com\/wabisabe\">@wabisabe<\/a><br \/>\nAdulto con Transtorno por D\u00e9ficit de Atenci\u00f3n con Hiperactividad com\u00f3rbida a la dependencia del alcohol y drogas.<br \/>\n<a class=\"no-eff img-link lightbox\" href=\"http:\/\/nofm-radio.com\/wp-content\/uploads\/2015\/02\/Keith.jpg\"><img loading=\"lazy\" decoding=\"async\" class=\"size-full wp-image-9012 aligncenter\" src=\"http:\/\/nofm-radio.com\/wp-content\/uploads\/2015\/02\/Keith.jpg\" alt=\"Keith\" width=\"530\" height=\"360\" \/><\/a><br \/>\n&nbsp;<br \/>\n<strong>CASO CL\u00cdNICO<\/strong><br \/>\nPaciente masculino de 32 a\u00f1os de edad que acude a consulta porque presenta alteraciones de conducta. Hab\u00eda sido tratado por el servicio de abuso de sustancias mediante <strong>Clometiazol<\/strong>, un sedante e hipn\u00f3tico que se empez\u00f3 a utilizar en los a\u00f1os 30 para tratar los s\u00edntomas agudos del s\u00edndrome de abstinencia en de alcohol. El paciente se rehus\u00f3 a ser internado, decidi\u00f3 seguir el tratamiento en su hogar.<br \/>\nLas alteraciones en la conducta hab\u00edan sido detectadas desde la infancia del paciente, en ese entonces fueron descritas como hiperactividad y \u201cuna imaginaci\u00f3n muy inquieta\u201d (sic). El paciente adem\u00e1s tuvo dificultades escolares debido a sus problemas de conducta, incluso lleg\u00f3 a reprobar un examen de admisi\u00f3n para la secundaria. En el expediente se incluye el diagn\u00f3stico de una maestra de arte: Retrasado art\u00edsticamente, idiota en otros aspectos.<br \/>\nA los 12 a\u00f1os comienza a tocar un instrumento musical que no abandonar\u00e1 hasta su muerte. Tiene como estilo particular el de una cascada devorando la bater\u00eda, concordante al parecer con su personalidad tendiente a la voracidad en otros aspectos como el consumo de alcohol y drogas.<br \/>\nEl curso de la enfermedad no es muy claro pero tenemos registros de algunos eventos en la vida del paciente que nos hacen pensar que las alteraciones en la conducta tuvieron una prevalencia importante.<br \/>\n<a class=\"no-eff img-link lightbox\" href=\"http:\/\/nofm-radio.com\/wp-content\/uploads\/2015\/02\/keith-moon2.jpg\"><img loading=\"lazy\" decoding=\"async\" class=\"size-full wp-image-9013 aligncenter\" src=\"http:\/\/nofm-radio.com\/wp-content\/uploads\/2015\/02\/keith-moon2.jpg\" alt=\"keith-moon2\" width=\"432\" height=\"307\" \/><\/a><br \/>\nEl d\u00eda 17 de septiembre de 1967 el paciente acudi\u00f3 a una presentaci\u00f3n en televisi\u00f3n de la banda de rock en la que tocaba la bater\u00eda. La canci\u00f3n escuchada en esa ocasi\u00f3n fue <strong>My Generation<\/strong>, pero fue a\u00fan m\u00e1s sonora la explosi\u00f3n de la bater\u00eda, generada por el paciente. Este acto profundamente antisocial fue acompa\u00f1ado por la <strong>destrucci\u00f3n<\/strong> parcial del set de televisi\u00f3n, y del contagio del \u00e1nimo demoledor hacia otros miembros de la banda de <strong>rock<\/strong>. Este no fue un evento aislado ya que el paciente en varias ocasiones utiliz\u00f3 explosivos para hacer volar su bater\u00eda.<br \/>\n<iframe loading=\"lazy\" src=\"https:\/\/www.youtube.com\/embed\/7xZOrWK6d4g\" width=\"420\" height=\"315\" frameborder=\"0\" allowfullscreen=\"allowfullscreen\"><\/iframe><br \/>\nEse mismo a\u00f1o, pero un mes antes, el paciente festejaba su <strong>cumplea\u00f1os<\/strong> n\u00famero <strong>21<\/strong> con una fiesta legendaria en la que hubo un fuerte componente de nudismo y consumo de sustancias, en una actitud que podemos calificar de total decadencia. Entre los eventos aislados que ocurrieron esa noche, se sabe que el paciente en un intento de huir de la polic\u00eda, subi\u00f3 a su <strong>Lincoln Continental<\/strong> y quit\u00f3 el freno de mano causando as\u00ed que el carro cayera en la alberca del hotel.<br \/>\n<a class=\"no-eff img-link lightbox\" href=\"http:\/\/nofm-radio.com\/wp-content\/uploads\/2015\/02\/keith_moon_party_topless_women_the_who.jpg\"><img loading=\"lazy\" decoding=\"async\" class=\"size-full wp-image-9014 aligncenter\" src=\"http:\/\/nofm-radio.com\/wp-content\/uploads\/2015\/02\/keith_moon_party_topless_women_the_who.jpg\" alt=\"keith_moon_party_topless_women_the_who\" width=\"600\" height=\"351\" \/><\/a><br \/>\nEn el a\u00f1o de 1970 el paciente sufri\u00f3 un accidente que lo marcar\u00eda por el resto de su vida, en el que atropella a su amigo y chofer N\u2014- B\u2014\u2014 al tratar de escapar de un altercado con unos \u201cskinheads\u201d. Este evento desencaden\u00f3 en el paciente un s\u00edndrome de <strong>estr\u00e9s post-traum\u00e1tico<\/strong> que se manifestaba en pesadillas que lo atormentaban sin cesar.<br \/>\nEn la esfera de lo familiar, su primera pareja seria fue K\u2014 K\u2014\u2014- con la que tiene una hija y contrae matrimonio en 1966. Esta relaci\u00f3n se mantuvo en secreto durante 2 a\u00f1os a la prensa. La pareja refiere que el paciente presentaba s\u00edntomas de una aguda <strong>celotipia<\/strong> y, debido a su car\u00e1cter descontrolado e infantil, no era un buen padre, as\u00ed que decide divorciarse en el a\u00f1o de 1973. La p\u00e9rdida de su familia dej\u00f3 un vac\u00edo profundo en el paciente y, a pesar de que tuvo otras parejas, el duelo tuvo un efecto en \u00e9l del cual, de acuerdo con sus amigos cercanos, nunca se recuper\u00f3.<br \/>\n<a class=\"no-eff img-link lightbox\" href=\"http:\/\/nofm-radio.com\/wp-content\/uploads\/2015\/02\/keith_and_mandy_on_phone.jpg\"><img loading=\"lazy\" decoding=\"async\" class=\"aligncenter wp-image-9015 size-medium\" src=\"http:\/\/nofm-radio.com\/wp-content\/uploads\/2015\/02\/keith_and_mandy_on_phone-250x360.jpg\" alt=\"keith_and_mandy_on_phone\" width=\"208\" height=\"300\" \/><\/a><br \/>\n&nbsp;<br \/>\n<strong>COMENTARIOS<\/strong><br \/>\nEs en la infancia que los padres observan por primera vez los s\u00edntomas de este trastorno que se caracteriza por actividad motora excesiva que va de la mano del desarrollo <strong>psicomotor<\/strong>. Sin embargo, la mayor\u00eda de los casos tratados refieren que es en el entorno escolar que se suele diagnosticar, debido a los s\u00edntomas de d\u00e9ficit de atenci\u00f3n en el sal\u00f3n de clases. Existen criterios que se deben cumplir para el diagn\u00f3stico de esta enfermedad.<br \/>\n<a class=\"no-eff img-link lightbox\" href=\"http:\/\/nofm-radio.com\/wp-content\/uploads\/2015\/02\/Tabla.jpg\"><img loading=\"lazy\" decoding=\"async\" class=\"size-full wp-image-9018 aligncenter\" src=\"http:\/\/nofm-radio.com\/wp-content\/uploads\/2015\/02\/Tabla.jpg\" alt=\"Tabla\" width=\"700\" height=\"1412\" \/><\/a><br \/>\n&nbsp;<br \/>\nNo obstante, en muchos casos el <strong>TDAH<\/strong> (Trastorno por d\u00e9ficit de atenci\u00f3n e hiperactividad) es un nombre m\u00e1s que se le pone a un conjunto de s\u00edntomas que podr\u00edan ser causados por problemas en el entorno familiar y que muchos psic\u00f3logos, psiquiatras y m\u00e9dicos no est\u00e1n dispuestos a escuchar.<br \/>\n<iframe loading=\"lazy\" src=\"https:\/\/www.youtube.com\/embed\/3O-N8MZ9ilk\" width=\"560\" height=\"315\" frameborder=\"0\" allowfullscreen=\"allowfullscreen\"><\/iframe><br \/>\nEn una cultura en la que se buscan los remedios f\u00e1ciles o las respuestas inmediatas se le da un lugar importante a los f\u00e1rmacos como soluci\u00f3n a todos nuestros males. En el caso de este trastorno, el medicamento que suele ser recetado a los pacientes es un derivado de las anfetaminas. En mi opini\u00f3n, el TDAH es un conjunto de s\u00edntomas que sin duda dificultan mucho el desarrollo escolar, familiar, social, etc\u00e9tera, de los pacientes y existen investigaciones respecto de su tratamiento, pero no tenemos pruebas conclusivas sobre su origen ni sobre la farmacoterapia como soluci\u00f3n.<br \/>\n<a class=\"no-eff img-link lightbox\" href=\"http:\/\/nofm-radio.com\/wp-content\/uploads\/2015\/02\/al_keithmoonbackstagecal1976_600.jpg\"><img loading=\"lazy\" decoding=\"async\" class=\"size-full wp-image-9017 aligncenter\" src=\"http:\/\/nofm-radio.com\/wp-content\/uploads\/2015\/02\/al_keithmoonbackstagecal1976_600.jpg\" alt=\"al_keithmoonbackstagecal1976_600\" width=\"600\" height=\"431\" \/><\/a><br \/>\nYo considero que es sospechosa la cantidad de ni\u00f1os que son diagnosticados con una enfermedad tan nueva que se encuentra medicada con una droga peligrosa y adictiva, pienso que quiz\u00e1s eso hable m\u00e1s de un problema en la estructura econ\u00f3mica mundial en el que la investigaci\u00f3n m\u00e9dica es financiada por las grandes farmac\u00e9uticas, y a todo nuevo \u201cdiagn\u00f3stico\u201d se le asigna una pastilla que le curar\u00e1 de su enfermedad.<br \/>\n<a class=\"no-eff img-link lightbox\" href=\"http:\/\/nofm-radio.com\/wp-content\/uploads\/2015\/02\/keith-cerdo.jpg\"><img loading=\"lazy\" decoding=\"async\" class=\"size-full wp-image-9021 aligncenter\" src=\"http:\/\/nofm-radio.com\/wp-content\/uploads\/2015\/02\/keith-cerdo.jpg\" alt=\"Keith Moon Standing with Warthog Head\" width=\"432\" height=\"644\" \/><\/a><\/p>\n","protected":false},"template":"","meta":{"_id_youtube":"","_id_vimeo":"","_podcasts_duration":"","_podcasts_url":"","_podcasts_show":"","_prog_horario_dias":"","_prog_hora":"","_prog_duration":""},"class_list":["post-9011","archivo","type-archivo","status-publish","hentry"],"_links":{"self":[{"href":"https:\/\/nofm-radio.com\/index.php?rest_route=\/wp\/v2\/archivo\/9011","targetHints":{"allow":["GET"]}}],"collection":[{"href":"https:\/\/nofm-radio.com\/index.php?rest_route=\/wp\/v2\/archivo"}],"about":[{"href":"https:\/\/nofm-radio.com\/index.php?rest_route=\/wp\/v2\/types\/archivo"}],"wp:attachment":[{"href":"https:\/\/nofm-radio.com\/index.php?rest_route=%2Fwp%2Fv2%2Fmedia&parent=9011"}],"curies":[{"name":"wp","href":"https:\/\/api.w.org\/{rel}","templated":true}]}}