{"id":9158,"date":"2015-02-13T13:10:25","date_gmt":"2015-02-13T19:10:25","guid":{"rendered":"http:\/\/nofm-radio.com\/?p=9158"},"modified":"2015-02-13T13:10:25","modified_gmt":"2015-02-13T19:10:25","slug":"celebramos-el-dia-mundial-de-la-radio","status":"publish","type":"archivo","link":"https:\/\/nofm-radio.com\/?archivo=celebramos-el-dia-mundial-de-la-radio","title":{"rendered":"Celebramos el D\u00eda mundial de la Radio"},"content":{"rendered":"<p>Por Diego Mej\u00eda<br \/>\n<a href=\"https:\/\/twitter.com\/diegmej\">@diegmej<\/a><br \/>\nMis padres comenzaban el d\u00eda escuchando a <strong>Jos\u00e9 Guti\u00e9rrez Viv\u00f3<\/strong>. Cuando yo nac\u00ed ya era una pr\u00e1ctica a\u00f1eja. Todas las ma\u00f1anas la frecuencia del radio la colocaban en <strong>1110 de am<\/strong>, por alguna raz\u00f3n no les gustaba la Frecuencia Modulada (NO a la FM, coincidencia). El se\u00f1or Guti\u00e9rrez, la voz que M\u00e9xico escuchaba, anunciaba el fin del sue\u00f1o, no porque anunciara cochupos y tranzas federales, era m\u00e1s bien porque era la se\u00f1a irrefutable de que otro d\u00eda de escuela aguardaba. \u00a1Chin, no hice la tarea!<br \/>\n<strong>Monitor<\/strong>, el programa de Viv\u00f3, comenzaba a las seis de la ma\u00f1ana siempre con un reporte de su decenas de reporteros viales, dos helic\u00f3pteros, corresponsales, analistas, mesas de debate, un despliegue de m\u00fasculo que ser\u00eda impensable en estos momentos. El pa\u00eds era otro: ante la megaloman\u00eda pri\u00edsta la respuesta de Monitos era otra \u201cal servicio del auditorio\u201d.<br \/>\nPero quiz\u00e1 su mayor riqueza no era la n\u00f3mina ni el prestigio informativo del grupo, acaso lo era una reliquia de otros tiempo, antiguos incluso para el \u00faltimo suspiro de los ochenta. Monitor ten\u00eda una especie de pr\u00f3logo que se transmit\u00eda a las cinco y media de la ma\u00f1ana, hora vedada para mis a\u00f1os infantiles; zona\u00a0 prohibida que se romp\u00eda con cierta periodicidad. Estar despierto en ese tan temprano era una condena con un atenuante: pod\u00eda escuchar <strong>La Tremenda Corte<\/strong>.<br \/>\nCuando lo escuchaba, muchas veces en el coche, me sent\u00eda parte de un secreto. Seguro mis compa\u00f1eros no sab\u00edan de estas voces con acento cubano que cuentan chistes que no entiendo, pero miro a mi padre y a mi hermano repetir, con suspiro m\u00e1ntrico, algunas de las escenas de la condena de terrible del miserable Jos\u00e9 Candelario <strong>Trespatines<\/strong>, recurrente en los \u201ccidios\u201d: triciclidio, gallicidio, espiriticidio. El <strong>Tremendo Juez<\/strong>, implacable, condenaba al p\u00edcaro. Eso deb\u00eda ser chistoso, las risas de mi padre lo delatan, \u201cay, seguro de grande le voy a entender bien\u201d. El conflicto siempre ten\u00eda un error, una equivocaci\u00f3n absurda, risible. Siempre eran Trespatines, Luz Mar\u00eda <strong>Nananina<\/strong>, <strong>Rudesindo<\/strong> Caldero y Escobi\u00f1a, el se\u00f1or Juez, el Secretario. Siempre los mismo, siempre el sal\u00f3n de la justicia, siempre a la reja con todo y chivas, siempre el Tremendo Juez de la Tremenda Corte.<br \/>\nDespu\u00e9s descubr\u00ed la paradoja: el programa se realiz\u00f3 en <strong>Cuba<\/strong> desde 1941 hasta que las Barbas Largas bajaron de la <strong>Sierra Maestra<\/strong> y triunf\u00f3 la <strong>Revoluci\u00f3n.<\/strong>\u00a0El ascenso castrista sentenci\u00f3 a la Corte y el show termin\u00f3. \u00bfPor qu\u00e9 mi padre, fan del Comandante, escuchaba un programa realizado en la Cubadelgringo?<br \/>\nNunca lo supe; tampoco he preguntado. No quiero. Esa risa sincera de mi padre, al amparo de la penumbra de la madrugada, era un respiro en medio de crisis y deudas. Una manera sana de comenzar el d\u00eda, sin tener que recurrir a licuados y ensaladas ni yogures y avena.<br \/>\nQuiz\u00e1 mi padre escuchaba la Tremenda Corte como pre\u00e1mbulo a la terror\u00edfica galer\u00eda noticiosa del programa de Viv\u00f3. S\u00ed, quiz\u00e1 ese era el secreto de la logia, unas risas que sirvieran de b\u00e1lsamo a priori, como prefijo, como antesala del pat\u00edbulo.<br \/>\nLos primeros noventa, a\u00f1os del velo salinista, terminaron antes del fin del sexenio del Carlos Salinas:\u00a0 el 1 de enero de 1994, este pa\u00eds de contrastes, poseedor de una violenta dial\u00e9ctica, se confront\u00f3 de manera desnuda: ese d\u00eda entraba en vigor el <strong>Tratato de Libre Comercio de Am\u00e9rica del Norte<\/strong> (ay, los gringos nos hab\u00edan aceptado en <em>su<\/em> Norteam\u00e9rica) y, tambi\u00e9n ese d\u00eda, desde las monta\u00f1as del sureste bajaron miles de pasamonta\u00f1as para recordarle a este pa\u00eds la miseria en la que viven los que no tiene voz, ni rostro.<br \/>\nEsos d\u00edas de enero se hizo necesario comenzar con la Tremenda Corte, me levantaba casi todos los d\u00edas a escuchar las aventuras de Trespatines.<br \/>\nLa costumbre nunca se me quit\u00f3, ni la Tremenda ni el radio. Me acompa\u00f1a cada ma\u00f1ana, a veces con caf\u00e9, a veces un cigarro. Quiz\u00e1 porque hay muchas ma\u00f1anas solitarias y una voz nos acaricia desde lejos, aunque nos anuncie las peores de las cat\u00e1strofes. <strong>La radio<\/strong> se trata de eso: de intimidad, de complicidad.<br \/>\nAhora escucho las noticias primero, luego a las diez me pongo a escuchar al<strong> Gorila<\/strong> y sus \u201cbuenos d\u00edas\u201d, y ya no es en AM pero seguro que no es FM; las risas como prefijo nunca me fueron tan efectivas, las prefiero de postre, que me endulcen la boca despu\u00e9s de un recto a la mand\u00edbula.<\/p>\n","protected":false},"template":"","meta":{"_id_youtube":"","_id_vimeo":"","_podcasts_duration":"","_podcasts_url":"","_podcasts_show":"","_prog_horario_dias":"","_prog_hora":"","_prog_duration":""},"class_list":["post-9158","archivo","type-archivo","status-publish","hentry"],"_links":{"self":[{"href":"https:\/\/nofm-radio.com\/index.php?rest_route=\/wp\/v2\/archivo\/9158","targetHints":{"allow":["GET"]}}],"collection":[{"href":"https:\/\/nofm-radio.com\/index.php?rest_route=\/wp\/v2\/archivo"}],"about":[{"href":"https:\/\/nofm-radio.com\/index.php?rest_route=\/wp\/v2\/types\/archivo"}],"wp:attachment":[{"href":"https:\/\/nofm-radio.com\/index.php?rest_route=%2Fwp%2Fv2%2Fmedia&parent=9158"}],"curies":[{"name":"wp","href":"https:\/\/api.w.org\/{rel}","templated":true}]}}