{"id":9261,"date":"2015-02-18T14:52:59","date_gmt":"2015-02-18T20:52:59","guid":{"rendered":"http:\/\/nofm-radio.com\/?p=9261"},"modified":"2015-02-18T14:52:59","modified_gmt":"2015-02-18T20:52:59","slug":"mac-demarco-cancela-su-participacion-en-bahidora","status":"publish","type":"archivo","link":"https:\/\/nofm-radio.com\/?archivo=mac-demarco-cancela-su-participacion-en-bahidora","title":{"rendered":"Mac DeMarco cancela su participaci\u00f3n en Bahidor\u00e1"},"content":{"rendered":"<p>Como sabemos <strong>Mac DeMarco<\/strong> se iba a presentar en el <strong>Carnaval Bahidor\u00e1<\/strong> de este a\u00f1o. Y decimos iba porque hoy les hizo llegar un video a los organizadores del festival, en el que les comunica que no podr\u00e1 asistir por una <strong>severa infeccci\u00f3n en el o\u00eddo<\/strong>.<br \/>\nLamentablemente, la infecci\u00f3n es tan fuerte que no puede escuchar del lado derecho, lo que le impide presentarse, e incluso viajar.<br \/>\nLos organizadores del festival Bahidor\u00e1 solicitan a los asistentes a que conserven su <strong>brazalete<\/strong>, pues har\u00e1n todo lo posible por reagendar la fecha con DeMarco. Ojal\u00e1 lo logren, pues es un acto digno de verse. de cualquier manera, el festival est\u00e1 preparando algo para que el \u00e1nimo de la fiesta no decaiga.<br \/>\nLes dejamos el mensaje de Mac deMarco, al que le deseamos una pronta recuperaci\u00f3n.<br \/>\n<iframe loading=\"lazy\" src=\"\/\/player.vimeo.com\/video\/119972817\" width=\"500\" height=\"333\" frameborder=\"0\" webkitallowfullscreen mozallowfullscreen allowfullscreen><\/iframe> <\/p>\n<p><a href=\"https:\/\/vimeo.com\/119972817\">Mensaje de Mac DeMarco<\/a> from <a href=\"https:\/\/vimeo.com\/bahidora\">Bahidor&aacute;<\/a> on <a href=\"https:\/\/vimeo.com\">Vimeo<\/a>.<\/p>\n","protected":false},"template":"","meta":{"_id_youtube":"","_id_vimeo":"","_podcasts_duration":"","_podcasts_url":"","_podcasts_show":"","_prog_horario_dias":"","_prog_hora":"","_prog_duration":""},"class_list":["post-9261","archivo","type-archivo","status-publish","hentry"],"_links":{"self":[{"href":"https:\/\/nofm-radio.com\/index.php?rest_route=\/wp\/v2\/archivo\/9261","targetHints":{"allow":["GET"]}}],"collection":[{"href":"https:\/\/nofm-radio.com\/index.php?rest_route=\/wp\/v2\/archivo"}],"about":[{"href":"https:\/\/nofm-radio.com\/index.php?rest_route=\/wp\/v2\/types\/archivo"}],"wp:attachment":[{"href":"https:\/\/nofm-radio.com\/index.php?rest_route=%2Fwp%2Fv2%2Fmedia&parent=9261"}],"curies":[{"name":"wp","href":"https:\/\/api.w.org\/{rel}","templated":true}]}}