{"id":9293,"date":"2015-02-20T13:13:26","date_gmt":"2015-02-20T19:13:26","guid":{"rendered":"http:\/\/nofm-radio.com\/?p=9293"},"modified":"2015-02-20T13:13:26","modified_gmt":"2015-02-20T19:13:26","slug":"arcade-pasele-a-hablar-de-comics-y-videojuegos","status":"publish","type":"archivo","link":"https:\/\/nofm-radio.com\/?archivo=arcade-pasele-a-hablar-de-comics-y-videojuegos","title":{"rendered":"Arcade: p\u00e1sele a hablar de C\u00f3mics y Videojuegos"},"content":{"rendered":"<p>Para los que entienden que el mundo del <strong>c\u00f3mic<\/strong>, los <strong>videojuegos<\/strong> y <strong>la novela gr\u00e1fica<\/strong> hace mucho que dej\u00f3 de ser terreno exclusivo de v\u00edrgenes solitarios, sino que son manifestaciones culturales de gran impacto social, les traemos un gran evento. El pr\u00f3ximo 7 de marzo, en el Centro Cultural La Granada se realizar\u00e1 <strong>Arcade: Teor\u00eda del c\u00f3mic y del videojuego<\/strong>.<br \/>\nArcade estar\u00e1 conformada por dos mesas de discusi\u00f3n, que contar\u00e1 con la presencia de <strong>Aureliano Carvajal<\/strong> (poeta y colaborador de <strong>Atomix<\/strong>), <strong>Fernando Barajas<\/strong> (ensayista y colaborador de <strong>C\u00f3digo Espagueti<\/strong>), <strong>Camila Paz Paredes<\/strong> (escritora y subdirectora de la revista <strong>Cuadrivio<\/strong>), <strong>\u00c1lvaro Maldonado<\/strong> (ilustrador) y <strong>Eduardo de Gortari<\/strong> (escritor). La idea es discutir sobre los videojuegos y los c\u00f3mics como g\u00e9neros que merecen tanta atenci\u00f3n cr\u00edtica como el cine, puesto que el impacto que tienen socialmente es simlar.<br \/>\nEste es uno de los eventos organizados por el <strong>Centro Cultural La Granada<\/strong>, un nuevo espacio que ofrece talleres, cursos y, sobre todo, un lugar para expresiones creativas y acad\u00e9micas. Pueden consultar sus actividades en su <a href=\"http:\/\/www.lagranada.com.mx\/\">sitio oficial<\/a>.<br \/>\nY por lo pronto, no dejen de asistir a Arcade, el s\u00e1bado <strong>7 de marzo<\/strong> de las 4 a las 10 pm, en Centro Cultural La Granada (Cerrada de Perpetua no. 7, a una cuadra del metrob\u00fas Teatro de Los Insurgentes).<br \/>\n<a href=\"http:\/\/nofm-radio.com\/wp-content\/uploads\/2015\/02\/arcade.jpg\" class=\"no-eff img-link lightbox\" ><img loading=\"lazy\" decoding=\"async\" src=\"http:\/\/nofm-radio.com\/wp-content\/uploads\/2015\/02\/arcade.jpg\" alt=\"arcade\" width=\"946\" height=\"552\" class=\"alignnone size-full wp-image-9295\" \/><\/a><\/p>\n","protected":false},"template":"","meta":{"_id_youtube":"","_id_vimeo":"","_podcasts_duration":"","_podcasts_url":"","_podcasts_show":"","_prog_horario_dias":"","_prog_hora":"","_prog_duration":""},"class_list":["post-9293","archivo","type-archivo","status-publish","hentry"],"_links":{"self":[{"href":"https:\/\/nofm-radio.com\/index.php?rest_route=\/wp\/v2\/archivo\/9293","targetHints":{"allow":["GET"]}}],"collection":[{"href":"https:\/\/nofm-radio.com\/index.php?rest_route=\/wp\/v2\/archivo"}],"about":[{"href":"https:\/\/nofm-radio.com\/index.php?rest_route=\/wp\/v2\/types\/archivo"}],"wp:attachment":[{"href":"https:\/\/nofm-radio.com\/index.php?rest_route=%2Fwp%2Fv2%2Fmedia&parent=9293"}],"curies":[{"name":"wp","href":"https:\/\/api.w.org\/{rel}","templated":true}]}}