{"id":9912,"date":"2015-03-13T15:06:31","date_gmt":"2015-03-13T21:06:31","guid":{"rendered":"http:\/\/nofm-radio.com\/?p=9912"},"modified":"2015-03-13T15:06:31","modified_gmt":"2015-03-13T21:06:31","slug":"tuits-de-odio-para-el-presidente-obama","status":"publish","type":"archivo","link":"https:\/\/nofm-radio.com\/?archivo=tuits-de-odio-para-el-presidente-obama","title":{"rendered":"Tuits de odio para el presidente Obama"},"content":{"rendered":"<p>En esta era de la comunicaci\u00f3n, hay cosas que parecen simplemente imposibles de evitar: una b\u00fasqueda en <strong>Google<\/strong>, una p\u00e1gina de <strong>Facebook<\/strong>, y dejar un comentario en alg\u00fan lugar de la red. Los tuits de odio o <em>mean tweets<\/em> son tambi\u00e9n de esas cosas de las que nadie se escapa; todo aqu\u00e9l que tenga una cuenta de tuiter tendr\u00e1 que vivir con la certidumbre de que le llegar\u00e1 uno de un momento a otro. Ahora, si esto lo pasamos a los est\u00e1ndares de las estrellas de cine, m\u00fasica o televisi\u00f3n, la proporci\u00f3n se duplica. Ahora imag\u00ednense si hablamos del presidente Obama.<br \/>\nEn la conocida din\u00e1mica del presentador <strong>Jimmy Kimmel<\/strong> de poner a leer a famosos los <em>mean tweets<\/em> que les llegan, esta vez han logrado hacer una edici\u00f3n con el presidente Obama. Tuiteros dan opiniones sobre sus jeans, sobre c\u00f3mo maneja el pa\u00eds, sobre el precio de la cerveza y sobre si deber\u00eda ser abandonado en un campo de golf. Ac\u00e1 se los compartimos, so\u00f1ando en el \u00bfqu\u00e9 pasar\u00eda si pusi\u00e9ramos en M\u00e9xico a nuestro querido <strong>EPN <\/strong>a leer penosamente <em>mean tweets<\/em> en un show televisivo? Los dejamos con Obama y pensando en ese oc\u00e9ano de diversi\u00f3n posible.<br \/>\n<iframe loading=\"lazy\" width=\"640\" height=\"360\" src=\"https:\/\/www.youtube.com\/embed\/RDocnbkHjhI\" frameborder=\"0\" allowfullscreen><\/iframe><br \/>\nAc\u00e1 les dejamos otros mean tweets que han le\u00eddo otros famosos de la m\u00fasica y del deporte.<br \/>\n<a href=\"http:\/\/nofm-radio.com\/2014\/06\/mean-tweets-nba\/\">Edici\u00f3n NBA<\/a><br \/>\n<a href=\"http:\/\/nofm-radio.com\/2014\/02\/jimmy-kimmel-y-sus-mean-tweets\/\">Edici\u00f3n M\u00fasica<\/a><\/p>\n","protected":false},"template":"","meta":{"_id_youtube":"","_id_vimeo":"","_podcasts_duration":"","_podcasts_url":"","_podcasts_show":"","_prog_horario_dias":"","_prog_hora":"","_prog_duration":""},"class_list":["post-9912","archivo","type-archivo","status-publish","hentry"],"_links":{"self":[{"href":"https:\/\/nofm-radio.com\/index.php?rest_route=\/wp\/v2\/archivo\/9912","targetHints":{"allow":["GET"]}}],"collection":[{"href":"https:\/\/nofm-radio.com\/index.php?rest_route=\/wp\/v2\/archivo"}],"about":[{"href":"https:\/\/nofm-radio.com\/index.php?rest_route=\/wp\/v2\/types\/archivo"}],"wp:attachment":[{"href":"https:\/\/nofm-radio.com\/index.php?rest_route=%2Fwp%2Fv2%2Fmedia&parent=9912"}],"curies":[{"name":"wp","href":"https:\/\/api.w.org\/{rel}","templated":true}]}}